{"id":2,"date":"2017-10-20T12:57:11","date_gmt":"2017-10-20T12:57:11","guid":{"rendered":"https:\/\/jointstories.eu\/?page_id=2"},"modified":"2025-12-22T13:22:11","modified_gmt":"2025-12-22T13:22:11","slug":"about-partners","status":"publish","type":"page","link":"https:\/\/jointstories.eu\/it\/about-partners\/","title":{"rendered":"Partner"},"content":{"rendered":"<div data-elementor-type=\"wp-page\" data-elementor-id=\"2\" class=\"elementor elementor-2\" data-elementor-settings=\"{&quot;ha_cmc_init_switcher&quot;:&quot;no&quot;}\">\n\t\t\t\t\t\t<section class=\"elementor-section elementor-top-section elementor-element elementor-element-4a5cfd0f elementor-section-boxed elementor-section-height-default elementor-section-height-default wpr-particle-no wpr-jarallax-no wpr-parallax-no wpr-sticky-section-no wpr-equal-height-no\" data-id=\"4a5cfd0f\" data-element_type=\"section\" data-e-type=\"section\" data-settings=\"{&quot;background_background&quot;:&quot;gradient&quot;}\">\n\t\t\t\t\t\t<div class=\"elementor-container elementor-column-gap-default\">\n\t\t\t\t\t<div class=\"elementor-column elementor-col-100 elementor-top-column elementor-element elementor-element-74019858\" data-id=\"74019858\" data-element_type=\"column\" data-e-type=\"column\">\n\t\t\t<div class=\"elementor-widget-wrap elementor-element-populated\">\n\t\t\t\t\t\t<div class=\"elementor-element elementor-element-73262e14 elementor-widget elementor-widget-heading\" data-id=\"73262e14\" data-element_type=\"widget\" data-e-type=\"widget\" data-widget_type=\"heading.default\">\n\t\t\t\t\t<h1 class=\"elementor-heading-title elementor-size-default\">Partner<\/h1>\t\t\t\t<\/div>\n\t\t\t\t\t<\/div>\n\t\t<\/div>\n\t\t\t\t\t<\/div>\n\t\t<\/section>\n\t\t\t\t<section class=\"elementor-section elementor-top-section elementor-element elementor-element-d7i3yu6 elementor-section-boxed elementor-section-height-default elementor-section-height-default wpr-particle-no wpr-jarallax-no wpr-parallax-no wpr-sticky-section-no wpr-equal-height-no\" data-id=\"d7i3yu6\" data-element_type=\"section\" data-e-type=\"section\">\n\t\t\t\t\t\t<div class=\"elementor-container elementor-column-gap-no\">\n\t\t\t\t\t<div class=\"elementor-column elementor-col-100 elementor-top-column elementor-element elementor-element-50d4d7f\" data-id=\"50d4d7f\" data-element_type=\"column\" data-e-type=\"column\">\n\t\t\t<div class=\"elementor-widget-wrap elementor-element-populated\">\n\t\t\t\t\t\t<div class=\"elementor-element elementor-element-92c8793 elementor-position-right elementor-vertical-align-top elementor-widget elementor-widget-image-box\" data-id=\"92c8793\" data-element_type=\"widget\" data-e-type=\"widget\" data-widget_type=\"image-box.default\">\n\t\t\t\t\t<div class=\"elementor-image-box-wrapper\"><figure class=\"elementor-image-box-img\"><a href=\"https:\/\/www.fvv.um.si\/en\/\" target=\"_blank\" tabindex=\"-1\"><img decoding=\"async\" width=\"222\" height=\"119\" src=\"https:\/\/jointstories.eu\/wp-content\/uploads\/2023\/04\/MAribor.png\" class=\"elementor-animation-grow attachment-full size-full wp-image-2037\" alt=\"University of Maribor\" srcset=\"https:\/\/jointstories.eu\/wp-content\/uploads\/2023\/04\/MAribor.png 222w, https:\/\/jointstories.eu\/wp-content\/uploads\/2023\/04\/MAribor-18x10.png 18w\" sizes=\"(max-width: 222px) 100vw, 222px\" \/><\/a><\/figure><div class=\"elementor-image-box-content\"><h3 class=\"elementor-image-box-title\"><a href=\"https:\/\/www.fvv.um.si\/en\/\" target=\"_blank\">Universit\u00e0 di Maribor<\/a><\/h3><p class=\"elementor-image-box-description\">La Facolt\u00e0 di giustizia penale e sicurezza dell&#039;Universit\u00e0 di Maribor (UM FCJS) \u00e8 un istituto di ricerca e studio di livello universitario in studi sulla giustizia penale e sicurezza, riconosciuto a livello internazionale e che partecipa allo sviluppo delle conoscenze, che costituisce una base per sviluppare e offrire comparabili a livello internazionale programmi universitari e post-laurea. La FCJS affronta la sfida di fornire alla societ\u00e0 slovena un sistema completo di educazione alla giustizia penale, non solo a causa del rapido sviluppo di questo settore e dell&#039;area di studio, ma anche perch\u00e9 la Slovenia \u00e8 membro dell&#039;Unione Europea, dove il principio della libert\u00e0 prevale la circolazione di persone, capitali, beni e servizi. La missione della Facolt\u00e0 di giustizia penale e sicurezza \u00e8 quella di sviluppare il campo degli studi sulla giustizia penale (noti anche come studi sulla polizia e sulla sicurezza) basati sulle tradizionali discipline accademiche di diritto, sociologia, psicologia, scienze politiche, criminologia, investigazione criminale, organizzazione scienza, sicurezza informatica e informatica forense. Maggiori informazioni sono disponibili presso la Facolt\u00e0 di Giustizia Penale e Sicurezza (um.si)<\/p><\/div><\/div>\t\t\t\t<\/div>\n\t\t\t\t\t<\/div>\n\t\t<\/div>\n\t\t\t\t\t<\/div>\n\t\t<\/section>\n\t\t\t\t<section class=\"elementor-section elementor-top-section elementor-element elementor-element-a081d84 elementor-section-boxed elementor-section-height-default elementor-section-height-default wpr-particle-no wpr-jarallax-no wpr-parallax-no wpr-sticky-section-no wpr-equal-height-no\" data-id=\"a081d84\" data-element_type=\"section\" data-e-type=\"section\">\n\t\t\t\t\t\t<div class=\"elementor-container elementor-column-gap-no\">\n\t\t\t\t\t<div class=\"elementor-column elementor-col-50 elementor-top-column elementor-element elementor-element-9580b38\" data-id=\"9580b38\" data-element_type=\"column\" data-e-type=\"column\">\n\t\t\t<div class=\"elementor-widget-wrap elementor-element-populated\">\n\t\t\t\t\t\t<section class=\"elementor-section elementor-inner-section elementor-element elementor-element-a353c64 elementor-section-content-middle elementor-section-boxed elementor-section-height-default elementor-section-height-default wpr-particle-no wpr-jarallax-no wpr-parallax-no wpr-sticky-section-no wpr-equal-height-no\" data-id=\"a353c64\" data-element_type=\"section\" data-e-type=\"section\">\n\t\t\t\t\t\t<div class=\"elementor-container elementor-column-gap-no\">\n\t\t\t\t\t<div class=\"elementor-column elementor-col-50 elementor-inner-column elementor-element elementor-element-fea87b2\" data-id=\"fea87b2\" data-element_type=\"column\" data-e-type=\"column\">\n\t\t\t<div class=\"elementor-widget-wrap elementor-element-populated\">\n\t\t\t\t\t\t<div class=\"elementor-element elementor-element-3762745 elementor-widget elementor-widget-image\" data-id=\"3762745\" data-element_type=\"widget\" data-e-type=\"widget\" data-widget_type=\"image.default\">\n\t\t\t\t\t\t\t\t\t\t\t\t\t\t\t<img fetchpriority=\"high\" decoding=\"async\" width=\"1024\" height=\"1024\" src=\"https:\/\/jointstories.eu\/wp-content\/uploads\/2023\/10\/Danijela-Frangez-scaled-e1696414069149-1024x1024.jpg\" class=\"attachment-large size-large wp-image-2539\" alt=\"\" srcset=\"https:\/\/jointstories.eu\/wp-content\/uploads\/2023\/10\/Danijela-Frangez-scaled-e1696414069149-1024x1024.jpg 1024w, https:\/\/jointstories.eu\/wp-content\/uploads\/2023\/10\/Danijela-Frangez-scaled-e1696414069149-300x300.jpg 300w, https:\/\/jointstories.eu\/wp-content\/uploads\/2023\/10\/Danijela-Frangez-scaled-e1696414069149-150x150.jpg 150w, https:\/\/jointstories.eu\/wp-content\/uploads\/2023\/10\/Danijela-Frangez-scaled-e1696414069149-768x768.jpg 768w, https:\/\/jointstories.eu\/wp-content\/uploads\/2023\/10\/Danijela-Frangez-scaled-e1696414069149-1536x1536.jpg 1536w, https:\/\/jointstories.eu\/wp-content\/uploads\/2023\/10\/Danijela-Frangez-scaled-e1696414069149-12x12.jpg 12w, https:\/\/jointstories.eu\/wp-content\/uploads\/2023\/10\/Danijela-Frangez-scaled-e1696414069149.jpg 1702w\" sizes=\"(max-width: 1024px) 100vw, 1024px\" \/>\t\t\t\t\t\t\t\t\t\t\t\t\t\t\t<\/div>\n\t\t\t\t\t<\/div>\n\t\t<\/div>\n\t\t\t\t<div class=\"elementor-column elementor-col-50 elementor-inner-column elementor-element elementor-element-5551d85\" data-id=\"5551d85\" data-element_type=\"column\" data-e-type=\"column\">\n\t\t\t<div class=\"elementor-widget-wrap elementor-element-populated\">\n\t\t\t\t\t\t<div class=\"elementor-element elementor-element-8d8a3e9 elementor-vertical-align-top elementor-widget elementor-widget-image-box\" data-id=\"8d8a3e9\" data-element_type=\"widget\" data-e-type=\"widget\" data-widget_type=\"image-box.default\">\n\t\t\t\t\t<div class=\"elementor-image-box-wrapper\"><div class=\"elementor-image-box-content\"><h4 class=\"elementor-image-box-title\">DANIJELA FRANGE\u017d<\/h4><p class=\"elementor-image-box-description\">\nDirettore della cattedra di Investigazione penale presso la Facolt\u00e0 di giustizia penale e sicurezza dell&#039;Universit\u00e0 di Maribor; Project Manager del team UM FCJS<\/p><\/div><\/div>\t\t\t\t<\/div>\n\t\t\t\t\t<\/div>\n\t\t<\/div>\n\t\t\t\t\t<\/div>\n\t\t<\/section>\n\t\t\t\t\t<\/div>\n\t\t<\/div>\n\t\t\t\t<div class=\"elementor-column elementor-col-50 elementor-top-column elementor-element elementor-element-2407b1a\" data-id=\"2407b1a\" data-element_type=\"column\" data-e-type=\"column\">\n\t\t\t<div class=\"elementor-widget-wrap elementor-element-populated\">\n\t\t\t\t\t\t<section class=\"elementor-section elementor-inner-section elementor-element elementor-element-50ddea3 elementor-section-content-middle elementor-section-boxed elementor-section-height-default elementor-section-height-default wpr-particle-no wpr-jarallax-no wpr-parallax-no wpr-sticky-section-no wpr-equal-height-no\" data-id=\"50ddea3\" data-element_type=\"section\" data-e-type=\"section\">\n\t\t\t\t\t\t<div class=\"elementor-container elementor-column-gap-no\">\n\t\t\t\t\t<div class=\"elementor-column elementor-col-50 elementor-inner-column elementor-element elementor-element-fcc3d4b\" data-id=\"fcc3d4b\" data-element_type=\"column\" data-e-type=\"column\">\n\t\t\t<div class=\"elementor-widget-wrap elementor-element-populated\">\n\t\t\t\t\t\t<div class=\"elementor-element elementor-element-8fc12c8 elementor-widget elementor-widget-image\" data-id=\"8fc12c8\" data-element_type=\"widget\" data-e-type=\"widget\" data-widget_type=\"image.default\">\n\t\t\t\t\t\t\t\t\t\t\t\t\t\t\t<img decoding=\"async\" width=\"1024\" height=\"852\" src=\"https:\/\/jointstories.eu\/wp-content\/uploads\/2024\/12\/IMG_20230609_101317-1024x852.jpg\" class=\"attachment-large size-large wp-image-3543\" alt=\"\" srcset=\"https:\/\/jointstories.eu\/wp-content\/uploads\/2024\/12\/IMG_20230609_101317-1024x852.jpg 1024w, https:\/\/jointstories.eu\/wp-content\/uploads\/2024\/12\/IMG_20230609_101317-300x249.jpg 300w, https:\/\/jointstories.eu\/wp-content\/uploads\/2024\/12\/IMG_20230609_101317-768x639.jpg 768w, https:\/\/jointstories.eu\/wp-content\/uploads\/2024\/12\/IMG_20230609_101317-1536x1277.jpg 1536w, https:\/\/jointstories.eu\/wp-content\/uploads\/2024\/12\/IMG_20230609_101317-2048x1703.jpg 2048w, https:\/\/jointstories.eu\/wp-content\/uploads\/2024\/12\/IMG_20230609_101317-14x12.jpg 14w\" sizes=\"(max-width: 1024px) 100vw, 1024px\" \/>\t\t\t\t\t\t\t\t\t\t\t\t\t\t\t<\/div>\n\t\t\t\t\t<\/div>\n\t\t<\/div>\n\t\t\t\t<div class=\"elementor-column elementor-col-50 elementor-inner-column elementor-element elementor-element-347301d\" data-id=\"347301d\" data-element_type=\"column\" data-e-type=\"column\">\n\t\t\t<div class=\"elementor-widget-wrap elementor-element-populated\">\n\t\t\t\t\t\t<div class=\"elementor-element elementor-element-7799fc9 elementor-vertical-align-top elementor-widget elementor-widget-image-box\" data-id=\"7799fc9\" data-element_type=\"widget\" data-e-type=\"widget\" data-widget_type=\"image-box.default\">\n\t\t\t\t\t<div class=\"elementor-image-box-wrapper\"><div class=\"elementor-image-box-content\"><h4 class=\"elementor-image-box-title\">Punto di vista di IZA KOKORAVEC<\/h4><p class=\"elementor-image-box-description\">Titolare della cattedra di Investigazione penale presso la Facolt\u00e0 di giustizia penale e sicurezza dell&#039;Universit\u00e0 di Maribor; ricercatore nel team FCJS dell&#039;UM.\n<\/p><\/div><\/div>\t\t\t\t<\/div>\n\t\t\t\t\t<\/div>\n\t\t<\/div>\n\t\t\t\t\t<\/div>\n\t\t<\/section>\n\t\t\t\t\t<\/div>\n\t\t<\/div>\n\t\t\t\t\t<\/div>\n\t\t<\/section>\n\t\t\t\t<section class=\"elementor-section elementor-top-section elementor-element elementor-element-8108413 elementor-section-boxed elementor-section-height-default elementor-section-height-default wpr-particle-no wpr-jarallax-no wpr-parallax-no wpr-sticky-section-no wpr-equal-height-no\" data-id=\"8108413\" data-element_type=\"section\" data-e-type=\"section\">\n\t\t\t\t\t\t<div class=\"elementor-container elementor-column-gap-no\">\n\t\t\t\t\t<div class=\"elementor-column elementor-col-100 elementor-top-column elementor-element elementor-element-a14740a\" data-id=\"a14740a\" data-element_type=\"column\" data-e-type=\"column\">\n\t\t\t<div class=\"elementor-widget-wrap elementor-element-populated\">\n\t\t\t\t\t\t<div class=\"elementor-element elementor-element-3f7cbba elementor-position-right elementor-vertical-align-top elementor-widget elementor-widget-image-box\" data-id=\"3f7cbba\" data-element_type=\"widget\" data-e-type=\"widget\" data-widget_type=\"image-box.default\">\n\t\t\t\t\t<div class=\"elementor-image-box-wrapper\"><figure class=\"elementor-image-box-img\"><a href=\"https:\/\/www.fvv.um.si\/en\/\" target=\"_blank\" tabindex=\"-1\"><img loading=\"lazy\" decoding=\"async\" width=\"222\" height=\"119\" src=\"https:\/\/jointstories.eu\/wp-content\/uploads\/2023\/04\/EMP.png\" class=\"elementor-animation-grow attachment-full size-full wp-image-2033\" alt=\"European Migrant Platform\" srcset=\"https:\/\/jointstories.eu\/wp-content\/uploads\/2023\/04\/EMP.png 222w, https:\/\/jointstories.eu\/wp-content\/uploads\/2023\/04\/EMP-18x10.png 18w\" sizes=\"(max-width: 222px) 100vw, 222px\" \/><\/a><\/figure><div class=\"elementor-image-box-content\"><h3 class=\"elementor-image-box-title\"><a href=\"https:\/\/www.fvv.um.si\/en\/\" target=\"_blank\">EMP<\/a><\/h3><p class=\"elementor-image-box-description\">La Piattaforma Europea Migranti (EMP) \u00e8 una ONG di recente costituzione (ottobre 2020) a Bruxelles che mira a; promuovere la parit\u00e0 di trattamento, la parit\u00e0 di diritti e una migliore integrazione per i migranti in Europa, incoraggiare lo sviluppo sociale ed economico attraverso la migrazione in Europa; sostenere i migranti affinch\u00e9 si integrino nella sfera economica, sociale, culturale e politica della societ\u00e0 ospitante; costruire un ponte tra i migranti e la societ\u00e0 del paese ospitante tenendo presente l\u2019importanza di interazioni significative, empatia, senso di appartenenza, comprensione reciproca, inclusione, benessere della societ\u00e0 nel suo insieme; incoraggiare i migranti stabiliti a svolgere un ruolo attivo nella risoluzione dei problemi sociali e ad essere ospitali nei confronti dei migranti e dei rifugiati appena arrivati. L\u2019EMP realizza i suoi obiettivi mobilitando i migranti e implementando varie attivit\u00e0, tra cui la sensibilizzazione sulle responsabilit\u00e0 e sensibilit\u00e0 sociali. EMP ha sviluppato una forte rete di migranti in tutta Europa. EMP ha membri e volontari provenienti da contesti diversi come esperti IT, imprenditori, insegnanti, medici, accademici e giornalisti. L\u2019organizzazione collabora con diverse parti interessate nazionali e internazionali per aiutare rifugiati e migranti a reimmaginare la loro carriera, ma anche la loro vita.\n<\/p><\/div><\/div>\t\t\t\t<\/div>\n\t\t\t\t\t<\/div>\n\t\t<\/div>\n\t\t\t\t\t<\/div>\n\t\t<\/section>\n\t\t\t\t<section class=\"elementor-section elementor-top-section elementor-element elementor-element-9fd0bef elementor-section-boxed elementor-section-height-default elementor-section-height-default wpr-particle-no wpr-jarallax-no wpr-parallax-no wpr-sticky-section-no wpr-equal-height-no\" data-id=\"9fd0bef\" data-element_type=\"section\" data-e-type=\"section\">\n\t\t\t\t\t\t<div class=\"elementor-container elementor-column-gap-no\">\n\t\t\t\t\t<div class=\"elementor-column elementor-col-50 elementor-top-column elementor-element elementor-element-e3a78bb\" data-id=\"e3a78bb\" data-element_type=\"column\" data-e-type=\"column\">\n\t\t\t<div class=\"elementor-widget-wrap elementor-element-populated\">\n\t\t\t\t\t\t<section class=\"elementor-section elementor-inner-section elementor-element elementor-element-bc4ae71 elementor-section-content-middle elementor-section-boxed elementor-section-height-default elementor-section-height-default wpr-particle-no wpr-jarallax-no wpr-parallax-no wpr-sticky-section-no wpr-equal-height-no\" data-id=\"bc4ae71\" data-element_type=\"section\" data-e-type=\"section\">\n\t\t\t\t\t\t<div class=\"elementor-container elementor-column-gap-no\">\n\t\t\t\t\t<div class=\"elementor-column elementor-col-50 elementor-inner-column elementor-element elementor-element-f439252\" data-id=\"f439252\" data-element_type=\"column\" data-e-type=\"column\">\n\t\t\t<div class=\"elementor-widget-wrap elementor-element-populated\">\n\t\t\t\t\t\t<div class=\"elementor-element elementor-element-c61a724 elementor-widget elementor-widget-image\" data-id=\"c61a724\" data-element_type=\"widget\" data-e-type=\"widget\" data-widget_type=\"image.default\">\n\t\t\t\t\t\t\t\t\t\t\t\t\t\t\t<img loading=\"lazy\" decoding=\"async\" width=\"657\" height=\"933\" src=\"https:\/\/jointstories.eu\/wp-content\/uploads\/2024\/03\/EMP_HandanHosgoren.jpg\" class=\"attachment-large size-large wp-image-2702\" alt=\"Handan Hosgoren\" srcset=\"https:\/\/jointstories.eu\/wp-content\/uploads\/2024\/03\/EMP_HandanHosgoren.jpg 657w, https:\/\/jointstories.eu\/wp-content\/uploads\/2024\/03\/EMP_HandanHosgoren-211x300.jpg 211w, https:\/\/jointstories.eu\/wp-content\/uploads\/2024\/03\/EMP_HandanHosgoren-8x12.jpg 8w\" sizes=\"(max-width: 657px) 100vw, 657px\" \/>\t\t\t\t\t\t\t\t\t\t\t\t\t\t\t<\/div>\n\t\t\t\t\t<\/div>\n\t\t<\/div>\n\t\t\t\t<div class=\"elementor-column elementor-col-50 elementor-inner-column elementor-element elementor-element-4ca318e\" data-id=\"4ca318e\" data-element_type=\"column\" data-e-type=\"column\">\n\t\t\t<div class=\"elementor-widget-wrap elementor-element-populated\">\n\t\t\t\t\t\t<div class=\"elementor-element elementor-element-e554826 elementor-vertical-align-top elementor-widget elementor-widget-image-box\" data-id=\"e554826\" data-element_type=\"widget\" data-e-type=\"widget\" data-widget_type=\"image-box.default\">\n\t\t\t\t\t<div class=\"elementor-image-box-wrapper\"><div class=\"elementor-image-box-content\"><h4 class=\"elementor-image-box-title\">Handan Hosgoren Sayer<\/h4><p class=\"elementor-image-box-description\">Co-fondatore e Senior EU Project Manager presso European Migrant Platform \n<\/p><\/div><\/div>\t\t\t\t<\/div>\n\t\t\t\t\t<\/div>\n\t\t<\/div>\n\t\t\t\t\t<\/div>\n\t\t<\/section>\n\t\t\t\t\t<\/div>\n\t\t<\/div>\n\t\t\t\t<div class=\"elementor-column elementor-col-50 elementor-top-column elementor-element elementor-element-0ce56cb\" data-id=\"0ce56cb\" data-element_type=\"column\" data-e-type=\"column\">\n\t\t\t<div class=\"elementor-widget-wrap elementor-element-populated\">\n\t\t\t\t\t\t<section class=\"elementor-section elementor-inner-section elementor-element elementor-element-a62956e elementor-section-content-middle elementor-section-boxed elementor-section-height-default elementor-section-height-default wpr-particle-no wpr-jarallax-no wpr-parallax-no wpr-sticky-section-no wpr-equal-height-no\" data-id=\"a62956e\" data-element_type=\"section\" data-e-type=\"section\">\n\t\t\t\t\t\t<div class=\"elementor-container elementor-column-gap-no\">\n\t\t\t\t\t<div class=\"elementor-column elementor-col-50 elementor-inner-column elementor-element elementor-element-c78454d\" data-id=\"c78454d\" data-element_type=\"column\" data-e-type=\"column\">\n\t\t\t<div class=\"elementor-widget-wrap elementor-element-populated\">\n\t\t\t\t\t\t<div class=\"elementor-element elementor-element-1641a2e elementor-widget elementor-widget-image\" data-id=\"1641a2e\" data-element_type=\"widget\" data-e-type=\"widget\" data-widget_type=\"image.default\">\n\t\t\t\t\t\t\t\t\t\t\t\t\t\t\t<img loading=\"lazy\" decoding=\"async\" width=\"768\" height=\"1024\" src=\"https:\/\/jointstories.eu\/wp-content\/uploads\/2025\/04\/IMG_7003-768x1024.jpeg\" class=\"attachment-large size-large wp-image-3722\" alt=\"\" srcset=\"https:\/\/jointstories.eu\/wp-content\/uploads\/2025\/04\/IMG_7003-768x1024.jpeg 768w, https:\/\/jointstories.eu\/wp-content\/uploads\/2025\/04\/IMG_7003-225x300.jpeg 225w, https:\/\/jointstories.eu\/wp-content\/uploads\/2025\/04\/IMG_7003-1152x1536.jpeg 1152w, https:\/\/jointstories.eu\/wp-content\/uploads\/2025\/04\/IMG_7003-9x12.jpeg 9w, https:\/\/jointstories.eu\/wp-content\/uploads\/2025\/04\/IMG_7003.jpeg 1472w\" sizes=\"(max-width: 768px) 100vw, 768px\" \/>\t\t\t\t\t\t\t\t\t\t\t\t\t\t\t<\/div>\n\t\t\t\t\t<\/div>\n\t\t<\/div>\n\t\t\t\t<div class=\"elementor-column elementor-col-50 elementor-inner-column elementor-element elementor-element-2b74b5f\" data-id=\"2b74b5f\" data-element_type=\"column\" data-e-type=\"column\">\n\t\t\t<div class=\"elementor-widget-wrap elementor-element-populated\">\n\t\t\t\t\t\t<div class=\"elementor-element elementor-element-70ec869 elementor-vertical-align-top elementor-widget elementor-widget-image-box\" data-id=\"70ec869\" data-element_type=\"widget\" data-e-type=\"widget\" data-widget_type=\"image-box.default\">\n\t\t\t\t\t<div class=\"elementor-image-box-wrapper\"><div class=\"elementor-image-box-content\"><h4 class=\"elementor-image-box-title\">Chiara Burzotta <\/h4><p class=\"elementor-image-box-description\">Tirocinante di Project Management presso European Migrant Platform \n<\/p><\/div><\/div>\t\t\t\t<\/div>\n\t\t\t\t\t<\/div>\n\t\t<\/div>\n\t\t\t\t\t<\/div>\n\t\t<\/section>\n\t\t\t\t\t<\/div>\n\t\t<\/div>\n\t\t\t\t\t<\/div>\n\t\t<\/section>\n\t\t\t\t<section class=\"elementor-section elementor-top-section elementor-element elementor-element-055565e elementor-section-boxed elementor-section-height-default elementor-section-height-default wpr-particle-no wpr-jarallax-no wpr-parallax-no wpr-sticky-section-no wpr-equal-height-no\" data-id=\"055565e\" data-element_type=\"section\" data-e-type=\"section\">\n\t\t\t\t\t\t<div class=\"elementor-container elementor-column-gap-no\">\n\t\t\t\t\t<div class=\"elementor-column elementor-col-100 elementor-top-column elementor-element elementor-element-505f4e6\" data-id=\"505f4e6\" data-element_type=\"column\" data-e-type=\"column\">\n\t\t\t<div class=\"elementor-widget-wrap elementor-element-populated\">\n\t\t\t\t\t\t<div class=\"elementor-element elementor-element-354bd94 elementor-position-right elementor-vertical-align-top elementor-widget elementor-widget-image-box\" data-id=\"354bd94\" data-element_type=\"widget\" data-e-type=\"widget\" data-widget_type=\"image-box.default\">\n\t\t\t\t\t<div class=\"elementor-image-box-wrapper\"><figure class=\"elementor-image-box-img\"><a href=\"https:\/\/www.laurea.fi\/en\/\" target=\"_blank\" tabindex=\"-1\"><img loading=\"lazy\" decoding=\"async\" width=\"222\" height=\"119\" src=\"https:\/\/jointstories.eu\/wp-content\/uploads\/2023\/04\/LAUREA.png\" class=\"elementor-animation-grow attachment-full size-full wp-image-2035\" alt=\"Laurea\" srcset=\"https:\/\/jointstories.eu\/wp-content\/uploads\/2023\/04\/LAUREA.png 222w, https:\/\/jointstories.eu\/wp-content\/uploads\/2023\/04\/LAUREA-18x10.png 18w\" sizes=\"(max-width: 222px) 100vw, 222px\" \/><\/a><\/figure><div class=\"elementor-image-box-content\"><h3 class=\"elementor-image-box-title\"><a href=\"https:\/\/www.laurea.fi\/en\/\" target=\"_blank\">LAUREA<\/a><\/h3><p class=\"elementor-image-box-description\">La Laurea University of Applied Sciences opera in sei diversi campus nella regione di Uusimaa, in Finlandia. Nella nostra comunit\u00e0 ci sono circa 9.900 studenti, 660 membri dello staff e 34.700 ex studenti. Le nostre operazioni si concentrano sulle persone e sull\u2019interazione. Il fondamento dei nostri valori \u00e8 costituito da apertura, impatto e responsabilit\u00e0. Alla Laurea, tutte le scelte pedagogiche sono guidate dalle linee guida pedagogiche della Laurea: centralit\u00e0 dello studente e dell&#039;apprendimento, approccio basato sulle competenze, rilevanza per la vita lavorativa, orientamento e flessibilit\u00e0. Il programma pedagogico della Laurea contribuisce alla promozione dell&#039;accessibilit\u00e0 e dell&#039;uguaglianza nello studio e nell&#039;insegnamento. La pietra angolare del nostro approccio pedagogico Learning by Developing (LbD) \u00e8 che gli studenti non si limitano ad analizzare problemi teorici ma cercano continuamente soluzioni a situazioni di vita reale che emergono sul posto di lavoro. Alla Laurea gli studenti hanno l&#039;opportunit\u00e0 di contribuire realmente allo sviluppo e alla crescita personale. I campi di competenza della Laurea nelle attivit\u00e0 di RDI sono l&#039;assistenza sociale e sanitaria sostenibile e versatile, la sicurezza coerente, il business dei servizi e l&#039;economia circolare, l&#039;imprenditorialit\u00e0 e la co-creazione pedagogica.\n\n<\/p><\/div><\/div>\t\t\t\t<\/div>\n\t\t\t\t\t<\/div>\n\t\t<\/div>\n\t\t\t\t\t<\/div>\n\t\t<\/section>\n\t\t\t\t<section class=\"elementor-section elementor-top-section elementor-element elementor-element-c575171 elementor-section-boxed elementor-section-height-default elementor-section-height-default wpr-particle-no wpr-jarallax-no wpr-parallax-no wpr-sticky-section-no wpr-equal-height-no\" data-id=\"c575171\" data-element_type=\"section\" data-e-type=\"section\">\n\t\t\t\t\t\t<div class=\"elementor-container elementor-column-gap-no\">\n\t\t\t\t\t<div class=\"elementor-column elementor-col-33 elementor-top-column elementor-element elementor-element-fa91099\" data-id=\"fa91099\" data-element_type=\"column\" data-e-type=\"column\">\n\t\t\t<div class=\"elementor-widget-wrap elementor-element-populated\">\n\t\t\t\t\t\t<section class=\"elementor-section elementor-inner-section elementor-element elementor-element-b76554d elementor-section-content-middle elementor-section-boxed elementor-section-height-default elementor-section-height-default wpr-particle-no wpr-jarallax-no wpr-parallax-no wpr-sticky-section-no wpr-equal-height-no\" data-id=\"b76554d\" data-element_type=\"section\" data-e-type=\"section\">\n\t\t\t\t\t\t<div class=\"elementor-container elementor-column-gap-no\">\n\t\t\t\t\t<div class=\"elementor-column elementor-col-50 elementor-inner-column elementor-element elementor-element-82056af\" data-id=\"82056af\" data-element_type=\"column\" data-e-type=\"column\">\n\t\t\t<div class=\"elementor-widget-wrap elementor-element-populated\">\n\t\t\t\t\t\t<div class=\"elementor-element elementor-element-76cc4b7 elementor-widget elementor-widget-image\" data-id=\"76cc4b7\" data-element_type=\"widget\" data-e-type=\"widget\" data-widget_type=\"image.default\">\n\t\t\t\t\t\t\t\t\t\t\t\t\t\t\t<img loading=\"lazy\" decoding=\"async\" width=\"123\" height=\"123\" src=\"https:\/\/jointstories.eu\/wp-content\/uploads\/2023\/10\/MinnaAnthoni-e1696416075142.jpg\" class=\"attachment-large size-large wp-image-2545\" alt=\"MinnaAnthoni\" srcset=\"https:\/\/jointstories.eu\/wp-content\/uploads\/2023\/10\/MinnaAnthoni-e1696416075142.jpg 123w, https:\/\/jointstories.eu\/wp-content\/uploads\/2023\/10\/MinnaAnthoni-e1696416075142-12x12.jpg 12w\" sizes=\"(max-width: 123px) 100vw, 123px\" \/>\t\t\t\t\t\t\t\t\t\t\t\t\t\t\t<\/div>\n\t\t\t\t\t<\/div>\n\t\t<\/div>\n\t\t\t\t<div class=\"elementor-column elementor-col-50 elementor-inner-column elementor-element elementor-element-7431808\" data-id=\"7431808\" data-element_type=\"column\" data-e-type=\"column\">\n\t\t\t<div class=\"elementor-widget-wrap elementor-element-populated\">\n\t\t\t\t\t\t<div class=\"elementor-element elementor-element-389fdda elementor-vertical-align-top elementor-widget elementor-widget-image-box\" data-id=\"389fdda\" data-element_type=\"widget\" data-e-type=\"widget\" data-widget_type=\"image-box.default\">\n\t\t\t\t\t<div class=\"elementor-image-box-wrapper\"><div class=\"elementor-image-box-content\"><h4 class=\"elementor-image-box-title\">MINNA ANTHONI<\/h4><p class=\"elementor-image-box-description\">Docente senior\/Servizi penitenziari presso Laurea UAS e specialista di progetto per il progetto JeS<\/p><\/div><\/div>\t\t\t\t<\/div>\n\t\t\t\t\t<\/div>\n\t\t<\/div>\n\t\t\t\t\t<\/div>\n\t\t<\/section>\n\t\t\t\t\t<\/div>\n\t\t<\/div>\n\t\t\t\t<div class=\"elementor-column elementor-col-33 elementor-top-column elementor-element elementor-element-0f01f2d\" data-id=\"0f01f2d\" data-element_type=\"column\" data-e-type=\"column\">\n\t\t\t<div class=\"elementor-widget-wrap elementor-element-populated\">\n\t\t\t\t\t\t<section class=\"elementor-section elementor-inner-section elementor-element elementor-element-274f860 elementor-section-content-middle elementor-section-boxed elementor-section-height-default elementor-section-height-default wpr-particle-no wpr-jarallax-no wpr-parallax-no wpr-sticky-section-no wpr-equal-height-no\" data-id=\"274f860\" data-element_type=\"section\" data-e-type=\"section\">\n\t\t\t\t\t\t<div class=\"elementor-container elementor-column-gap-no\">\n\t\t\t\t\t<div class=\"elementor-column elementor-col-50 elementor-inner-column elementor-element elementor-element-e8f69cc\" data-id=\"e8f69cc\" data-element_type=\"column\" data-e-type=\"column\">\n\t\t\t<div class=\"elementor-widget-wrap elementor-element-populated\">\n\t\t\t\t\t\t<div class=\"elementor-element elementor-element-ce750df elementor-widget elementor-widget-image\" data-id=\"ce750df\" data-element_type=\"widget\" data-e-type=\"widget\" data-widget_type=\"image.default\">\n\t\t\t\t\t\t\t\t\t\t\t\t\t\t\t<img loading=\"lazy\" decoding=\"async\" width=\"750\" height=\"750\" src=\"https:\/\/jointstories.eu\/wp-content\/uploads\/2023\/10\/Tiina-Wikstrom-Laurea-.jpg\" class=\"attachment-large size-large wp-image-2546\" alt=\"Tiina Wikstr\u00f6m Laurea\" srcset=\"https:\/\/jointstories.eu\/wp-content\/uploads\/2023\/10\/Tiina-Wikstrom-Laurea-.jpg 750w, https:\/\/jointstories.eu\/wp-content\/uploads\/2023\/10\/Tiina-Wikstrom-Laurea--300x300.jpg 300w, https:\/\/jointstories.eu\/wp-content\/uploads\/2023\/10\/Tiina-Wikstrom-Laurea--150x150.jpg 150w, https:\/\/jointstories.eu\/wp-content\/uploads\/2023\/10\/Tiina-Wikstrom-Laurea--12x12.jpg 12w\" sizes=\"(max-width: 750px) 100vw, 750px\" \/>\t\t\t\t\t\t\t\t\t\t\t\t\t\t\t<\/div>\n\t\t\t\t\t<\/div>\n\t\t<\/div>\n\t\t\t\t<div class=\"elementor-column elementor-col-50 elementor-inner-column elementor-element elementor-element-842e4aa\" data-id=\"842e4aa\" data-element_type=\"column\" data-e-type=\"column\">\n\t\t\t<div class=\"elementor-widget-wrap elementor-element-populated\">\n\t\t\t\t\t\t<div class=\"elementor-element elementor-element-be02637 elementor-vertical-align-top elementor-widget elementor-widget-image-box\" data-id=\"be02637\" data-element_type=\"widget\" data-e-type=\"widget\" data-widget_type=\"image-box.default\">\n\t\t\t\t\t<div class=\"elementor-image-box-wrapper\"><div class=\"elementor-image-box-content\"><h4 class=\"elementor-image-box-title\">Tiina Wikstrom<\/h4><p class=\"elementor-image-box-description\">Project Manager per la Laurea e il Progetto JeS.<\/p><\/div><\/div>\t\t\t\t<\/div>\n\t\t\t\t\t<\/div>\n\t\t<\/div>\n\t\t\t\t\t<\/div>\n\t\t<\/section>\n\t\t\t\t\t<\/div>\n\t\t<\/div>\n\t\t\t\t<div class=\"elementor-column elementor-col-33 elementor-top-column elementor-element elementor-element-1b639ee\" data-id=\"1b639ee\" data-element_type=\"column\" data-e-type=\"column\">\n\t\t\t<div class=\"elementor-widget-wrap elementor-element-populated\">\n\t\t\t\t\t\t<div class=\"elementor-element elementor-element-4d98f33 elementor-position-left elementor-vertical-align-top elementor-widget elementor-widget-image-box\" data-id=\"4d98f33\" data-element_type=\"widget\" data-e-type=\"widget\" data-widget_type=\"image-box.default\">\n\t\t\t\t\t<div class=\"elementor-image-box-wrapper\"><figure class=\"elementor-image-box-img\"><img loading=\"lazy\" decoding=\"async\" width=\"1380\" height=\"1932\" src=\"https:\/\/jointstories.eu\/wp-content\/uploads\/2025\/03\/Minttu_picture.jpg\" class=\"attachment-full size-full wp-image-3714\" alt=\"\" srcset=\"https:\/\/jointstories.eu\/wp-content\/uploads\/2025\/03\/Minttu_picture.jpg 1380w, https:\/\/jointstories.eu\/wp-content\/uploads\/2025\/03\/Minttu_picture-214x300.jpg 214w, https:\/\/jointstories.eu\/wp-content\/uploads\/2025\/03\/Minttu_picture-731x1024.jpg 731w, https:\/\/jointstories.eu\/wp-content\/uploads\/2025\/03\/Minttu_picture-768x1075.jpg 768w, https:\/\/jointstories.eu\/wp-content\/uploads\/2025\/03\/Minttu_picture-1097x1536.jpg 1097w, https:\/\/jointstories.eu\/wp-content\/uploads\/2025\/03\/Minttu_picture-9x12.jpg 9w\" sizes=\"(max-width: 1380px) 100vw, 1380px\" \/><\/figure><div class=\"elementor-image-box-content\"><h4 class=\"elementor-image-box-title\">R\u00c4TY DI MENTA<\/h4><p class=\"elementor-image-box-description\">Minttu R\u00e4ty lavora come Project Expert e Senior Lecturer, RDI alla Laurea.<\/p><\/div><\/div>\t\t\t\t<\/div>\n\t\t\t\t\t<\/div>\n\t\t<\/div>\n\t\t\t\t\t<\/div>\n\t\t<\/section>\n\t\t\t\t<section class=\"elementor-section elementor-top-section elementor-element elementor-element-ef0839f elementor-section-boxed elementor-section-height-default elementor-section-height-default wpr-particle-no wpr-jarallax-no wpr-parallax-no wpr-sticky-section-no wpr-equal-height-no\" data-id=\"ef0839f\" data-element_type=\"section\" data-e-type=\"section\">\n\t\t\t\t\t\t<div class=\"elementor-container elementor-column-gap-no\">\n\t\t\t\t\t<div class=\"elementor-column elementor-col-100 elementor-top-column elementor-element elementor-element-0d273be\" data-id=\"0d273be\" data-element_type=\"column\" data-e-type=\"column\">\n\t\t\t<div class=\"elementor-widget-wrap elementor-element-populated\">\n\t\t\t\t\t\t<div class=\"elementor-element elementor-element-27c9707 elementor-position-right elementor-vertical-align-top elementor-widget elementor-widget-image-box\" data-id=\"27c9707\" data-element_type=\"widget\" data-e-type=\"widget\" data-widget_type=\"image-box.default\">\n\t\t\t\t\t<div class=\"elementor-image-box-wrapper\"><figure class=\"elementor-image-box-img\"><a href=\"https:\/\/www.ucll.be\/en\" target=\"_blank\" tabindex=\"-1\"><img loading=\"lazy\" decoding=\"async\" width=\"222\" height=\"119\" src=\"https:\/\/jointstories.eu\/wp-content\/uploads\/2023\/04\/Logo_UCLL_ENG_RGB_negatief.png\" class=\"elementor-animation-grow attachment-full size-full wp-image-2036\" alt=\"University of Applied Sciences\" srcset=\"https:\/\/jointstories.eu\/wp-content\/uploads\/2023\/04\/Logo_UCLL_ENG_RGB_negatief.png 222w, https:\/\/jointstories.eu\/wp-content\/uploads\/2023\/04\/Logo_UCLL_ENG_RGB_negatief-18x10.png 18w\" sizes=\"(max-width: 222px) 100vw, 222px\" \/><\/a><\/figure><div class=\"elementor-image-box-content\"><h3 class=\"elementor-image-box-title\"><a href=\"https:\/\/www.ucll.be\/en\" target=\"_blank\">UCL<\/a><\/h3><p class=\"elementor-image-box-description\">L&#039;UC Leuven \u00e8 un istituto di istruzione superiore nelle Fiandre che offre una variet\u00e0 di corsi di laurea triennale e specialistica in diversi campus, con particolare attenzione alla formazione degli insegnanti, alla gestione aziendale, alla tecnologia, alla salute e al benessere. Con oltre 15.000 studenti e 1.750 dipendenti, \u00e8 uno dei pi\u00f9 grandi nelle Fiandre e pone l&#039;accento sull&#039;orientamento personalizzato degli studenti. La nostra visione ruota attorno alla promozione del pensiero innovativo e della cooperazione internazionale, con un forte impegno per un&#039;istruzione di qualit\u00e0. L&#039;UCLL fa parte della KU Leuven Association, nota per la ricerca e i servizi orientati alla pratica, con l&#039;obiettivo di fornire conoscenze e competenze orientate al futuro. Il reparto Ricerca e Competenza dell&#039;UCLL comprende 8 centri focalizzati su vari ambiti, tra cui istruzione, salute e sostenibilit\u00e0, offrendo soluzioni basate sulla ricerca e opportunit\u00e0 di apprendimento permanente. Il Centro di Competenza &quot;Societ\u00e0 Inclusiva&quot; si concentra su inclusione, diversit\u00e0 e partecipazione in tre aree chiave: apprendimento inclusivo, partecipazione e uguaglianza. Utilizziamo metodi di ricerca partecipativa, diamo priorit\u00e0 alla sensibilit\u00e0 alla diversit\u00e0 e collaboriamo con diversi stakeholder per affrontare le problematiche sociali. Per maggiori informazioni,  <a href=\"https:\/\/www.ucll.be\/en\">il nostro sito web <\/a>  E  <a href=\"https:\/\/research-expertise.ucll.be\/en\">ricerca-competenza.ucll<\/a> .\n<\/p><\/div><\/div>\t\t\t\t<\/div>\n\t\t\t\t\t<\/div>\n\t\t<\/div>\n\t\t\t\t\t<\/div>\n\t\t<\/section>\n\t\t\t\t<section class=\"elementor-section elementor-top-section elementor-element elementor-element-6fdd6ec elementor-section-boxed elementor-section-height-default elementor-section-height-default wpr-particle-no wpr-jarallax-no wpr-parallax-no wpr-sticky-section-no wpr-equal-height-no\" data-id=\"6fdd6ec\" data-element_type=\"section\" data-e-type=\"section\">\n\t\t\t\t\t\t<div class=\"elementor-container elementor-column-gap-no\">\n\t\t\t\t\t<div class=\"elementor-column elementor-col-50 elementor-top-column elementor-element elementor-element-6164664\" data-id=\"6164664\" data-element_type=\"column\" data-e-type=\"column\">\n\t\t\t<div class=\"elementor-widget-wrap elementor-element-populated\">\n\t\t\t\t\t\t<section class=\"elementor-section elementor-inner-section elementor-element elementor-element-8ef56cf elementor-section-content-middle elementor-section-boxed elementor-section-height-default elementor-section-height-default wpr-particle-no wpr-jarallax-no wpr-parallax-no wpr-sticky-section-no wpr-equal-height-no\" data-id=\"8ef56cf\" data-element_type=\"section\" data-e-type=\"section\">\n\t\t\t\t\t\t<div class=\"elementor-container elementor-column-gap-no\">\n\t\t\t\t\t<div class=\"elementor-column elementor-col-50 elementor-inner-column elementor-element elementor-element-0641974\" data-id=\"0641974\" data-element_type=\"column\" data-e-type=\"column\">\n\t\t\t<div class=\"elementor-widget-wrap elementor-element-populated\">\n\t\t\t\t\t\t<div class=\"elementor-element elementor-element-fb820ee elementor-widget elementor-widget-image\" data-id=\"fb820ee\" data-element_type=\"widget\" data-e-type=\"widget\" data-widget_type=\"image.default\">\n\t\t\t\t\t\t\t\t\t\t\t\t\t\t\t<img loading=\"lazy\" decoding=\"async\" width=\"768\" height=\"768\" src=\"https:\/\/jointstories.eu\/wp-content\/uploads\/2023\/10\/foto-Veronique-e1696586926386-768x768.jpg\" class=\"attachment-medium_large size-medium_large wp-image-2583\" alt=\"Veronique Pochet UCLL\" srcset=\"https:\/\/jointstories.eu\/wp-content\/uploads\/2023\/10\/foto-Veronique-e1696586926386-768x768.jpg 768w, https:\/\/jointstories.eu\/wp-content\/uploads\/2023\/10\/foto-Veronique-e1696586926386-300x300.jpg 300w, https:\/\/jointstories.eu\/wp-content\/uploads\/2023\/10\/foto-Veronique-e1696586926386-150x150.jpg 150w, https:\/\/jointstories.eu\/wp-content\/uploads\/2023\/10\/foto-Veronique-e1696586926386-12x12.jpg 12w, https:\/\/jointstories.eu\/wp-content\/uploads\/2023\/10\/foto-Veronique-e1696586926386.jpg 1025w\" sizes=\"(max-width: 768px) 100vw, 768px\" \/>\t\t\t\t\t\t\t\t\t\t\t\t\t\t\t<\/div>\n\t\t\t\t\t<\/div>\n\t\t<\/div>\n\t\t\t\t<div class=\"elementor-column elementor-col-50 elementor-inner-column elementor-element elementor-element-39364a1\" data-id=\"39364a1\" data-element_type=\"column\" data-e-type=\"column\">\n\t\t\t<div class=\"elementor-widget-wrap elementor-element-populated\">\n\t\t\t\t\t\t<div class=\"elementor-element elementor-element-b4aae7f elementor-vertical-align-top elementor-widget elementor-widget-image-box\" data-id=\"b4aae7f\" data-element_type=\"widget\" data-e-type=\"widget\" data-widget_type=\"image-box.default\">\n\t\t\t\t\t<div class=\"elementor-image-box-wrapper\"><div class=\"elementor-image-box-content\"><h4 class=\"elementor-image-box-title\">Veronica Pochet<\/h4><p class=\"elementor-image-box-description\">Veronique Pochet \u00e8 una teologa e lavora come ricercatrice e formatrice di insegnanti presso l&#039;Universit\u00e0 della California a Lovanio-Limburgo.<\/p><\/div><\/div>\t\t\t\t<\/div>\n\t\t\t\t\t<\/div>\n\t\t<\/div>\n\t\t\t\t\t<\/div>\n\t\t<\/section>\n\t\t\t\t\t<\/div>\n\t\t<\/div>\n\t\t\t\t<div class=\"elementor-column elementor-col-50 elementor-top-column elementor-element elementor-element-f94ec14\" data-id=\"f94ec14\" data-element_type=\"column\" data-e-type=\"column\">\n\t\t\t<div class=\"elementor-widget-wrap elementor-element-populated\">\n\t\t\t\t\t\t<section class=\"elementor-section elementor-inner-section elementor-element elementor-element-280ffb1 elementor-section-content-middle elementor-section-boxed elementor-section-height-default elementor-section-height-default wpr-particle-no wpr-jarallax-no wpr-parallax-no wpr-sticky-section-no wpr-equal-height-no\" data-id=\"280ffb1\" data-element_type=\"section\" data-e-type=\"section\">\n\t\t\t\t\t\t<div class=\"elementor-container elementor-column-gap-no\">\n\t\t\t\t\t<div class=\"elementor-column elementor-col-50 elementor-inner-column elementor-element elementor-element-6abbcd7\" data-id=\"6abbcd7\" data-element_type=\"column\" data-e-type=\"column\">\n\t\t\t<div class=\"elementor-widget-wrap elementor-element-populated\">\n\t\t\t\t\t\t<div class=\"elementor-element elementor-element-b1b157e elementor-widget elementor-widget-image\" data-id=\"b1b157e\" data-element_type=\"widget\" data-e-type=\"widget\" data-widget_type=\"image.default\">\n\t\t\t\t\t\t\t\t\t\t\t\t\t\t\t<img loading=\"lazy\" decoding=\"async\" width=\"1024\" height=\"1024\" src=\"https:\/\/jointstories.eu\/wp-content\/uploads\/2023\/10\/foto-KM-JeS-scaled-e1696586098434-1024x1024.jpg\" class=\"attachment-large size-large wp-image-2582\" alt=\"KM UCLL\" srcset=\"https:\/\/jointstories.eu\/wp-content\/uploads\/2023\/10\/foto-KM-JeS-scaled-e1696586098434-1024x1024.jpg 1024w, https:\/\/jointstories.eu\/wp-content\/uploads\/2023\/10\/foto-KM-JeS-scaled-e1696586098434-300x300.jpg 300w, https:\/\/jointstories.eu\/wp-content\/uploads\/2023\/10\/foto-KM-JeS-scaled-e1696586098434-150x150.jpg 150w, https:\/\/jointstories.eu\/wp-content\/uploads\/2023\/10\/foto-KM-JeS-scaled-e1696586098434-768x768.jpg 768w, https:\/\/jointstories.eu\/wp-content\/uploads\/2023\/10\/foto-KM-JeS-scaled-e1696586098434-1536x1536.jpg 1536w, https:\/\/jointstories.eu\/wp-content\/uploads\/2023\/10\/foto-KM-JeS-scaled-e1696586098434-12x12.jpg 12w, https:\/\/jointstories.eu\/wp-content\/uploads\/2023\/10\/foto-KM-JeS-scaled-e1696586098434.jpg 1996w\" sizes=\"(max-width: 1024px) 100vw, 1024px\" \/>\t\t\t\t\t\t\t\t\t\t\t\t\t\t\t<\/div>\n\t\t\t\t\t<\/div>\n\t\t<\/div>\n\t\t\t\t<div class=\"elementor-column elementor-col-50 elementor-inner-column elementor-element elementor-element-87e58cb\" data-id=\"87e58cb\" data-element_type=\"column\" data-e-type=\"column\">\n\t\t\t<div class=\"elementor-widget-wrap elementor-element-populated\">\n\t\t\t\t\t\t<div class=\"elementor-element elementor-element-f9acdf9 elementor-vertical-align-top elementor-widget elementor-widget-image-box\" data-id=\"f9acdf9\" data-element_type=\"widget\" data-e-type=\"widget\" data-widget_type=\"image-box.default\">\n\t\t\t\t\t<div class=\"elementor-image-box-wrapper\"><div class=\"elementor-image-box-content\"><h4 class=\"elementor-image-box-title\">Katrien Mertens<\/h4><\/div><\/div>\t\t\t\t<\/div>\n\t\t\t\t\t<\/div>\n\t\t<\/div>\n\t\t\t\t\t<\/div>\n\t\t<\/section>\n\t\t\t\t\t<\/div>\n\t\t<\/div>\n\t\t\t\t\t<\/div>\n\t\t<\/section>\n\t\t\t\t<section class=\"elementor-section elementor-top-section elementor-element elementor-element-b84b2f8 elementor-section-boxed elementor-section-height-default elementor-section-height-default wpr-particle-no wpr-jarallax-no wpr-parallax-no wpr-sticky-section-no wpr-equal-height-no\" data-id=\"b84b2f8\" data-element_type=\"section\" data-e-type=\"section\">\n\t\t\t\t\t\t<div class=\"elementor-container elementor-column-gap-no\">\n\t\t\t\t\t<div class=\"elementor-column elementor-col-100 elementor-top-column elementor-element elementor-element-2a80830\" data-id=\"2a80830\" data-element_type=\"column\" data-e-type=\"column\">\n\t\t\t<div class=\"elementor-widget-wrap elementor-element-populated\">\n\t\t\t\t\t\t<div class=\"elementor-element elementor-element-365708d elementor-position-right elementor-vertical-align-top elementor-widget elementor-widget-image-box\" data-id=\"365708d\" data-element_type=\"widget\" data-e-type=\"widget\" data-widget_type=\"image-box.default\">\n\t\t\t\t\t<div class=\"elementor-image-box-wrapper\"><figure class=\"elementor-image-box-img\"><a href=\"https:\/\/cesie.org\/\" target=\"_blank\" tabindex=\"-1\"><img loading=\"lazy\" decoding=\"async\" width=\"222\" height=\"119\" src=\"https:\/\/jointstories.eu\/wp-content\/uploads\/2023\/04\/cesie.png\" class=\"elementor-animation-grow attachment-full size-full wp-image-2039\" alt=\"Cesie\" srcset=\"https:\/\/jointstories.eu\/wp-content\/uploads\/2023\/04\/cesie.png 222w, https:\/\/jointstories.eu\/wp-content\/uploads\/2023\/04\/cesie-18x10.png 18w\" sizes=\"(max-width: 222px) 100vw, 222px\" \/><\/a><\/figure><div class=\"elementor-image-box-content\"><h3 class=\"elementor-image-box-title\"><a href=\"https:\/\/cesie.org\/\" target=\"_blank\">CESIE<\/a><\/h3><p class=\"elementor-image-box-description\">Il CESIE \u00e8 un&#039;organizzazione senza scopo di lucro e non governativa con sede a Palermo (Italia) e fondata nel 2001. Il CESIE \u00e8 impegnato a promuovere lo sviluppo educativo, culturale, sociale ed economico a livello locale, nazionale, europeo e internazionale. Il CESIE contribuisce alla crescita e allo sviluppo attraverso la partecipazione attiva delle persone, della societ\u00e0 civile e delle istituzioni, valorizzando sempre la diversit\u00e0. Ispirati dal lavoro e dalla vita di Danilo Dolci, concentriamo le nostre azioni sulla ricerca dei bisogni e delle sfide sociali e sull&#039;uso di approcci di apprendimento innovativi. In questo modo, il CESIE collega attivamente la ricerca con l\u2019azione attraverso l\u2019uso di approcci di apprendimento formale e non formale.\n<\/p><\/div><\/div>\t\t\t\t<\/div>\n\t\t\t\t\t<\/div>\n\t\t<\/div>\n\t\t\t\t\t<\/div>\n\t\t<\/section>\n\t\t\t\t<section class=\"elementor-section elementor-top-section elementor-element elementor-element-633f90f elementor-section-boxed elementor-section-height-default elementor-section-height-default wpr-particle-no wpr-jarallax-no wpr-parallax-no wpr-sticky-section-no wpr-equal-height-no\" data-id=\"633f90f\" data-element_type=\"section\" data-e-type=\"section\">\n\t\t\t\t\t\t<div class=\"elementor-container elementor-column-gap-no\">\n\t\t\t\t\t<div class=\"elementor-column elementor-col-50 elementor-top-column elementor-element elementor-element-adc56d8\" data-id=\"adc56d8\" data-element_type=\"column\" data-e-type=\"column\">\n\t\t\t<div class=\"elementor-widget-wrap elementor-element-populated\">\n\t\t\t\t\t\t<section class=\"elementor-section elementor-inner-section elementor-element elementor-element-fa0eaad elementor-section-content-middle elementor-section-boxed elementor-section-height-default elementor-section-height-default wpr-particle-no wpr-jarallax-no wpr-parallax-no wpr-sticky-section-no wpr-equal-height-no\" data-id=\"fa0eaad\" data-element_type=\"section\" data-e-type=\"section\">\n\t\t\t\t\t\t<div class=\"elementor-container elementor-column-gap-no\">\n\t\t\t\t\t<div class=\"elementor-column elementor-col-50 elementor-inner-column elementor-element elementor-element-0ad4029\" data-id=\"0ad4029\" data-element_type=\"column\" data-e-type=\"column\">\n\t\t\t<div class=\"elementor-widget-wrap elementor-element-populated\">\n\t\t\t\t\t\t<div class=\"elementor-element elementor-element-acbda6b elementor-widget elementor-widget-image\" data-id=\"acbda6b\" data-element_type=\"widget\" data-e-type=\"widget\" data-widget_type=\"image.default\">\n\t\t\t\t\t\t\t\t\t\t\t\t\t\t\t<img loading=\"lazy\" decoding=\"async\" width=\"150\" height=\"150\" src=\"https:\/\/jointstories.eu\/wp-content\/uploads\/2025\/02\/femable-evento-personale-politico-980x517-1-150x150.jpg\" class=\"attachment-thumbnail size-thumbnail wp-image-3680\" alt=\"\" \/>\t\t\t\t\t\t\t\t\t\t\t\t\t\t\t<\/div>\n\t\t\t\t\t<\/div>\n\t\t<\/div>\n\t\t\t\t<div class=\"elementor-column elementor-col-50 elementor-inner-column elementor-element elementor-element-d26114e\" data-id=\"d26114e\" data-element_type=\"column\" data-e-type=\"column\">\n\t\t\t<div class=\"elementor-widget-wrap elementor-element-populated\">\n\t\t\t\t\t\t<div class=\"elementor-element elementor-element-57f2785 elementor-vertical-align-top elementor-widget elementor-widget-image-box\" data-id=\"57f2785\" data-element_type=\"widget\" data-e-type=\"widget\" data-widget_type=\"image-box.default\">\n\t\t\t\t\t<div class=\"elementor-image-box-wrapper\"><div class=\"elementor-image-box-content\"><h4 class=\"elementor-image-box-title\">Chiara Francavilla<\/h4><p class=\"elementor-image-box-description\">Responsabile di progetto per il CESIE.<\/p><\/div><\/div>\t\t\t\t<\/div>\n\t\t\t\t\t<\/div>\n\t\t<\/div>\n\t\t\t\t\t<\/div>\n\t\t<\/section>\n\t\t\t\t\t<\/div>\n\t\t<\/div>\n\t\t\t\t<div class=\"elementor-column elementor-col-50 elementor-top-column elementor-element elementor-element-5f22d24\" data-id=\"5f22d24\" data-element_type=\"column\" data-e-type=\"column\">\n\t\t\t<div class=\"elementor-widget-wrap elementor-element-populated\">\n\t\t\t\t\t\t<section class=\"elementor-section elementor-inner-section elementor-element elementor-element-7cd5d56 elementor-section-content-middle elementor-section-boxed elementor-section-height-default elementor-section-height-default wpr-particle-no wpr-jarallax-no wpr-parallax-no wpr-sticky-section-no wpr-equal-height-no\" data-id=\"7cd5d56\" data-element_type=\"section\" data-e-type=\"section\">\n\t\t\t\t\t\t<div class=\"elementor-container elementor-column-gap-no\">\n\t\t\t\t\t<div class=\"elementor-column elementor-col-50 elementor-inner-column elementor-element elementor-element-fc458f8\" data-id=\"fc458f8\" data-element_type=\"column\" data-e-type=\"column\">\n\t\t\t<div class=\"elementor-widget-wrap elementor-element-populated\">\n\t\t\t\t\t\t<div class=\"elementor-element elementor-element-d798f04 elementor-widget elementor-widget-image\" data-id=\"d798f04\" data-element_type=\"widget\" data-e-type=\"widget\" data-widget_type=\"image.default\">\n\t\t\t\t\t\t\t\t\t\t\t\t\t\t\t<img loading=\"lazy\" decoding=\"async\" width=\"1010\" height=\"973\" src=\"https:\/\/jointstories.eu\/wp-content\/uploads\/2023\/10\/Foto-Paula-1.png\" class=\"attachment-large size-large wp-image-2548\" alt=\"\" srcset=\"https:\/\/jointstories.eu\/wp-content\/uploads\/2023\/10\/Foto-Paula-1.png 1010w, https:\/\/jointstories.eu\/wp-content\/uploads\/2023\/10\/Foto-Paula-1-300x289.png 300w, https:\/\/jointstories.eu\/wp-content\/uploads\/2023\/10\/Foto-Paula-1-768x740.png 768w, https:\/\/jointstories.eu\/wp-content\/uploads\/2023\/10\/Foto-Paula-1-12x12.png 12w\" sizes=\"(max-width: 1010px) 100vw, 1010px\" \/>\t\t\t\t\t\t\t\t\t\t\t\t\t\t\t<\/div>\n\t\t\t\t\t<\/div>\n\t\t<\/div>\n\t\t\t\t<div class=\"elementor-column elementor-col-50 elementor-inner-column elementor-element elementor-element-9e59e40\" data-id=\"9e59e40\" data-element_type=\"column\" data-e-type=\"column\">\n\t\t\t<div class=\"elementor-widget-wrap elementor-element-populated\">\n\t\t\t\t\t\t<div class=\"elementor-element elementor-element-6f536d0 elementor-vertical-align-top elementor-widget elementor-widget-image-box\" data-id=\"6f536d0\" data-element_type=\"widget\" data-e-type=\"widget\" data-widget_type=\"image-box.default\">\n\t\t\t\t\t<div class=\"elementor-image-box-wrapper\"><div class=\"elementor-image-box-content\"><h4 class=\"elementor-image-box-title\">Paula Luise Goltzsche<\/h4><p class=\"elementor-image-box-description\">Responsabile di progetto per il CESIE.<\/p><\/div><\/div>\t\t\t\t<\/div>\n\t\t\t\t\t<\/div>\n\t\t<\/div>\n\t\t\t\t\t<\/div>\n\t\t<\/section>\n\t\t\t\t\t<\/div>\n\t\t<\/div>\n\t\t\t\t\t<\/div>\n\t\t<\/section>\n\t\t\t\t<section class=\"elementor-section elementor-top-section elementor-element elementor-element-6be279c elementor-section-boxed elementor-section-height-default elementor-section-height-default wpr-particle-no wpr-jarallax-no wpr-parallax-no wpr-sticky-section-no wpr-equal-height-no\" data-id=\"6be279c\" data-element_type=\"section\" data-e-type=\"section\">\n\t\t\t\t\t\t<div class=\"elementor-container elementor-column-gap-no\">\n\t\t\t\t\t<div class=\"elementor-column elementor-col-100 elementor-top-column elementor-element elementor-element-1ed04d0\" data-id=\"1ed04d0\" data-element_type=\"column\" data-e-type=\"column\">\n\t\t\t<div class=\"elementor-widget-wrap elementor-element-populated\">\n\t\t\t\t\t\t<div class=\"elementor-element elementor-element-0c96556 elementor-position-right elementor-vertical-align-top elementor-widget elementor-widget-image-box\" data-id=\"0c96556\" data-element_type=\"widget\" data-e-type=\"widget\" data-widget_type=\"image-box.default\">\n\t\t\t\t\t<div class=\"elementor-image-box-wrapper\"><figure class=\"elementor-image-box-img\"><a href=\"https:\/\/incoma-projects.eu\/\" target=\"_blank\" tabindex=\"-1\"><img loading=\"lazy\" decoding=\"async\" width=\"222\" height=\"119\" src=\"https:\/\/jointstories.eu\/wp-content\/uploads\/2023\/04\/incoma.png\" class=\"elementor-animation-grow attachment-full size-full wp-image-2034\" alt=\"INCOMA\" srcset=\"https:\/\/jointstories.eu\/wp-content\/uploads\/2023\/04\/incoma.png 222w, https:\/\/jointstories.eu\/wp-content\/uploads\/2023\/04\/incoma-18x10.png 18w\" sizes=\"(max-width: 222px) 100vw, 222px\" \/><\/a><\/figure><div class=\"elementor-image-box-content\"><h3 class=\"elementor-image-box-title\"><a href=\"https:\/\/incoma-projects.eu\/\" target=\"_blank\">INCOMA<\/a><\/h3><p class=\"elementor-image-box-description\">\n\nINCOMA \u00e8 un centro di formazione e ricerca con sede a Siviglia (Spagna) con un vasto know-how ed esperienza nello sviluppo e nel coordinamento di progetti di cooperazione internazionale finanziati principalmente nell&#039;ambito dei programmi dell&#039;UE, in particolare nel campo dell&#039;istruzione, della formazione e della ricerca.\n\n<br>La nostra attivit\u00e0 \u00e8 particolarmente dedicata allo sviluppo di progetti di innovazione sociale, con particolare attenzione alla formazione rivolta a gruppi a rischio o con particolari difficolt\u00e0 ad entrare nel mercato del lavoro, vale a dire giovani, donne e migranti\n<\/p><\/div><\/div>\t\t\t\t<\/div>\n\t\t\t\t\t<\/div>\n\t\t<\/div>\n\t\t\t\t\t<\/div>\n\t\t<\/section>\n\t\t\t\t<section class=\"elementor-section elementor-top-section elementor-element elementor-element-fa51276 elementor-section-boxed elementor-section-height-default elementor-section-height-default wpr-particle-no wpr-jarallax-no wpr-parallax-no wpr-sticky-section-no wpr-equal-height-no\" data-id=\"fa51276\" data-element_type=\"section\" data-e-type=\"section\">\n\t\t\t\t\t\t<div class=\"elementor-container elementor-column-gap-no\">\n\t\t\t\t\t<div class=\"elementor-column elementor-col-50 elementor-top-column elementor-element elementor-element-197952a\" data-id=\"197952a\" data-element_type=\"column\" data-e-type=\"column\">\n\t\t\t<div class=\"elementor-widget-wrap elementor-element-populated\">\n\t\t\t\t\t\t<section class=\"elementor-section elementor-inner-section elementor-element elementor-element-5beceec elementor-section-content-middle elementor-section-boxed elementor-section-height-default elementor-section-height-default wpr-particle-no wpr-jarallax-no wpr-parallax-no wpr-sticky-section-no wpr-equal-height-no\" data-id=\"5beceec\" data-element_type=\"section\" data-e-type=\"section\">\n\t\t\t\t\t\t<div class=\"elementor-container elementor-column-gap-no\">\n\t\t\t\t\t<div class=\"elementor-column elementor-col-50 elementor-inner-column elementor-element elementor-element-91ffdf3\" data-id=\"91ffdf3\" data-element_type=\"column\" data-e-type=\"column\">\n\t\t\t<div class=\"elementor-widget-wrap elementor-element-populated\">\n\t\t\t\t\t\t<div class=\"elementor-element elementor-element-1b1685a elementor-widget elementor-widget-image\" data-id=\"1b1685a\" data-element_type=\"widget\" data-e-type=\"widget\" data-widget_type=\"image.default\">\n\t\t\t\t\t\t\t\t\t\t\t\t\t\t\t<img loading=\"lazy\" decoding=\"async\" width=\"530\" height=\"530\" src=\"https:\/\/jointstories.eu\/wp-content\/uploads\/2023\/10\/Pili_Color1.png\" class=\"attachment-large size-large wp-image-2549\" alt=\"\" srcset=\"https:\/\/jointstories.eu\/wp-content\/uploads\/2023\/10\/Pili_Color1.png 530w, https:\/\/jointstories.eu\/wp-content\/uploads\/2023\/10\/Pili_Color1-300x300.png 300w, https:\/\/jointstories.eu\/wp-content\/uploads\/2023\/10\/Pili_Color1-150x150.png 150w, https:\/\/jointstories.eu\/wp-content\/uploads\/2023\/10\/Pili_Color1-12x12.png 12w\" sizes=\"(max-width: 530px) 100vw, 530px\" \/>\t\t\t\t\t\t\t\t\t\t\t\t\t\t\t<\/div>\n\t\t\t\t\t<\/div>\n\t\t<\/div>\n\t\t\t\t<div class=\"elementor-column elementor-col-50 elementor-inner-column elementor-element elementor-element-ffd9bfd\" data-id=\"ffd9bfd\" data-element_type=\"column\" data-e-type=\"column\">\n\t\t\t<div class=\"elementor-widget-wrap elementor-element-populated\">\n\t\t\t\t\t\t<div class=\"elementor-element elementor-element-1586433 elementor-vertical-align-top elementor-widget elementor-widget-image-box\" data-id=\"1586433\" data-element_type=\"widget\" data-e-type=\"widget\" data-widget_type=\"image-box.default\">\n\t\t\t\t\t<div class=\"elementor-image-box-wrapper\"><div class=\"elementor-image-box-content\"><h4 class=\"elementor-image-box-title\">PILAR NARANJO<\/h4><p class=\"elementor-image-box-description\">Pilar lavora come Project Officer presso il dipartimento Innovazione e Ricerca di INCOMA<\/p><\/div><\/div>\t\t\t\t<\/div>\n\t\t\t\t\t<\/div>\n\t\t<\/div>\n\t\t\t\t\t<\/div>\n\t\t<\/section>\n\t\t\t\t\t<\/div>\n\t\t<\/div>\n\t\t\t\t<div class=\"elementor-column elementor-col-50 elementor-top-column elementor-element elementor-element-004585d\" data-id=\"004585d\" data-element_type=\"column\" data-e-type=\"column\">\n\t\t\t<div class=\"elementor-widget-wrap elementor-element-populated\">\n\t\t\t\t\t\t<section class=\"elementor-section elementor-inner-section elementor-element elementor-element-4a94e13 elementor-section-content-middle elementor-section-boxed elementor-section-height-default elementor-section-height-default wpr-particle-no wpr-jarallax-no wpr-parallax-no wpr-sticky-section-no wpr-equal-height-no\" data-id=\"4a94e13\" data-element_type=\"section\" data-e-type=\"section\">\n\t\t\t\t\t\t<div class=\"elementor-container elementor-column-gap-no\">\n\t\t\t\t\t<div class=\"elementor-column elementor-col-50 elementor-inner-column elementor-element elementor-element-3c82a1a\" data-id=\"3c82a1a\" data-element_type=\"column\" data-e-type=\"column\">\n\t\t\t<div class=\"elementor-widget-wrap elementor-element-populated\">\n\t\t\t\t\t\t<div class=\"elementor-element elementor-element-cbc0f5b elementor-widget elementor-widget-image\" data-id=\"cbc0f5b\" data-element_type=\"widget\" data-e-type=\"widget\" data-widget_type=\"image.default\">\n\t\t\t\t\t\t\t\t\t\t\t\t\t\t\t<img loading=\"lazy\" decoding=\"async\" width=\"530\" height=\"530\" src=\"https:\/\/jointstories.eu\/wp-content\/uploads\/2023\/10\/Juan_Color_ok.png\" class=\"attachment-large size-large wp-image-2550\" alt=\"jUAN\" srcset=\"https:\/\/jointstories.eu\/wp-content\/uploads\/2023\/10\/Juan_Color_ok.png 530w, https:\/\/jointstories.eu\/wp-content\/uploads\/2023\/10\/Juan_Color_ok-300x300.png 300w, https:\/\/jointstories.eu\/wp-content\/uploads\/2023\/10\/Juan_Color_ok-150x150.png 150w, https:\/\/jointstories.eu\/wp-content\/uploads\/2023\/10\/Juan_Color_ok-12x12.png 12w\" sizes=\"(max-width: 530px) 100vw, 530px\" \/>\t\t\t\t\t\t\t\t\t\t\t\t\t\t\t<\/div>\n\t\t\t\t\t<\/div>\n\t\t<\/div>\n\t\t\t\t<div class=\"elementor-column elementor-col-50 elementor-inner-column elementor-element elementor-element-618b9f1\" data-id=\"618b9f1\" data-element_type=\"column\" data-e-type=\"column\">\n\t\t\t<div class=\"elementor-widget-wrap elementor-element-populated\">\n\t\t\t\t\t\t<div class=\"elementor-element elementor-element-3cf9498 elementor-vertical-align-top elementor-widget elementor-widget-image-box\" data-id=\"3cf9498\" data-element_type=\"widget\" data-e-type=\"widget\" data-widget_type=\"image-box.default\">\n\t\t\t\t\t<div class=\"elementor-image-box-wrapper\"><div class=\"elementor-image-box-content\"><h4 class=\"elementor-image-box-title\">Juan Guerrero<\/h4><p class=\"elementor-image-box-description\">Con circa 20 anni di esperienza nel campo dell&#039;educazione e dell&#039;innovazione sociale a livello internazionale, Juan Guerrero, uno dei fondatori di INCOMA.<\/p><\/div><\/div>\t\t\t\t<\/div>\n\t\t\t\t\t<\/div>\n\t\t<\/div>\n\t\t\t\t\t<\/div>\n\t\t<\/section>\n\t\t\t\t\t<\/div>\n\t\t<\/div>\n\t\t\t\t\t<\/div>\n\t\t<\/section>\n\t\t\t\t<section class=\"elementor-section elementor-top-section elementor-element elementor-element-7f34bf5c elementor-section-full_width elementor-section-height-default elementor-section-height-default wpr-particle-no wpr-jarallax-no wpr-parallax-no wpr-sticky-section-no wpr-equal-height-no\" data-id=\"7f34bf5c\" data-element_type=\"section\" data-e-type=\"section\" data-settings=\"{&quot;background_background&quot;:&quot;gradient&quot;}\">\n\t\t\t\t\t\t<div class=\"elementor-container elementor-column-gap-default\">\n\t\t\t\t\t<div class=\"elementor-column elementor-col-100 elementor-top-column elementor-element elementor-element-77d9a5a4\" data-id=\"77d9a5a4\" data-element_type=\"column\" data-e-type=\"column\" data-settings=\"{&quot;background_background&quot;:&quot;classic&quot;}\">\n\t\t\t<div class=\"elementor-widget-wrap elementor-element-populated\">\n\t\t\t\t\t<div class=\"elementor-background-overlay\"><\/div>\n\t\t\t\t\t\t<div class=\"elementor-element elementor-element-7ccbed90 elementor-widget elementor-widget-heading\" data-id=\"7ccbed90\" data-element_type=\"widget\" data-e-type=\"widget\" data-widget_type=\"heading.default\">\n\t\t\t\t\t<h3 class=\"elementor-heading-title elementor-size-default\">Partner<\/h3>\t\t\t\t<\/div>\n\t\t\t\t<section class=\"elementor-section elementor-inner-section elementor-element elementor-element-76c07719 elementor-section-full_width elementor-section-height-default elementor-section-height-default wpr-particle-no wpr-jarallax-no wpr-parallax-no wpr-sticky-section-no wpr-equal-height-no\" data-id=\"76c07719\" data-element_type=\"section\" data-e-type=\"section\" data-settings=\"{&quot;background_background&quot;:&quot;classic&quot;}\">\n\t\t\t\t\t\t<div class=\"elementor-container elementor-column-gap-no\">\n\t\t\t\t\t<div class=\"elementor-column elementor-col-16 elementor-inner-column elementor-element elementor-element-1bafc808\" data-id=\"1bafc808\" data-element_type=\"column\" data-e-type=\"column\">\n\t\t\t<div class=\"elementor-widget-wrap elementor-element-populated\">\n\t\t\t\t\t\t<div class=\"elementor-element elementor-element-6fe908cf elementor-widget elementor-widget-image\" data-id=\"6fe908cf\" data-element_type=\"widget\" data-e-type=\"widget\" data-widget_type=\"image.default\">\n\t\t\t\t\t\t\t\t\t\t\t\t\t\t\t\t<a href=\"https:\/\/www.um.si\/en\/home-page\/\" target=\"_blank\">\n\t\t\t\t\t\t\t<img decoding=\"async\" width=\"222\" height=\"119\" src=\"https:\/\/jointstories.eu\/wp-content\/uploads\/2023\/04\/MAribor.png\" class=\"elementor-animation-grow attachment-full size-full wp-image-2037\" alt=\"University of Maribor\" srcset=\"https:\/\/jointstories.eu\/wp-content\/uploads\/2023\/04\/MAribor.png 222w, https:\/\/jointstories.eu\/wp-content\/uploads\/2023\/04\/MAribor-18x10.png 18w\" sizes=\"(max-width: 222px) 100vw, 222px\" \/>\t\t\t\t\t\t\t\t<\/a>\n\t\t\t\t\t\t\t\t\t\t\t\t\t\t\t<\/div>\n\t\t\t\t\t<\/div>\n\t\t<\/div>\n\t\t\t\t<div class=\"elementor-column elementor-col-16 elementor-inner-column elementor-element elementor-element-45b30c3d\" data-id=\"45b30c3d\" data-element_type=\"column\" data-e-type=\"column\">\n\t\t\t<div class=\"elementor-widget-wrap elementor-element-populated\">\n\t\t\t\t\t\t<div class=\"elementor-element elementor-element-480e1875 elementor-widget elementor-widget-image\" data-id=\"480e1875\" data-element_type=\"widget\" data-e-type=\"widget\" data-widget_type=\"image.default\">\n\t\t\t\t\t\t\t\t\t\t\t\t\t\t\t\t<a href=\"https:\/\/europeanmigrantplatform.eu\/\" target=\"_blank\">\n\t\t\t\t\t\t\t<img loading=\"lazy\" decoding=\"async\" width=\"222\" height=\"119\" src=\"https:\/\/jointstories.eu\/wp-content\/uploads\/2023\/04\/EMP.png\" class=\"elementor-animation-grow attachment-full size-full wp-image-2033\" alt=\"European Migrant Platform\" srcset=\"https:\/\/jointstories.eu\/wp-content\/uploads\/2023\/04\/EMP.png 222w, https:\/\/jointstories.eu\/wp-content\/uploads\/2023\/04\/EMP-18x10.png 18w\" sizes=\"(max-width: 222px) 100vw, 222px\" \/>\t\t\t\t\t\t\t\t<\/a>\n\t\t\t\t\t\t\t\t\t\t\t\t\t\t\t<\/div>\n\t\t\t\t\t<\/div>\n\t\t<\/div>\n\t\t\t\t<div class=\"elementor-column elementor-col-16 elementor-inner-column elementor-element elementor-element-2341d658\" data-id=\"2341d658\" data-element_type=\"column\" data-e-type=\"column\">\n\t\t\t<div class=\"elementor-widget-wrap elementor-element-populated\">\n\t\t\t\t\t\t<div class=\"elementor-element elementor-element-78151580 elementor-widget elementor-widget-image\" data-id=\"78151580\" data-element_type=\"widget\" data-e-type=\"widget\" data-widget_type=\"image.default\">\n\t\t\t\t\t\t\t\t\t\t\t\t\t\t\t\t<a href=\"https:\/\/www.laurea.fi\/en\/\" target=\"_blank\">\n\t\t\t\t\t\t\t<img loading=\"lazy\" decoding=\"async\" width=\"222\" height=\"119\" src=\"https:\/\/jointstories.eu\/wp-content\/uploads\/2023\/04\/LAUREA.png\" class=\"elementor-animation-grow attachment-full size-full wp-image-2035\" alt=\"Laurea\" srcset=\"https:\/\/jointstories.eu\/wp-content\/uploads\/2023\/04\/LAUREA.png 222w, https:\/\/jointstories.eu\/wp-content\/uploads\/2023\/04\/LAUREA-18x10.png 18w\" sizes=\"(max-width: 222px) 100vw, 222px\" \/>\t\t\t\t\t\t\t\t<\/a>\n\t\t\t\t\t\t\t\t\t\t\t\t\t\t\t<\/div>\n\t\t\t\t\t<\/div>\n\t\t<\/div>\n\t\t\t\t<div class=\"elementor-column elementor-col-16 elementor-inner-column elementor-element elementor-element-244b5d3a\" data-id=\"244b5d3a\" data-element_type=\"column\" data-e-type=\"column\">\n\t\t\t<div class=\"elementor-widget-wrap elementor-element-populated\">\n\t\t\t\t\t\t<div class=\"elementor-element elementor-element-7c00bffe elementor-widget elementor-widget-image\" data-id=\"7c00bffe\" data-element_type=\"widget\" data-e-type=\"widget\" data-widget_type=\"image.default\">\n\t\t\t\t\t\t\t\t\t\t\t\t<figure class=\"wp-caption\">\n\t\t\t\t\t\t\t\t\t\t\t<a href=\"https:\/\/www.ucll.be\/en\" target=\"_blank\">\n\t\t\t\t\t\t\t<img loading=\"lazy\" decoding=\"async\" width=\"222\" height=\"119\" src=\"https:\/\/jointstories.eu\/wp-content\/uploads\/2023\/04\/Logo_UCLL_ENG_RGB_negatief.png\" class=\"elementor-animation-grow attachment-full size-full wp-image-2036\" alt=\"University of Applied Sciences\" srcset=\"https:\/\/jointstories.eu\/wp-content\/uploads\/2023\/04\/Logo_UCLL_ENG_RGB_negatief.png 222w, https:\/\/jointstories.eu\/wp-content\/uploads\/2023\/04\/Logo_UCLL_ENG_RGB_negatief-18x10.png 18w\" sizes=\"(max-width: 222px) 100vw, 222px\" \/>\t\t\t\t\t\t\t\t<\/a>\n\t\t\t\t\t\t\t\t\t\t\t<figcaption class=\"widget-image-caption wp-caption-text\"><\/figcaption>\n\t\t\t\t\t\t\t\t\t\t<\/figure>\n\t\t\t\t\t\t\t\t\t<\/div>\n\t\t\t\t\t<\/div>\n\t\t<\/div>\n\t\t\t\t<div class=\"elementor-column elementor-col-16 elementor-inner-column elementor-element elementor-element-68301664\" data-id=\"68301664\" data-element_type=\"column\" data-e-type=\"column\">\n\t\t\t<div class=\"elementor-widget-wrap elementor-element-populated\">\n\t\t\t\t\t\t<div class=\"elementor-element elementor-element-4e82646a elementor-widget elementor-widget-image\" data-id=\"4e82646a\" data-element_type=\"widget\" data-e-type=\"widget\" data-widget_type=\"image.default\">\n\t\t\t\t\t\t\t\t\t\t\t\t\t\t\t\t<a href=\"https:\/\/cesie.org\/\" target=\"_blank\">\n\t\t\t\t\t\t\t<img loading=\"lazy\" decoding=\"async\" width=\"222\" height=\"119\" src=\"https:\/\/jointstories.eu\/wp-content\/uploads\/2023\/04\/cesie.png\" class=\"elementor-animation-grow attachment-full size-full wp-image-2039\" alt=\"Cesie\" srcset=\"https:\/\/jointstories.eu\/wp-content\/uploads\/2023\/04\/cesie.png 222w, https:\/\/jointstories.eu\/wp-content\/uploads\/2023\/04\/cesie-18x10.png 18w\" sizes=\"(max-width: 222px) 100vw, 222px\" \/>\t\t\t\t\t\t\t\t<\/a>\n\t\t\t\t\t\t\t\t\t\t\t\t\t\t\t<\/div>\n\t\t\t\t\t<\/div>\n\t\t<\/div>\n\t\t\t\t<div class=\"elementor-column elementor-col-16 elementor-inner-column elementor-element elementor-element-ff667c6\" data-id=\"ff667c6\" data-element_type=\"column\" data-e-type=\"column\">\n\t\t\t<div class=\"elementor-widget-wrap elementor-element-populated\">\n\t\t\t\t\t\t<div class=\"elementor-element elementor-element-3b0979ca elementor-widget elementor-widget-image\" data-id=\"3b0979ca\" data-element_type=\"widget\" data-e-type=\"widget\" data-widget_type=\"image.default\">\n\t\t\t\t\t\t\t\t\t\t\t\t\t\t\t\t<a href=\"https:\/\/incoma-projects.eu\/\" target=\"_blank\">\n\t\t\t\t\t\t\t<img loading=\"lazy\" decoding=\"async\" width=\"222\" height=\"119\" src=\"https:\/\/jointstories.eu\/wp-content\/uploads\/2023\/04\/incoma.png\" class=\"elementor-animation-grow attachment-full size-full wp-image-2034\" alt=\"INCOMA\" srcset=\"https:\/\/jointstories.eu\/wp-content\/uploads\/2023\/04\/incoma.png 222w, https:\/\/jointstories.eu\/wp-content\/uploads\/2023\/04\/incoma-18x10.png 18w\" sizes=\"(max-width: 222px) 100vw, 222px\" \/>\t\t\t\t\t\t\t\t<\/a>\n\t\t\t\t\t\t\t\t\t\t\t\t\t\t\t<\/div>\n\t\t\t\t\t<\/div>\n\t\t<\/div>\n\t\t\t\t\t<\/div>\n\t\t<\/section>\n\t\t\t\t\t<\/div>\n\t\t<\/div>\n\t\t\t\t\t<\/div>\n\t\t<\/section>\n\t\t\t\t<\/div>","protected":false},"excerpt":{"rendered":"<p>Partners University of Maribor The Faculty of Criminal Justice and Security of University of Maribor (UM FCJS) is a university-level research and study institution in criminal justice and security studies, internationally acknowledged and taking part in developing knowledge, which constitutes a base for developing and offering internationally comparable undergraduate and postgraduate programs. The FCJS addresses the challenges of providing Slovenian society with a comprehensive criminal justice education system, not only because of the rapid development of this sector and the area of study but also because Slovenia is a member of the European Union, where the principle of the free movement of people, capital, goods, and services prevails. The mission of the Faculty of Criminal Justice and Security is to develop the field of criminal justice studies (also known as police and security studies) based on the traditional academic disciplines of law, sociology, psychology, political science, criminology, criminal investigation, organizational science, information security, and computer forensics. More information is available on the Faculty of Criminal Justice and Security (um.si) DANIJELA FRANGE\u017d Head of Chair of Criminal Investigation at the Faculty of Criminal Justice and Security, University of Maribor; Project Manager of UM FCJS team IZA KOKORAVEC POVH Chair of Criminal Investigation at the Faculty of Criminal Justice and Security, University of Maribor; Researcher in the UM FCJS team. EMP European Migrant Platform (EMP) is a newly established NGO (October 2020) in Brussels that aims to; promote equal treatment, equal rights, and better integration for migrants in Europe, encourage social and economic development through migration in Europe; support migrants to integrate into the economic, social, cultural and political spheres of the host society; build a bridge between migrants and the society of the host country bearing in the mind the importance of meaningful interactions, empathy, sense of belonging, mutual understanding, inclusion, wellbeing of the society as a whole; encourage the established migrants to play an active role in solving social problems and to be hospitable to newly arrived migrants and refugees. EMP realizes its objectives by mobilizing migrants and implementing various activities including awareness-raising on societal responsibilities and sensitivities. EMP has developed a strong network of migrants across Europe. EMP has members and volunteers from different backgrounds such as IT experts, entrepreneurs, teachers, doctors, academics, and journalists. The organization cooperates with different national, and international stakeholders to help refugees and migrants re-imagine their careers, but also lives. Handan Hosgoren Sayer Co-founder &amp; Senior EU Project Manager at European Migrant Platform Chiara Burzotta Project Management Intern at European Migrant Platform LAUREA Laurea University of Applied Sciences operates at six different campuses in Uusimaa region, Finland. There are about 9,900 students, 660 staff members and 34,700 alumni in our community. Our operations focus on people and interaction. The foundation of our values is formed by openness, impact, and responsibility. At Laurea, all pedagogical choices are guided by Laurea&#8217;s pedagogical guidelines: student and learning-centredness, competence-based approach, working life relevance, guidance, and flexibility. Laurea&#8217;s pedagogical programme contributes to the promotion of accessibility and equality in studying and teaching. The cornerstone of our pedagogical approach Learning by Developing (LbD) is that students don&#8217;t just analyze theoretical problems but continuously seek solutions to real-life situations emerging in the workplace. At Laurea, students have the opportunity to genuinely contribute to development and personal growth. Laurea&#8217;s fields of expertise in RDI activities are sustainable and versatile social and health care, coherent security, service business and circular economy, entrepreneurship as well as pedagogy co-creation. MINNA ANTHONI Senior Lecturer\/Correctional Services at Laurea UAS &amp; Project Specialist for the JeS Project\u200b Tiina Wikstr\u00f6m Project Manager for Laurea and the JeS Project. MINTTU R\u00c4TY Minttu R\u00e4ty works as Project Expert and Senior Lecturer, RDI at Laurea. UCLL UC Leuven is a higher education institution in Flanders, offering a variety of bachelor&#8217;s and advanced bachelor&#8217;s programs across multiple campuses, with a focus on teacher training, management, technology, health, and well-being. With over 15,000 students and 1,750 employees, it&#8217;s one of the largest in Flanders and emphasizes personalized student guidance. Our vision revolves around promoting innovative thinking and international cooperation, with a strong commitment to quality education. UCLL is part of the KU Leuven Association, known for practice-oriented research and services, aiming to provide future-proof knowledge and expertise. UCLL&#8217;s Research &amp; Expertise comprises 8 centers focused on various domains, including education, health, and sustainability, offering research-based solutions and lifelong learning opportunities. The Center of Expertise \u2018Inclusive Society\u2019 focuses on inclusion, diversity, and participation in three key areas: inclusive learning, participation, and equality. We employ participatory research methods, prioritize diversity sensitivity, and collaborate with various stakeholders to address societal issues. For more information, our website and research-expertise.ucll . V\u00e9ronique Pochet Veronique Pochet is a theologian and works as a researcher and teacher trainer at UC Leuven-Limburg. Katrien Mertens Katrien Mertens coordinates the Postgraduate International Educating Class at UC Leuven-Limburg. She is a lecturer in Intercultural Learning, Personal Growth and Scenario thinking. She has contributed to various national and international projects on these topics, including the recent ones such as &#8220;From Camp to Campus: Social investment in refugees and newcomers through Higher Education&#8221; (Research Foundation Flanders). She has also guided groups with varying levels of vulnerability (prisoners, adolescents in poverty, refugees) in different projects, using storytelling methods as a foundation. CESIE CESIE is a non-profit and non-governmental organisation based in Palermo (Italy) and established in 2001. CESIE is committed to promote the educational, cultural, social and economic development at local, national, European and international levels. CESIE contributes to growth and development through the active participation of people, civil society and institutions, always valuing diversity. Inspired by the work and life of Danilo Dolci, we focus our actions on the research of social needs and challenges and the use of innovative learning approaches. In this way, CESIE actively connects research with action through the use of formal and non-formal learning approaches. Chiara Francavilla Project Manager for CESIE. Paula Luise Goltzsche Project Manager for CESIE. INCOMA INCOMA is a training and research centre based in Seville (Spain) with<\/p>","protected":false},"author":8,"featured_media":0,"parent":0,"menu_order":0,"comment_status":"closed","ping_status":"closed","template":"","meta":{"site-sidebar-layout":"default","site-content-layout":"","ast-site-content-layout":"default","site-content-style":"default","site-sidebar-style":"default","ast-global-header-display":"","ast-banner-title-visibility":"","ast-main-header-display":"","ast-hfb-above-header-display":"","ast-hfb-below-header-display":"","ast-hfb-mobile-header-display":"","site-post-title":"disabled","ast-breadcrumbs-content":"","ast-featured-img":"","footer-sml-layout":"","ast-disable-related-posts":"","theme-transparent-header-meta":"","adv-header-id-meta":"","stick-header-meta":"","header-above-stick-meta":"","header-main-stick-meta":"","header-below-stick-meta":"","astra-migrate-meta-layouts":"set","ast-page-background-enabled":"default","ast-page-background-meta":{"desktop":{"background-color":"","background-image":"","background-repeat":"repeat","background-position":"center center","background-size":"auto","background-attachment":"scroll","background-type":"","background-media":"","overlay-type":"","overlay-color":"","overlay-opacity":"","overlay-gradient":""},"tablet":{"background-color":"","background-image":"","background-repeat":"repeat","background-position":"center center","background-size":"auto","background-attachment":"scroll","background-type":"","background-media":"","overlay-type":"","overlay-color":"","overlay-opacity":"","overlay-gradient":""},"mobile":{"background-color":"","background-image":"","background-repeat":"repeat","background-position":"center center","background-size":"auto","background-attachment":"scroll","background-type":"","background-media":"","overlay-type":"","overlay-color":"","overlay-opacity":"","overlay-gradient":""}},"ast-content-background-meta":{"desktop":{"background-color":"var(--ast-global-color-5)","background-image":"","background-repeat":"repeat","background-position":"center center","background-size":"auto","background-attachment":"scroll","background-type":"","background-media":"","overlay-type":"","overlay-color":"","overlay-opacity":"","overlay-gradient":""},"tablet":{"background-color":"var(--ast-global-color-5)","background-image":"","background-repeat":"repeat","background-position":"center center","background-size":"auto","background-attachment":"scroll","background-type":"","background-media":"","overlay-type":"","overlay-color":"","overlay-opacity":"","overlay-gradient":""},"mobile":{"background-color":"var(--ast-global-color-5)","background-image":"","background-repeat":"repeat","background-position":"center center","background-size":"auto","background-attachment":"scroll","background-type":"","background-media":"","overlay-type":"","overlay-color":"","overlay-opacity":"","overlay-gradient":""}},"footnotes":""},"class_list":["post-2","page","type-page","status-publish","hentry"],"yoast_head":"<!-- This site is optimized with the Yoast SEO plugin v27.5 - https:\/\/yoast.com\/product\/yoast-seo-wordpress\/ -->\n<title>Partners - JeS<\/title>\n<meta name=\"description\" content=\"Learn about the JeS Project&#039;s collaboration with international partners like the University of Maribor, Laurea, and the European Migrant Platform to promote human rights awareness, tackle human trafficking, and support migrant integration through innovative educational approaches and community engagement.\" \/>\n<meta name=\"robots\" content=\"index, follow, max-snippet:-1, max-image-preview:large, max-video-preview:-1\" \/>\n<link rel=\"canonical\" href=\"https:\/\/jointstories.eu\/it\/about-partners\/\" \/>\n<meta property=\"og:locale\" content=\"it_IT\" \/>\n<meta property=\"og:type\" content=\"article\" \/>\n<meta property=\"og:title\" content=\"Partners - JeS\" \/>\n<meta property=\"og:description\" content=\"Learn about the JeS Project&#039;s collaboration with international partners like the University of Maribor, Laurea, and the European Migrant Platform to promote human rights awareness, tackle human trafficking, and support migrant integration through innovative educational approaches and community engagement.\" \/>\n<meta property=\"og:url\" content=\"https:\/\/jointstories.eu\/it\/about-partners\/\" \/>\n<meta property=\"og:site_name\" content=\"JeS\" \/>\n<meta property=\"article:publisher\" content=\"https:\/\/www.facebook.com\/RestARTcreativity\/\" \/>\n<meta property=\"article:modified_time\" content=\"2025-12-22T13:22:11+00:00\" \/>\n<meta property=\"og:image\" content=\"https:\/\/jointstories.eu\/wp-content\/uploads\/2023\/04\/MAribor.png\" \/>\n<meta name=\"twitter:card\" content=\"summary_large_image\" \/>\n<meta name=\"twitter:site\" content=\"@restartproject4\" \/>\n<meta name=\"twitter:label1\" content=\"Tempo di lettura stimato\" \/>\n\t<meta name=\"twitter:data1\" content=\"10 minuti\" \/>\n<script type=\"application\/ld+json\" class=\"yoast-schema-graph\">{\"@context\":\"https:\\\/\\\/schema.org\",\"@graph\":[{\"@type\":\"WebPage\",\"@id\":\"https:\\\/\\\/jointstories.eu\\\/about-partners\\\/\",\"url\":\"https:\\\/\\\/jointstories.eu\\\/about-partners\\\/\",\"name\":\"Partners - JeS\",\"isPartOf\":{\"@id\":\"https:\\\/\\\/jointstories.eu\\\/#website\"},\"primaryImageOfPage\":{\"@id\":\"https:\\\/\\\/jointstories.eu\\\/about-partners\\\/#primaryimage\"},\"image\":{\"@id\":\"https:\\\/\\\/jointstories.eu\\\/about-partners\\\/#primaryimage\"},\"thumbnailUrl\":\"https:\\\/\\\/jointstories.eu\\\/wp-content\\\/uploads\\\/2023\\\/04\\\/MAribor.png\",\"datePublished\":\"2017-10-20T12:57:11+00:00\",\"dateModified\":\"2025-12-22T13:22:11+00:00\",\"description\":\"Learn about the JeS Project's collaboration with international partners like the University of Maribor, Laurea, and the European Migrant Platform to promote human rights awareness, tackle human trafficking, and support migrant integration through innovative educational approaches and community engagement.\",\"breadcrumb\":{\"@id\":\"https:\\\/\\\/jointstories.eu\\\/about-partners\\\/#breadcrumb\"},\"inLanguage\":\"it-IT\",\"potentialAction\":[{\"@type\":\"ReadAction\",\"target\":[\"https:\\\/\\\/jointstories.eu\\\/about-partners\\\/\"]}]},{\"@type\":\"ImageObject\",\"inLanguage\":\"it-IT\",\"@id\":\"https:\\\/\\\/jointstories.eu\\\/about-partners\\\/#primaryimage\",\"url\":\"https:\\\/\\\/jointstories.eu\\\/wp-content\\\/uploads\\\/2023\\\/04\\\/MAribor.png\",\"contentUrl\":\"https:\\\/\\\/jointstories.eu\\\/wp-content\\\/uploads\\\/2023\\\/04\\\/MAribor.png\"},{\"@type\":\"BreadcrumbList\",\"@id\":\"https:\\\/\\\/jointstories.eu\\\/about-partners\\\/#breadcrumb\",\"itemListElement\":[{\"@type\":\"ListItem\",\"position\":1,\"name\":\"Portada\",\"item\":\"https:\\\/\\\/jointstories.eu\\\/\"},{\"@type\":\"ListItem\",\"position\":2,\"name\":\"Partners\"}]},{\"@type\":\"WebSite\",\"@id\":\"https:\\\/\\\/jointstories.eu\\\/#website\",\"url\":\"https:\\\/\\\/jointstories.eu\\\/\",\"name\":\"JeS\",\"description\":\"Joint Stories: Journeys from fear to fair\",\"publisher\":{\"@id\":\"https:\\\/\\\/jointstories.eu\\\/#organization\"},\"potentialAction\":[{\"@type\":\"SearchAction\",\"target\":{\"@type\":\"EntryPoint\",\"urlTemplate\":\"https:\\\/\\\/jointstories.eu\\\/?s={search_term_string}\"},\"query-input\":{\"@type\":\"PropertyValueSpecification\",\"valueRequired\":true,\"valueName\":\"search_term_string\"}}],\"inLanguage\":\"it-IT\"},{\"@type\":\"Organization\",\"@id\":\"https:\\\/\\\/jointstories.eu\\\/#organization\",\"name\":\"JeS\",\"url\":\"https:\\\/\\\/jointstories.eu\\\/\",\"logo\":{\"@type\":\"ImageObject\",\"inLanguage\":\"it-IT\",\"@id\":\"https:\\\/\\\/jointstories.eu\\\/#\\\/schema\\\/logo\\\/image\\\/\",\"url\":\"https:\\\/\\\/jointstories.eu\\\/wp-content\\\/uploads\\\/2022\\\/05\\\/LogoHomeRestart1920x960.png\",\"contentUrl\":\"https:\\\/\\\/jointstories.eu\\\/wp-content\\\/uploads\\\/2022\\\/05\\\/LogoHomeRestart1920x960.png\",\"width\":1920,\"height\":960,\"caption\":\"JeS\"},\"image\":{\"@id\":\"https:\\\/\\\/jointstories.eu\\\/#\\\/schema\\\/logo\\\/image\\\/\"},\"sameAs\":[\"https:\\\/\\\/www.facebook.com\\\/RestARTcreativity\\\/\",\"https:\\\/\\\/x.com\\\/restartproject4\",\"https:\\\/\\\/www.instagram.com\\\/rest.artproject\\\/\",\"https:\\\/\\\/www.youtube.com\\\/channel\\\/UCn2A6wwqZxKR5Ss_sj4aBrQ\"]}]}<\/script>\n<!-- \/ Yoast SEO plugin. -->","yoast_head_json":{"title":"Partner - JeS","description":"Scopri di pi\u00f9 sulla collaborazione del progetto JeS con partner internazionali come l&#039;Universit\u00e0 di Maribor, Laurea e la Piattaforma europea per i migranti per promuovere la consapevolezza dei diritti umani, contrastare la tratta di esseri umani e sostenere l&#039;integrazione dei migranti attraverso approcci educativi innovativi e il coinvolgimento della comunit\u00e0.","robots":{"index":"index","follow":"follow","max-snippet":"max-snippet:-1","max-image-preview":"max-image-preview:large","max-video-preview":"max-video-preview:-1"},"canonical":"https:\/\/jointstories.eu\/it\/about-partners\/","og_locale":"it_IT","og_type":"article","og_title":"Partners - JeS","og_description":"Learn about the JeS Project's collaboration with international partners like the University of Maribor, Laurea, and the European Migrant Platform to promote human rights awareness, tackle human trafficking, and support migrant integration through innovative educational approaches and community engagement.","og_url":"https:\/\/jointstories.eu\/it\/about-partners\/","og_site_name":"JeS","article_publisher":"https:\/\/www.facebook.com\/RestARTcreativity\/","article_modified_time":"2025-12-22T13:22:11+00:00","og_image":[{"url":"https:\/\/jointstories.eu\/wp-content\/uploads\/2023\/04\/MAribor.png","type":"","width":"","height":""}],"twitter_card":"summary_large_image","twitter_site":"@restartproject4","twitter_misc":{"Tempo di lettura stimato":"10 minuti"},"schema":{"@context":"https:\/\/schema.org","@graph":[{"@type":"WebPage","@id":"https:\/\/jointstories.eu\/about-partners\/","url":"https:\/\/jointstories.eu\/about-partners\/","name":"Partner - JeS","isPartOf":{"@id":"https:\/\/jointstories.eu\/#website"},"primaryImageOfPage":{"@id":"https:\/\/jointstories.eu\/about-partners\/#primaryimage"},"image":{"@id":"https:\/\/jointstories.eu\/about-partners\/#primaryimage"},"thumbnailUrl":"https:\/\/jointstories.eu\/wp-content\/uploads\/2023\/04\/MAribor.png","datePublished":"2017-10-20T12:57:11+00:00","dateModified":"2025-12-22T13:22:11+00:00","description":"Scopri di pi\u00f9 sulla collaborazione del progetto JeS con partner internazionali come l&#039;Universit\u00e0 di Maribor, Laurea e la Piattaforma europea per i migranti per promuovere la consapevolezza dei diritti umani, contrastare la tratta di esseri umani e sostenere l&#039;integrazione dei migranti attraverso approcci educativi innovativi e il coinvolgimento della comunit\u00e0.","breadcrumb":{"@id":"https:\/\/jointstories.eu\/about-partners\/#breadcrumb"},"inLanguage":"it-IT","potentialAction":[{"@type":"ReadAction","target":["https:\/\/jointstories.eu\/about-partners\/"]}]},{"@type":"ImageObject","inLanguage":"it-IT","@id":"https:\/\/jointstories.eu\/about-partners\/#primaryimage","url":"https:\/\/jointstories.eu\/wp-content\/uploads\/2023\/04\/MAribor.png","contentUrl":"https:\/\/jointstories.eu\/wp-content\/uploads\/2023\/04\/MAribor.png"},{"@type":"BreadcrumbList","@id":"https:\/\/jointstories.eu\/about-partners\/#breadcrumb","itemListElement":[{"@type":"ListItem","position":1,"name":"Portada","item":"https:\/\/jointstories.eu\/"},{"@type":"ListItem","position":2,"name":"Partners"}]},{"@type":"WebSite","@id":"https:\/\/jointstories.eu\/#website","url":"https:\/\/jointstories.eu\/","name":"JeS","description":"Storie congiunte: viaggi dalla paura alla fiera","publisher":{"@id":"https:\/\/jointstories.eu\/#organization"},"potentialAction":[{"@type":"SearchAction","target":{"@type":"EntryPoint","urlTemplate":"https:\/\/jointstories.eu\/?s={search_term_string}"},"query-input":{"@type":"PropertyValueSpecification","valueRequired":true,"valueName":"search_term_string"}}],"inLanguage":"it-IT"},{"@type":"Organization","@id":"https:\/\/jointstories.eu\/#organization","name":"JeS","url":"https:\/\/jointstories.eu\/","logo":{"@type":"ImageObject","inLanguage":"it-IT","@id":"https:\/\/jointstories.eu\/#\/schema\/logo\/image\/","url":"https:\/\/jointstories.eu\/wp-content\/uploads\/2022\/05\/LogoHomeRestart1920x960.png","contentUrl":"https:\/\/jointstories.eu\/wp-content\/uploads\/2022\/05\/LogoHomeRestart1920x960.png","width":1920,"height":960,"caption":"JeS"},"image":{"@id":"https:\/\/jointstories.eu\/#\/schema\/logo\/image\/"},"sameAs":["https:\/\/www.facebook.com\/RestARTcreativity\/","https:\/\/x.com\/restartproject4","https:\/\/www.instagram.com\/rest.artproject\/","https:\/\/www.youtube.com\/channel\/UCn2A6wwqZxKR5Ss_sj4aBrQ"]}]}},"_links":{"self":[{"href":"https:\/\/jointstories.eu\/it\/wp-json\/wp\/v2\/pages\/2","targetHints":{"allow":["GET"]}}],"collection":[{"href":"https:\/\/jointstories.eu\/it\/wp-json\/wp\/v2\/pages"}],"about":[{"href":"https:\/\/jointstories.eu\/it\/wp-json\/wp\/v2\/types\/page"}],"author":[{"embeddable":true,"href":"https:\/\/jointstories.eu\/it\/wp-json\/wp\/v2\/users\/8"}],"replies":[{"embeddable":true,"href":"https:\/\/jointstories.eu\/it\/wp-json\/wp\/v2\/comments?post=2"}],"version-history":[{"count":120,"href":"https:\/\/jointstories.eu\/it\/wp-json\/wp\/v2\/pages\/2\/revisions"}],"predecessor-version":[{"id":5031,"href":"https:\/\/jointstories.eu\/it\/wp-json\/wp\/v2\/pages\/2\/revisions\/5031"}],"wp:attachment":[{"href":"https:\/\/jointstories.eu\/it\/wp-json\/wp\/v2\/media?parent=2"}],"curies":[{"name":"parola chiave","href":"https:\/\/api.w.org\/{rel}","templated":true}]}}