{"id":3549,"date":"2025-01-02T13:22:15","date_gmt":"2025-01-02T13:22:15","guid":{"rendered":"https:\/\/jointstories.eu\/?page_id=3549"},"modified":"2025-04-08T10:01:09","modified_gmt":"2025-04-08T10:01:09","slug":"multisensorial-space","status":"publish","type":"page","link":"https:\/\/jointstories.eu\/fr\/multisensorial-space\/","title":{"rendered":"Espace multisensoriel"},"content":{"rendered":"<div data-elementor-type=\"wp-page\" data-elementor-id=\"3549\" class=\"elementor elementor-3549\" data-elementor-settings=\"{&quot;ha_cmc_init_switcher&quot;:&quot;no&quot;}\">\n\t\t\t\t\t\t<section class=\"elementor-section elementor-top-section elementor-element elementor-element-06aecf6 elementor-section-full_width elementor-section-height-default elementor-section-height-default wpr-particle-no wpr-jarallax-no wpr-parallax-no wpr-sticky-section-no wpr-equal-height-no\" data-id=\"06aecf6\" data-element_type=\"section\" data-e-type=\"section\" data-settings=\"{&quot;background_background&quot;:&quot;gradient&quot;}\">\n\t\t\t\t\t\t\t<div class=\"elementor-background-overlay\"><\/div>\n\t\t\t\t\t\t\t<div class=\"elementor-container elementor-column-gap-no\">\n\t\t\t\t\t<div class=\"elementor-column elementor-col-100 elementor-top-column elementor-element elementor-element-da2720e\" data-id=\"da2720e\" data-element_type=\"column\" data-e-type=\"column\">\n\t\t\t<div class=\"elementor-widget-wrap elementor-element-populated\">\n\t\t\t\t\t\t<section class=\"elementor-section elementor-inner-section elementor-element elementor-element-af1eb4e elementor-section-boxed elementor-section-height-default elementor-section-height-default wpr-particle-no wpr-jarallax-no wpr-parallax-no wpr-sticky-section-no wpr-equal-height-no\" data-id=\"af1eb4e\" data-element_type=\"section\" data-e-type=\"section\">\n\t\t\t\t\t\t<div class=\"elementor-container elementor-column-gap-no\">\n\t\t\t\t\t<div class=\"elementor-column elementor-col-100 elementor-inner-column elementor-element elementor-element-41226e6\" data-id=\"41226e6\" data-element_type=\"column\" data-e-type=\"column\">\n\t\t\t<div class=\"elementor-widget-wrap elementor-element-populated\">\n\t\t\t\t\t\t<div class=\"elementor-element elementor-element-0d1df5c elementor-widget elementor-widget-heading\" data-id=\"0d1df5c\" data-element_type=\"widget\" data-e-type=\"widget\" data-widget_type=\"heading.default\">\n\t\t\t\t\t<h2 class=\"elementor-heading-title elementor-size-default\">Espace multisensoriel<\/h2>\t\t\t\t<\/div>\n\t\t\t\t<div class=\"elementor-element elementor-element-973b008 elementor-widget elementor-widget-text-editor\" data-id=\"973b008\" data-element_type=\"widget\" data-e-type=\"widget\" data-widget_type=\"text-editor.default\">\n\t\t\t\t\t\t\t\t\t<p>Du 25 au 29 novembre, la semaine de formation s&#039;est d\u00e9roul\u00e9e \u00e0 l&#039;Espace Multisensoriel h\u00e9berg\u00e9 par Laurea \u00e0 Vantaa, en Finlande.\u00a0<\/p><p>La m\u00e9thode multisensorielle fait appel \u00e0 plusieurs sens \u2013 la vue, l\u2019ou\u00efe, le toucher, le go\u00fbt et l\u2019odorat \u2013 pour cr\u00e9er une exp\u00e9rience plus riche et plus immersive. En cr\u00e9ant de tels environnements, les apprenants recherchent le c\u0153ur des concepts et des th\u00e8mes importants et, d\u2019autre part, associent les \u00e9motions \u00e0 l\u2019apprentissage. \u00c0 Laurea, la m\u00e9thode est utilis\u00e9e depuis 2007, notamment comme outil d\u2019apprentissage de la diversit\u00e9 et des rencontres.<\/p>\t\t\t\t\t\t\t\t<\/div>\n\t\t<div class=\"elementor-element elementor-element-cf7a19d e-grid e-con-boxed wpr-particle-no wpr-jarallax-no wpr-parallax-no wpr-sticky-section-no wpr-equal-height-no e-con e-parent\" data-id=\"cf7a19d\" data-element_type=\"container\" data-e-type=\"container\">\n\t\t\t\t\t<div class=\"e-con-inner\">\n\t\t\t\t<div class=\"elementor-element elementor-element-daab586 elementor-widget elementor-widget-image\" data-id=\"daab586\" data-element_type=\"widget\" data-e-type=\"widget\" data-widget_type=\"image.default\">\n\t\t\t\t\t\t\t\t\t\t\t\t\t\t\t<img fetchpriority=\"high\" decoding=\"async\" width=\"1024\" height=\"1024\" src=\"https:\/\/jointstories.eu\/wp-content\/uploads\/2025\/01\/IMG-20241129-WA0061-1024x1024.jpg\" class=\"attachment-large size-large wp-image-3567\" alt=\"\" srcset=\"https:\/\/jointstories.eu\/wp-content\/uploads\/2025\/01\/IMG-20241129-WA0061-1024x1024.jpg 1024w, https:\/\/jointstories.eu\/wp-content\/uploads\/2025\/01\/IMG-20241129-WA0061-300x300.jpg 300w, https:\/\/jointstories.eu\/wp-content\/uploads\/2025\/01\/IMG-20241129-WA0061-150x150.jpg 150w, https:\/\/jointstories.eu\/wp-content\/uploads\/2025\/01\/IMG-20241129-WA0061-768x768.jpg 768w, https:\/\/jointstories.eu\/wp-content\/uploads\/2025\/01\/IMG-20241129-WA0061-1536x1536.jpg 1536w, https:\/\/jointstories.eu\/wp-content\/uploads\/2025\/01\/IMG-20241129-WA0061-12x12.jpg 12w, https:\/\/jointstories.eu\/wp-content\/uploads\/2025\/01\/IMG-20241129-WA0061.jpg 2048w\" sizes=\"(max-width: 1024px) 100vw, 1024px\" \/>\t\t\t\t\t\t\t\t\t\t\t\t\t\t\t<\/div>\n\t\t\t\t<div class=\"elementor-element elementor-element-f29a443 elementor-widget elementor-widget-image\" data-id=\"f29a443\" data-element_type=\"widget\" data-e-type=\"widget\" data-widget_type=\"image.default\">\n\t\t\t\t\t\t\t\t\t\t\t\t\t\t\t<img decoding=\"async\" width=\"1024\" height=\"768\" src=\"https:\/\/jointstories.eu\/wp-content\/uploads\/2025\/01\/IMG-20241128-WA0018-1024x768.jpg\" class=\"attachment-large size-large wp-image-3568\" alt=\"\" srcset=\"https:\/\/jointstories.eu\/wp-content\/uploads\/2025\/01\/IMG-20241128-WA0018-1024x768.jpg 1024w, https:\/\/jointstories.eu\/wp-content\/uploads\/2025\/01\/IMG-20241128-WA0018-300x225.jpg 300w, https:\/\/jointstories.eu\/wp-content\/uploads\/2025\/01\/IMG-20241128-WA0018-768x576.jpg 768w, https:\/\/jointstories.eu\/wp-content\/uploads\/2025\/01\/IMG-20241128-WA0018-1536x1152.jpg 1536w, https:\/\/jointstories.eu\/wp-content\/uploads\/2025\/01\/IMG-20241128-WA0018-16x12.jpg 16w, https:\/\/jointstories.eu\/wp-content\/uploads\/2025\/01\/IMG-20241128-WA0018.jpg 2040w\" sizes=\"(max-width: 1024px) 100vw, 1024px\" \/>\t\t\t\t\t\t\t\t\t\t\t\t\t\t\t<\/div>\n\t\t\t\t<div class=\"elementor-element elementor-element-1a7d687 elementor-widget elementor-widget-image\" data-id=\"1a7d687\" data-element_type=\"widget\" data-e-type=\"widget\" data-widget_type=\"image.default\">\n\t\t\t\t\t\t\t\t\t\t\t\t\t\t\t<img decoding=\"async\" width=\"1024\" height=\"768\" src=\"https:\/\/jointstories.eu\/wp-content\/uploads\/2025\/01\/IMG-20241128-WA0015-1024x768.jpg\" class=\"attachment-large size-large wp-image-3569\" alt=\"\" srcset=\"https:\/\/jointstories.eu\/wp-content\/uploads\/2025\/01\/IMG-20241128-WA0015-1024x768.jpg 1024w, https:\/\/jointstories.eu\/wp-content\/uploads\/2025\/01\/IMG-20241128-WA0015-300x225.jpg 300w, https:\/\/jointstories.eu\/wp-content\/uploads\/2025\/01\/IMG-20241128-WA0015-768x576.jpg 768w, https:\/\/jointstories.eu\/wp-content\/uploads\/2025\/01\/IMG-20241128-WA0015-1536x1152.jpg 1536w, https:\/\/jointstories.eu\/wp-content\/uploads\/2025\/01\/IMG-20241128-WA0015-16x12.jpg 16w, https:\/\/jointstories.eu\/wp-content\/uploads\/2025\/01\/IMG-20241128-WA0015.jpg 1600w\" sizes=\"(max-width: 1024px) 100vw, 1024px\" \/>\t\t\t\t\t\t\t\t\t\t\t\t\t\t\t<\/div>\n\t\t\t\t<div class=\"elementor-element elementor-element-48a7faf elementor-widget elementor-widget-image\" data-id=\"48a7faf\" data-element_type=\"widget\" data-e-type=\"widget\" data-widget_type=\"image.default\">\n\t\t\t\t\t\t\t\t\t\t\t\t\t\t\t<img loading=\"lazy\" decoding=\"async\" width=\"1024\" height=\"768\" src=\"https:\/\/jointstories.eu\/wp-content\/uploads\/2025\/01\/IMG_3041-1024x768.jpg\" class=\"attachment-large size-large wp-image-3570\" alt=\"\" srcset=\"https:\/\/jointstories.eu\/wp-content\/uploads\/2025\/01\/IMG_3041-1024x768.jpg 1024w, https:\/\/jointstories.eu\/wp-content\/uploads\/2025\/01\/IMG_3041-300x225.jpg 300w, https:\/\/jointstories.eu\/wp-content\/uploads\/2025\/01\/IMG_3041-768x576.jpg 768w, https:\/\/jointstories.eu\/wp-content\/uploads\/2025\/01\/IMG_3041-1536x1152.jpg 1536w, https:\/\/jointstories.eu\/wp-content\/uploads\/2025\/01\/IMG_3041-2048x1536.jpg 2048w, https:\/\/jointstories.eu\/wp-content\/uploads\/2025\/01\/IMG_3041-16x12.jpg 16w\" sizes=\"(max-width: 1024px) 100vw, 1024px\" \/>\t\t\t\t\t\t\t\t\t\t\t\t\t\t\t<\/div>\n\t\t\t\t<div class=\"elementor-element elementor-element-85fb08a elementor-widget elementor-widget-image\" data-id=\"85fb08a\" data-element_type=\"widget\" data-e-type=\"widget\" data-widget_type=\"image.default\">\n\t\t\t\t\t\t\t\t\t\t\t\t\t\t\t<img loading=\"lazy\" decoding=\"async\" width=\"768\" height=\"1024\" src=\"https:\/\/jointstories.eu\/wp-content\/uploads\/2025\/01\/20241127_120846-768x1024.jpg\" class=\"attachment-large size-large wp-image-3571\" alt=\"\" srcset=\"https:\/\/jointstories.eu\/wp-content\/uploads\/2025\/01\/20241127_120846-768x1024.jpg 768w, https:\/\/jointstories.eu\/wp-content\/uploads\/2025\/01\/20241127_120846-225x300.jpg 225w, https:\/\/jointstories.eu\/wp-content\/uploads\/2025\/01\/20241127_120846-1152x1536.jpg 1152w, https:\/\/jointstories.eu\/wp-content\/uploads\/2025\/01\/20241127_120846-1536x2048.jpg 1536w, https:\/\/jointstories.eu\/wp-content\/uploads\/2025\/01\/20241127_120846-9x12.jpg 9w, https:\/\/jointstories.eu\/wp-content\/uploads\/2025\/01\/20241127_120846-scaled.jpg 1920w\" sizes=\"(max-width: 768px) 100vw, 768px\" \/>\t\t\t\t\t\t\t\t\t\t\t\t\t\t\t<\/div>\n\t\t\t\t<div class=\"elementor-element elementor-element-bd3a742 elementor-widget elementor-widget-image\" data-id=\"bd3a742\" data-element_type=\"widget\" data-e-type=\"widget\" data-widget_type=\"image.default\">\n\t\t\t\t\t\t\t\t\t\t\t\t\t\t\t<img loading=\"lazy\" decoding=\"async\" width=\"768\" height=\"1024\" src=\"https:\/\/jointstories.eu\/wp-content\/uploads\/2025\/01\/20241127_105847-768x1024.jpg\" class=\"attachment-large size-large wp-image-3572\" alt=\"\" srcset=\"https:\/\/jointstories.eu\/wp-content\/uploads\/2025\/01\/20241127_105847-768x1024.jpg 768w, https:\/\/jointstories.eu\/wp-content\/uploads\/2025\/01\/20241127_105847-225x300.jpg 225w, https:\/\/jointstories.eu\/wp-content\/uploads\/2025\/01\/20241127_105847-1152x1536.jpg 1152w, https:\/\/jointstories.eu\/wp-content\/uploads\/2025\/01\/20241127_105847-1536x2048.jpg 1536w, https:\/\/jointstories.eu\/wp-content\/uploads\/2025\/01\/20241127_105847-9x12.jpg 9w, https:\/\/jointstories.eu\/wp-content\/uploads\/2025\/01\/20241127_105847-scaled.jpg 1920w\" sizes=\"(max-width: 768px) 100vw, 768px\" \/>\t\t\t\t\t\t\t\t\t\t\t\t\t\t\t<\/div>\n\t\t\t\t\t<\/div>\n\t\t\t\t<\/div>\n\t\t\t\t\t<\/div>\n\t\t<\/div>\n\t\t\t\t\t<\/div>\n\t\t<\/section>\n\t\t\t\t\t<\/div>\n\t\t<\/div>\n\t\t\t\t\t<\/div>\n\t\t<\/section>\n\t\t\t\t<section class=\"elementor-section elementor-top-section elementor-element elementor-element-2bed4b5b elementor-section-full_width elementor-section-height-default elementor-section-height-default wpr-particle-no wpr-jarallax-no wpr-parallax-no wpr-sticky-section-no wpr-equal-height-no\" data-id=\"2bed4b5b\" data-element_type=\"section\" data-e-type=\"section\" data-settings=\"{&quot;background_background&quot;:&quot;gradient&quot;}\">\n\t\t\t\t\t\t<div class=\"elementor-container elementor-column-gap-default\">\n\t\t\t\t\t<div class=\"elementor-column elementor-col-100 elementor-top-column elementor-element elementor-element-1a48d057\" data-id=\"1a48d057\" data-element_type=\"column\" data-e-type=\"column\" data-settings=\"{&quot;background_background&quot;:&quot;classic&quot;}\">\n\t\t\t<div class=\"elementor-widget-wrap elementor-element-populated\">\n\t\t\t\t\t<div class=\"elementor-background-overlay\"><\/div>\n\t\t\t\t\t\t<div class=\"elementor-element elementor-element-469026d9 elementor-widget elementor-widget-heading\" data-id=\"469026d9\" data-element_type=\"widget\" data-e-type=\"widget\" data-widget_type=\"heading.default\">\n\t\t\t\t\t<h3 class=\"elementor-heading-title elementor-size-default\">Les partenaires<\/h3>\t\t\t\t<\/div>\n\t\t\t\t<section class=\"elementor-section elementor-inner-section elementor-element elementor-element-1f1bd07 elementor-section-full_width elementor-section-height-default elementor-section-height-default wpr-particle-no wpr-jarallax-no wpr-parallax-no wpr-sticky-section-no wpr-equal-height-no\" data-id=\"1f1bd07\" data-element_type=\"section\" data-e-type=\"section\" data-settings=\"{&quot;background_background&quot;:&quot;classic&quot;}\">\n\t\t\t\t\t\t<div class=\"elementor-container elementor-column-gap-no\">\n\t\t\t\t\t<div class=\"elementor-column elementor-col-16 elementor-inner-column elementor-element elementor-element-5477a70d\" data-id=\"5477a70d\" data-element_type=\"column\" data-e-type=\"column\">\n\t\t\t<div class=\"elementor-widget-wrap elementor-element-populated\">\n\t\t\t\t\t\t<div class=\"elementor-element elementor-element-549238b1 elementor-widget elementor-widget-image\" data-id=\"549238b1\" data-element_type=\"widget\" data-e-type=\"widget\" data-widget_type=\"image.default\">\n\t\t\t\t\t\t\t\t\t\t\t\t\t\t\t\t<a href=\"https:\/\/www.um.si\/en\/home-page\/\" target=\"_blank\">\n\t\t\t\t\t\t\t<img loading=\"lazy\" decoding=\"async\" width=\"222\" height=\"119\" src=\"https:\/\/jointstories.eu\/wp-content\/uploads\/2023\/04\/MAribor.png\" class=\"elementor-animation-grow attachment-full size-full wp-image-2037\" alt=\"University of Maribor\" srcset=\"https:\/\/jointstories.eu\/wp-content\/uploads\/2023\/04\/MAribor.png 222w, https:\/\/jointstories.eu\/wp-content\/uploads\/2023\/04\/MAribor-18x10.png 18w\" sizes=\"(max-width: 222px) 100vw, 222px\" \/>\t\t\t\t\t\t\t\t<\/a>\n\t\t\t\t\t\t\t\t\t\t\t\t\t\t\t<\/div>\n\t\t\t\t\t<\/div>\n\t\t<\/div>\n\t\t\t\t<div class=\"elementor-column elementor-col-16 elementor-inner-column elementor-element elementor-element-6d7ed06\" data-id=\"6d7ed06\" data-element_type=\"column\" data-e-type=\"column\">\n\t\t\t<div class=\"elementor-widget-wrap elementor-element-populated\">\n\t\t\t\t\t\t<div class=\"elementor-element elementor-element-5d97e29b elementor-widget elementor-widget-image\" data-id=\"5d97e29b\" data-element_type=\"widget\" data-e-type=\"widget\" data-widget_type=\"image.default\">\n\t\t\t\t\t\t\t\t\t\t\t\t\t\t\t\t<a href=\"https:\/\/europeanmigrantplatform.eu\/\" target=\"_blank\">\n\t\t\t\t\t\t\t<img loading=\"lazy\" decoding=\"async\" width=\"222\" height=\"119\" src=\"https:\/\/jointstories.eu\/wp-content\/uploads\/2023\/04\/EMP.png\" class=\"elementor-animation-grow attachment-full size-full wp-image-2033\" alt=\"European Migrant Platform\" srcset=\"https:\/\/jointstories.eu\/wp-content\/uploads\/2023\/04\/EMP.png 222w, https:\/\/jointstories.eu\/wp-content\/uploads\/2023\/04\/EMP-18x10.png 18w\" sizes=\"(max-width: 222px) 100vw, 222px\" \/>\t\t\t\t\t\t\t\t<\/a>\n\t\t\t\t\t\t\t\t\t\t\t\t\t\t\t<\/div>\n\t\t\t\t\t<\/div>\n\t\t<\/div>\n\t\t\t\t<div class=\"elementor-column elementor-col-16 elementor-inner-column elementor-element elementor-element-76cc1744\" data-id=\"76cc1744\" data-element_type=\"column\" data-e-type=\"column\">\n\t\t\t<div class=\"elementor-widget-wrap elementor-element-populated\">\n\t\t\t\t\t\t<div class=\"elementor-element elementor-element-498f0c6a elementor-widget elementor-widget-image\" data-id=\"498f0c6a\" data-element_type=\"widget\" data-e-type=\"widget\" data-widget_type=\"image.default\">\n\t\t\t\t\t\t\t\t\t\t\t\t\t\t\t\t<a href=\"https:\/\/www.laurea.fi\/en\/\" target=\"_blank\">\n\t\t\t\t\t\t\t<img loading=\"lazy\" decoding=\"async\" width=\"222\" height=\"119\" src=\"https:\/\/jointstories.eu\/wp-content\/uploads\/2023\/04\/LAUREA.png\" class=\"elementor-animation-grow attachment-full size-full wp-image-2035\" alt=\"Laurea\" srcset=\"https:\/\/jointstories.eu\/wp-content\/uploads\/2023\/04\/LAUREA.png 222w, https:\/\/jointstories.eu\/wp-content\/uploads\/2023\/04\/LAUREA-18x10.png 18w\" sizes=\"(max-width: 222px) 100vw, 222px\" \/>\t\t\t\t\t\t\t\t<\/a>\n\t\t\t\t\t\t\t\t\t\t\t\t\t\t\t<\/div>\n\t\t\t\t\t<\/div>\n\t\t<\/div>\n\t\t\t\t<div class=\"elementor-column elementor-col-16 elementor-inner-column elementor-element elementor-element-368aa5e0\" data-id=\"368aa5e0\" data-element_type=\"column\" data-e-type=\"column\">\n\t\t\t<div class=\"elementor-widget-wrap elementor-element-populated\">\n\t\t\t\t\t\t<div class=\"elementor-element elementor-element-6a8bb22 elementor-widget elementor-widget-image\" data-id=\"6a8bb22\" data-element_type=\"widget\" data-e-type=\"widget\" data-widget_type=\"image.default\">\n\t\t\t\t\t\t\t\t\t\t\t\t<figure class=\"wp-caption\">\n\t\t\t\t\t\t\t\t\t\t\t<a href=\"https:\/\/www.ucll.be\/en\" target=\"_blank\">\n\t\t\t\t\t\t\t<img loading=\"lazy\" decoding=\"async\" width=\"222\" height=\"119\" src=\"https:\/\/jointstories.eu\/wp-content\/uploads\/2023\/04\/Logo_UCLL_ENG_RGB_negatief.png\" class=\"elementor-animation-grow attachment-full size-full wp-image-2036\" alt=\"University of Applied Sciences\" srcset=\"https:\/\/jointstories.eu\/wp-content\/uploads\/2023\/04\/Logo_UCLL_ENG_RGB_negatief.png 222w, https:\/\/jointstories.eu\/wp-content\/uploads\/2023\/04\/Logo_UCLL_ENG_RGB_negatief-18x10.png 18w\" sizes=\"(max-width: 222px) 100vw, 222px\" \/>\t\t\t\t\t\t\t\t<\/a>\n\t\t\t\t\t\t\t\t\t\t\t<figcaption class=\"widget-image-caption wp-caption-text\"><\/figcaption>\n\t\t\t\t\t\t\t\t\t\t<\/figure>\n\t\t\t\t\t\t\t\t\t<\/div>\n\t\t\t\t\t<\/div>\n\t\t<\/div>\n\t\t\t\t<div class=\"elementor-column elementor-col-16 elementor-inner-column elementor-element elementor-element-1a633769\" data-id=\"1a633769\" data-element_type=\"column\" data-e-type=\"column\">\n\t\t\t<div class=\"elementor-widget-wrap elementor-element-populated\">\n\t\t\t\t\t\t<div class=\"elementor-element elementor-element-52ecc24d elementor-widget elementor-widget-image\" data-id=\"52ecc24d\" data-element_type=\"widget\" data-e-type=\"widget\" data-widget_type=\"image.default\">\n\t\t\t\t\t\t\t\t\t\t\t\t\t\t\t\t<a href=\"https:\/\/cesie.org\/\" target=\"_blank\">\n\t\t\t\t\t\t\t<img loading=\"lazy\" decoding=\"async\" width=\"222\" height=\"119\" src=\"https:\/\/jointstories.eu\/wp-content\/uploads\/2023\/04\/cesie.png\" class=\"elementor-animation-grow attachment-full size-full wp-image-2039\" alt=\"Cesie\" srcset=\"https:\/\/jointstories.eu\/wp-content\/uploads\/2023\/04\/cesie.png 222w, https:\/\/jointstories.eu\/wp-content\/uploads\/2023\/04\/cesie-18x10.png 18w\" sizes=\"(max-width: 222px) 100vw, 222px\" \/>\t\t\t\t\t\t\t\t<\/a>\n\t\t\t\t\t\t\t\t\t\t\t\t\t\t\t<\/div>\n\t\t\t\t\t<\/div>\n\t\t<\/div>\n\t\t\t\t<div class=\"elementor-column elementor-col-16 elementor-inner-column elementor-element elementor-element-158fa6f6\" data-id=\"158fa6f6\" data-element_type=\"column\" data-e-type=\"column\">\n\t\t\t<div class=\"elementor-widget-wrap elementor-element-populated\">\n\t\t\t\t\t\t<div class=\"elementor-element elementor-element-415c7812 elementor-widget elementor-widget-image\" data-id=\"415c7812\" data-element_type=\"widget\" data-e-type=\"widget\" data-widget_type=\"image.default\">\n\t\t\t\t\t\t\t\t\t\t\t\t\t\t\t\t<a href=\"https:\/\/incoma-projects.eu\/\" target=\"_blank\">\n\t\t\t\t\t\t\t<img loading=\"lazy\" decoding=\"async\" width=\"222\" height=\"119\" src=\"https:\/\/jointstories.eu\/wp-content\/uploads\/2023\/04\/incoma.png\" class=\"elementor-animation-grow attachment-full size-full wp-image-2034\" alt=\"INCOMA\" srcset=\"https:\/\/jointstories.eu\/wp-content\/uploads\/2023\/04\/incoma.png 222w, https:\/\/jointstories.eu\/wp-content\/uploads\/2023\/04\/incoma-18x10.png 18w\" sizes=\"(max-width: 222px) 100vw, 222px\" \/>\t\t\t\t\t\t\t\t<\/a>\n\t\t\t\t\t\t\t\t\t\t\t\t\t\t\t<\/div>\n\t\t\t\t\t<\/div>\n\t\t<\/div>\n\t\t\t\t\t<\/div>\n\t\t<\/section>\n\t\t\t\t\t<\/div>\n\t\t<\/div>\n\t\t\t\t\t<\/div>\n\t\t<\/section>\n\t\t\t\t<\/div>","protected":false},"excerpt":{"rendered":"<p>Espace multisensoriel. Du 25 au 29 novembre, la semaine de formation s&#039;est d\u00e9roul\u00e9e \u00e0 l&#039;Espace multisensoriel de Laurea \u00e0 Vantaa, en Finlande. La m\u00e9thode multisensorielle fait appel \u00e0 plusieurs sens \u2013 vue, ou\u00efe, toucher, go\u00fbt et odorat \u2013 pour cr\u00e9er une exp\u00e9rience plus riche et plus immersive. En cr\u00e9ant de tels environnements, les apprenants recherchent le c\u0153ur des concepts et des th\u00e8mes et, d&#039;autre part, associent les \u00e9motions \u00e0 l&#039;apprentissage. Chez Laurea, cette m\u00e9thode est utilis\u00e9e depuis 2007, notamment comme outil d&#039;apprentissage de la diversit\u00e9 et des rencontres. Partenaires<\/p>","protected":false},"author":8,"featured_media":0,"parent":0,"menu_order":0,"comment_status":"closed","ping_status":"closed","template":"","meta":{"site-sidebar-layout":"no-sidebar","site-content-layout":"page-builder","ast-site-content-layout":"full-width-container","site-content-style":"unboxed","site-sidebar-style":"unboxed","ast-global-header-display":"","ast-banner-title-visibility":"","ast-main-header-display":"","ast-hfb-above-header-display":"","ast-hfb-below-header-display":"","ast-hfb-mobile-header-display":"","site-post-title":"disabled","ast-breadcrumbs-content":"","ast-featured-img":"disabled","footer-sml-layout":"","ast-disable-related-posts":"","theme-transparent-header-meta":"","adv-header-id-meta":"","stick-header-meta":"","header-above-stick-meta":"","header-main-stick-meta":"","header-below-stick-meta":"","astra-migrate-meta-layouts":"set","ast-page-background-enabled":"default","ast-page-background-meta":{"desktop":{"background-color":"","background-image":"","background-repeat":"repeat","background-position":"center center","background-size":"auto","background-attachment":"scroll","background-type":"","background-media":"","overlay-type":"","overlay-color":"","overlay-opacity":"","overlay-gradient":""},"tablet":{"background-color":"","background-image":"","background-repeat":"repeat","background-position":"center center","background-size":"auto","background-attachment":"scroll","background-type":"","background-media":"","overlay-type":"","overlay-color":"","overlay-opacity":"","overlay-gradient":""},"mobile":{"background-color":"","background-image":"","background-repeat":"repeat","background-position":"center center","background-size":"auto","background-attachment":"scroll","background-type":"","background-media":"","overlay-type":"","overlay-color":"","overlay-opacity":"","overlay-gradient":""}},"ast-content-background-meta":{"desktop":{"background-color":"var(--ast-global-color-5)","background-image":"","background-repeat":"repeat","background-position":"center center","background-size":"auto","background-attachment":"scroll","background-type":"","background-media":"","overlay-type":"","overlay-color":"","overlay-opacity":"","overlay-gradient":""},"tablet":{"background-color":"var(--ast-global-color-5)","background-image":"","background-repeat":"repeat","background-position":"center center","background-size":"auto","background-attachment":"scroll","background-type":"","background-media":"","overlay-type":"","overlay-color":"","overlay-opacity":"","overlay-gradient":""},"mobile":{"background-color":"var(--ast-global-color-5)","background-image":"","background-repeat":"repeat","background-position":"center center","background-size":"auto","background-attachment":"scroll","background-type":"","background-media":"","overlay-type":"","overlay-color":"","overlay-opacity":"","overlay-gradient":""}},"footnotes":""},"class_list":["post-3549","page","type-page","status-publish","hentry"],"yoast_head":"<!-- This site is optimized with the Yoast SEO plugin v27.5 - https:\/\/yoast.com\/product\/yoast-seo-wordpress\/ -->\n<title>Multisensory Space - JeS<\/title>\n<meta name=\"description\" content=\"The Multisensory Space training week, held from 25 to 29 November at Laurea in Vantaa, Finland, explored the power of multisensory learning methods to enhance understanding of diversity and human encounters. This immersive approach engages multiple senses to create meaningful learning experiences.\" \/>\n<meta name=\"robots\" content=\"index, follow, max-snippet:-1, max-image-preview:large, max-video-preview:-1\" \/>\n<link rel=\"canonical\" href=\"https:\/\/jointstories.eu\/fr\/multisensorial-space\/\" \/>\n<meta property=\"og:locale\" content=\"fr_FR\" \/>\n<meta property=\"og:type\" content=\"article\" \/>\n<meta property=\"og:title\" content=\"Multisensory Space - JeS\" \/>\n<meta property=\"og:description\" content=\"The Multisensory Space training week, held from 25 to 29 November at Laurea in Vantaa, Finland, explored the power of multisensory learning methods to enhance understanding of diversity and human encounters. This immersive approach engages multiple senses to create meaningful learning experiences.\" \/>\n<meta property=\"og:url\" content=\"https:\/\/jointstories.eu\/fr\/multisensorial-space\/\" \/>\n<meta property=\"og:site_name\" content=\"JeS\" \/>\n<meta property=\"article:publisher\" content=\"https:\/\/www.facebook.com\/RestARTcreativity\/\" \/>\n<meta property=\"article:modified_time\" content=\"2025-04-08T10:01:09+00:00\" \/>\n<meta property=\"og:image\" content=\"https:\/\/jointstories.eu\/wp-content\/uploads\/2025\/01\/IMG-20241129-WA0061-1024x1024.jpg\" \/>\n<meta name=\"twitter:card\" content=\"summary_large_image\" \/>\n<meta name=\"twitter:site\" content=\"@restartproject4\" \/>\n<meta name=\"twitter:label1\" content=\"Dur\u00e9e de lecture estim\u00e9e\" \/>\n\t<meta name=\"twitter:data1\" content=\"3 minutes\" \/>\n<script type=\"application\/ld+json\" class=\"yoast-schema-graph\">{\"@context\":\"https:\\\/\\\/schema.org\",\"@graph\":[{\"@type\":\"WebPage\",\"@id\":\"https:\\\/\\\/jointstories.eu\\\/multisensorial-space\\\/\",\"url\":\"https:\\\/\\\/jointstories.eu\\\/multisensorial-space\\\/\",\"name\":\"Multisensory Space - JeS\",\"isPartOf\":{\"@id\":\"https:\\\/\\\/jointstories.eu\\\/#website\"},\"primaryImageOfPage\":{\"@id\":\"https:\\\/\\\/jointstories.eu\\\/multisensorial-space\\\/#primaryimage\"},\"image\":{\"@id\":\"https:\\\/\\\/jointstories.eu\\\/multisensorial-space\\\/#primaryimage\"},\"thumbnailUrl\":\"https:\\\/\\\/jointstories.eu\\\/wp-content\\\/uploads\\\/2025\\\/01\\\/IMG-20241129-WA0061-1024x1024.jpg\",\"datePublished\":\"2025-01-02T13:22:15+00:00\",\"dateModified\":\"2025-04-08T10:01:09+00:00\",\"description\":\"The Multisensory Space training week, held from 25 to 29 November at Laurea in Vantaa, Finland, explored the power of multisensory learning methods to enhance understanding of diversity and human encounters. This immersive approach engages multiple senses to create meaningful learning experiences.\",\"breadcrumb\":{\"@id\":\"https:\\\/\\\/jointstories.eu\\\/multisensorial-space\\\/#breadcrumb\"},\"inLanguage\":\"fr-FR\",\"potentialAction\":[{\"@type\":\"ReadAction\",\"target\":[\"https:\\\/\\\/jointstories.eu\\\/multisensorial-space\\\/\"]}]},{\"@type\":\"ImageObject\",\"inLanguage\":\"fr-FR\",\"@id\":\"https:\\\/\\\/jointstories.eu\\\/multisensorial-space\\\/#primaryimage\",\"url\":\"https:\\\/\\\/jointstories.eu\\\/wp-content\\\/uploads\\\/2025\\\/01\\\/IMG-20241129-WA0061-1024x1024.jpg\",\"contentUrl\":\"https:\\\/\\\/jointstories.eu\\\/wp-content\\\/uploads\\\/2025\\\/01\\\/IMG-20241129-WA0061-1024x1024.jpg\"},{\"@type\":\"BreadcrumbList\",\"@id\":\"https:\\\/\\\/jointstories.eu\\\/multisensorial-space\\\/#breadcrumb\",\"itemListElement\":[{\"@type\":\"ListItem\",\"position\":1,\"name\":\"Portada\",\"item\":\"https:\\\/\\\/jointstories.eu\\\/\"},{\"@type\":\"ListItem\",\"position\":2,\"name\":\"Multisensory Space\"}]},{\"@type\":\"WebSite\",\"@id\":\"https:\\\/\\\/jointstories.eu\\\/#website\",\"url\":\"https:\\\/\\\/jointstories.eu\\\/\",\"name\":\"JeS\",\"description\":\"Joint Stories: Journeys from fear to fair\",\"publisher\":{\"@id\":\"https:\\\/\\\/jointstories.eu\\\/#organization\"},\"potentialAction\":[{\"@type\":\"SearchAction\",\"target\":{\"@type\":\"EntryPoint\",\"urlTemplate\":\"https:\\\/\\\/jointstories.eu\\\/?s={search_term_string}\"},\"query-input\":{\"@type\":\"PropertyValueSpecification\",\"valueRequired\":true,\"valueName\":\"search_term_string\"}}],\"inLanguage\":\"fr-FR\"},{\"@type\":\"Organization\",\"@id\":\"https:\\\/\\\/jointstories.eu\\\/#organization\",\"name\":\"JeS\",\"url\":\"https:\\\/\\\/jointstories.eu\\\/\",\"logo\":{\"@type\":\"ImageObject\",\"inLanguage\":\"fr-FR\",\"@id\":\"https:\\\/\\\/jointstories.eu\\\/#\\\/schema\\\/logo\\\/image\\\/\",\"url\":\"https:\\\/\\\/jointstories.eu\\\/wp-content\\\/uploads\\\/2022\\\/05\\\/LogoHomeRestart1920x960.png\",\"contentUrl\":\"https:\\\/\\\/jointstories.eu\\\/wp-content\\\/uploads\\\/2022\\\/05\\\/LogoHomeRestart1920x960.png\",\"width\":1920,\"height\":960,\"caption\":\"JeS\"},\"image\":{\"@id\":\"https:\\\/\\\/jointstories.eu\\\/#\\\/schema\\\/logo\\\/image\\\/\"},\"sameAs\":[\"https:\\\/\\\/www.facebook.com\\\/RestARTcreativity\\\/\",\"https:\\\/\\\/x.com\\\/restartproject4\",\"https:\\\/\\\/www.instagram.com\\\/rest.artproject\\\/\",\"https:\\\/\\\/www.youtube.com\\\/channel\\\/UCn2A6wwqZxKR5Ss_sj4aBrQ\"]}]}<\/script>\n<!-- \/ Yoast SEO plugin. -->","yoast_head_json":{"title":"Espace multisensoriel - JeS","description":"La semaine de formation \u00ab\u00a0Espace Multisensoriel\u00a0\u00bb, organis\u00e9e du 25 au 29 novembre \u00e0 Laurea \u00e0 Vantaa, en Finlande, a explor\u00e9 le potentiel des m\u00e9thodes d&#039;apprentissage multisensorielles pour am\u00e9liorer la compr\u00e9hension de la diversit\u00e9 et des rencontres humaines. Cette approche immersive sollicite plusieurs sens pour cr\u00e9er des exp\u00e9riences d&#039;apprentissage enrichissantes.","robots":{"index":"index","follow":"follow","max-snippet":"max-snippet:-1","max-image-preview":"max-image-preview:large","max-video-preview":"max-video-preview:-1"},"canonical":"https:\/\/jointstories.eu\/fr\/multisensorial-space\/","og_locale":"fr_FR","og_type":"article","og_title":"Multisensory Space - JeS","og_description":"The Multisensory Space training week, held from 25 to 29 November at Laurea in Vantaa, Finland, explored the power of multisensory learning methods to enhance understanding of diversity and human encounters. This immersive approach engages multiple senses to create meaningful learning experiences.","og_url":"https:\/\/jointstories.eu\/fr\/multisensorial-space\/","og_site_name":"JeS","article_publisher":"https:\/\/www.facebook.com\/RestARTcreativity\/","article_modified_time":"2025-04-08T10:01:09+00:00","og_image":[{"url":"https:\/\/jointstories.eu\/wp-content\/uploads\/2025\/01\/IMG-20241129-WA0061-1024x1024.jpg","type":"","width":"","height":""}],"twitter_card":"summary_large_image","twitter_site":"@restartproject4","twitter_misc":{"Dur\u00e9e de lecture estim\u00e9e":"3 minutes"},"schema":{"@context":"https:\/\/schema.org","@graph":[{"@type":"WebPage","@id":"https:\/\/jointstories.eu\/multisensorial-space\/","url":"https:\/\/jointstories.eu\/multisensorial-space\/","name":"Espace multisensoriel - JeS","isPartOf":{"@id":"https:\/\/jointstories.eu\/#website"},"primaryImageOfPage":{"@id":"https:\/\/jointstories.eu\/multisensorial-space\/#primaryimage"},"image":{"@id":"https:\/\/jointstories.eu\/multisensorial-space\/#primaryimage"},"thumbnailUrl":"https:\/\/jointstories.eu\/wp-content\/uploads\/2025\/01\/IMG-20241129-WA0061-1024x1024.jpg","datePublished":"2025-01-02T13:22:15+00:00","dateModified":"2025-04-08T10:01:09+00:00","description":"La semaine de formation \u00ab\u00a0Espace Multisensoriel\u00a0\u00bb, organis\u00e9e du 25 au 29 novembre \u00e0 Laurea \u00e0 Vantaa, en Finlande, a explor\u00e9 le potentiel des m\u00e9thodes d&#039;apprentissage multisensorielles pour am\u00e9liorer la compr\u00e9hension de la diversit\u00e9 et des rencontres humaines. Cette approche immersive sollicite plusieurs sens pour cr\u00e9er des exp\u00e9riences d&#039;apprentissage enrichissantes.","breadcrumb":{"@id":"https:\/\/jointstories.eu\/multisensorial-space\/#breadcrumb"},"inLanguage":"fr-FR","potentialAction":[{"@type":"ReadAction","target":["https:\/\/jointstories.eu\/multisensorial-space\/"]}]},{"@type":"ImageObject","inLanguage":"fr-FR","@id":"https:\/\/jointstories.eu\/multisensorial-space\/#primaryimage","url":"https:\/\/jointstories.eu\/wp-content\/uploads\/2025\/01\/IMG-20241129-WA0061-1024x1024.jpg","contentUrl":"https:\/\/jointstories.eu\/wp-content\/uploads\/2025\/01\/IMG-20241129-WA0061-1024x1024.jpg"},{"@type":"BreadcrumbList","@id":"https:\/\/jointstories.eu\/multisensorial-space\/#breadcrumb","itemListElement":[{"@type":"ListItem","position":1,"name":"Portada","item":"https:\/\/jointstories.eu\/"},{"@type":"ListItem","position":2,"name":"Multisensory Space"}]},{"@type":"WebSite","@id":"https:\/\/jointstories.eu\/#website","url":"https:\/\/jointstories.eu\/","name":"JeS","description":"Histoires communes\u00a0: voyages de la peur \u00e0 l\u2019\u00e9quit\u00e9","publisher":{"@id":"https:\/\/jointstories.eu\/#organization"},"potentialAction":[{"@type":"SearchAction","target":{"@type":"EntryPoint","urlTemplate":"https:\/\/jointstories.eu\/?s={search_term_string}"},"query-input":{"@type":"PropertyValueSpecification","valueRequired":true,"valueName":"search_term_string"}}],"inLanguage":"fr-FR"},{"@type":"Organization","@id":"https:\/\/jointstories.eu\/#organization","name":"JeS","url":"https:\/\/jointstories.eu\/","logo":{"@type":"ImageObject","inLanguage":"fr-FR","@id":"https:\/\/jointstories.eu\/#\/schema\/logo\/image\/","url":"https:\/\/jointstories.eu\/wp-content\/uploads\/2022\/05\/LogoHomeRestart1920x960.png","contentUrl":"https:\/\/jointstories.eu\/wp-content\/uploads\/2022\/05\/LogoHomeRestart1920x960.png","width":1920,"height":960,"caption":"JeS"},"image":{"@id":"https:\/\/jointstories.eu\/#\/schema\/logo\/image\/"},"sameAs":["https:\/\/www.facebook.com\/RestARTcreativity\/","https:\/\/x.com\/restartproject4","https:\/\/www.instagram.com\/rest.artproject\/","https:\/\/www.youtube.com\/channel\/UCn2A6wwqZxKR5Ss_sj4aBrQ"]}]}},"_links":{"self":[{"href":"https:\/\/jointstories.eu\/fr\/wp-json\/wp\/v2\/pages\/3549","targetHints":{"allow":["GET"]}}],"collection":[{"href":"https:\/\/jointstories.eu\/fr\/wp-json\/wp\/v2\/pages"}],"about":[{"href":"https:\/\/jointstories.eu\/fr\/wp-json\/wp\/v2\/types\/page"}],"author":[{"embeddable":true,"href":"https:\/\/jointstories.eu\/fr\/wp-json\/wp\/v2\/users\/8"}],"replies":[{"embeddable":true,"href":"https:\/\/jointstories.eu\/fr\/wp-json\/wp\/v2\/comments?post=3549"}],"version-history":[{"count":11,"href":"https:\/\/jointstories.eu\/fr\/wp-json\/wp\/v2\/pages\/3549\/revisions"}],"predecessor-version":[{"id":3577,"href":"https:\/\/jointstories.eu\/fr\/wp-json\/wp\/v2\/pages\/3549\/revisions\/3577"}],"wp:attachment":[{"href":"https:\/\/jointstories.eu\/fr\/wp-json\/wp\/v2\/media?parent=3549"}],"curies":[{"name":"wp","href":"https:\/\/api.w.org\/{rel}","templated":true}]}}