{"id":2,"date":"2017-10-20T12:57:11","date_gmt":"2017-10-20T12:57:11","guid":{"rendered":"https:\/\/jointstories.eu\/?page_id=2"},"modified":"2025-12-22T13:22:11","modified_gmt":"2025-12-22T13:22:11","slug":"about-partners","status":"publish","type":"page","link":"https:\/\/jointstories.eu\/es\/about-partners\/","title":{"rendered":"Consorcio"},"content":{"rendered":"<div data-elementor-type=\"wp-page\" data-elementor-id=\"2\" class=\"elementor elementor-2\" data-elementor-settings=\"{&quot;ha_cmc_init_switcher&quot;:&quot;no&quot;}\">\n\t\t\t\t\t\t<section class=\"elementor-section elementor-top-section elementor-element elementor-element-4a5cfd0f elementor-section-boxed elementor-section-height-default elementor-section-height-default wpr-particle-no wpr-jarallax-no wpr-parallax-no wpr-sticky-section-no wpr-equal-height-no\" data-id=\"4a5cfd0f\" data-element_type=\"section\" data-e-type=\"section\" data-settings=\"{&quot;background_background&quot;:&quot;gradient&quot;}\">\n\t\t\t\t\t\t<div class=\"elementor-container elementor-column-gap-default\">\n\t\t\t\t\t<div class=\"elementor-column elementor-col-100 elementor-top-column elementor-element elementor-element-74019858\" data-id=\"74019858\" data-element_type=\"column\" data-e-type=\"column\">\n\t\t\t<div class=\"elementor-widget-wrap elementor-element-populated\">\n\t\t\t\t\t\t<div class=\"elementor-element elementor-element-73262e14 elementor-widget elementor-widget-heading\" data-id=\"73262e14\" data-element_type=\"widget\" data-e-type=\"widget\" data-widget_type=\"heading.default\">\n\t\t\t\t\t<h1 class=\"elementor-heading-title elementor-size-default\">Consorcio<\/h1>\t\t\t\t<\/div>\n\t\t\t\t\t<\/div>\n\t\t<\/div>\n\t\t\t\t\t<\/div>\n\t\t<\/section>\n\t\t\t\t<section class=\"elementor-section elementor-top-section elementor-element elementor-element-d7i3yu6 elementor-section-boxed elementor-section-height-default elementor-section-height-default wpr-particle-no wpr-jarallax-no wpr-parallax-no wpr-sticky-section-no wpr-equal-height-no\" data-id=\"d7i3yu6\" data-element_type=\"section\" data-e-type=\"section\">\n\t\t\t\t\t\t<div class=\"elementor-container elementor-column-gap-no\">\n\t\t\t\t\t<div class=\"elementor-column elementor-col-100 elementor-top-column elementor-element elementor-element-50d4d7f\" data-id=\"50d4d7f\" data-element_type=\"column\" data-e-type=\"column\">\n\t\t\t<div class=\"elementor-widget-wrap elementor-element-populated\">\n\t\t\t\t\t\t<div class=\"elementor-element elementor-element-92c8793 elementor-position-right elementor-vertical-align-top elementor-widget elementor-widget-image-box\" data-id=\"92c8793\" data-element_type=\"widget\" data-e-type=\"widget\" data-widget_type=\"image-box.default\">\n\t\t\t\t\t<div class=\"elementor-image-box-wrapper\"><figure class=\"elementor-image-box-img\"><a href=\"https:\/\/www.fvv.um.si\/en\/\" target=\"_blank\" tabindex=\"-1\"><img decoding=\"async\" width=\"222\" height=\"119\" src=\"https:\/\/jointstories.eu\/wp-content\/uploads\/2023\/04\/MAribor.png\" class=\"elementor-animation-grow attachment-full size-full wp-image-2037\" alt=\"University of Maribor\" srcset=\"https:\/\/jointstories.eu\/wp-content\/uploads\/2023\/04\/MAribor.png 222w, https:\/\/jointstories.eu\/wp-content\/uploads\/2023\/04\/MAribor-18x10.png 18w\" sizes=\"(max-width: 222px) 100vw, 222px\" \/><\/a><\/figure><div class=\"elementor-image-box-content\"><h3 class=\"elementor-image-box-title\"><a href=\"https:\/\/www.fvv.um.si\/en\/\" target=\"_blank\">Universidad de Maribor<\/a><\/h3><p class=\"elementor-image-box-description\">La Facultad de Justicia Penal y Seguridad de la Universidad de Maribor (UM FCJS) es una instituci\u00f3n de investigaci\u00f3n y estudio de nivel universitario en justicia penal y estudios de seguridad, reconocida internacionalmente y que participa en el desarrollo de conocimientos, lo que constituye una base para desarrollar y ofrecer productos comparables a nivel internacional. programas de pregrado y posgrado. La FCJS aborda los desaf\u00edos de brindar a la sociedad eslovena un sistema educativo integral en justicia penal, no s\u00f3lo por el r\u00e1pido desarrollo de este sector y el \u00e1rea de estudio sino tambi\u00e9n porque Eslovenia es miembro de la Uni\u00f3n Europea, donde el principio de la libertad Prevalece el movimiento de personas, capitales, bienes y servicios. La misi\u00f3n de la Facultad de Justicia Penal y Seguridad es desarrollar el campo de los estudios de justicia penal (tambi\u00e9n conocidos como estudios policiales y de seguridad) basados en las disciplinas acad\u00e9micas tradicionales de derecho, sociolog\u00eda, psicolog\u00eda, ciencias pol\u00edticas, criminolog\u00eda, investigaci\u00f3n criminal, organizaci\u00f3n. ciencia, seguridad de la informaci\u00f3n e inform\u00e1tica forense. M\u00e1s informaci\u00f3n est\u00e1 disponible en la Facultad de Justicia Penal y Seguridad (um.si)<\/p><\/div><\/div>\t\t\t\t<\/div>\n\t\t\t\t\t<\/div>\n\t\t<\/div>\n\t\t\t\t\t<\/div>\n\t\t<\/section>\n\t\t\t\t<section class=\"elementor-section elementor-top-section elementor-element elementor-element-a081d84 elementor-section-boxed elementor-section-height-default elementor-section-height-default wpr-particle-no wpr-jarallax-no wpr-parallax-no wpr-sticky-section-no wpr-equal-height-no\" data-id=\"a081d84\" data-element_type=\"section\" data-e-type=\"section\">\n\t\t\t\t\t\t<div class=\"elementor-container elementor-column-gap-no\">\n\t\t\t\t\t<div class=\"elementor-column elementor-col-50 elementor-top-column elementor-element elementor-element-9580b38\" data-id=\"9580b38\" data-element_type=\"column\" data-e-type=\"column\">\n\t\t\t<div class=\"elementor-widget-wrap elementor-element-populated\">\n\t\t\t\t\t\t<section class=\"elementor-section elementor-inner-section elementor-element elementor-element-a353c64 elementor-section-content-middle elementor-section-boxed elementor-section-height-default elementor-section-height-default wpr-particle-no wpr-jarallax-no wpr-parallax-no wpr-sticky-section-no wpr-equal-height-no\" data-id=\"a353c64\" data-element_type=\"section\" data-e-type=\"section\">\n\t\t\t\t\t\t<div class=\"elementor-container elementor-column-gap-no\">\n\t\t\t\t\t<div class=\"elementor-column elementor-col-50 elementor-inner-column elementor-element elementor-element-fea87b2\" data-id=\"fea87b2\" data-element_type=\"column\" data-e-type=\"column\">\n\t\t\t<div class=\"elementor-widget-wrap elementor-element-populated\">\n\t\t\t\t\t\t<div class=\"elementor-element elementor-element-3762745 elementor-widget elementor-widget-image\" data-id=\"3762745\" data-element_type=\"widget\" data-e-type=\"widget\" data-widget_type=\"image.default\">\n\t\t\t\t\t\t\t\t\t\t\t\t\t\t\t<img fetchpriority=\"high\" decoding=\"async\" width=\"1024\" height=\"1024\" src=\"https:\/\/jointstories.eu\/wp-content\/uploads\/2023\/10\/Danijela-Frangez-scaled-e1696414069149-1024x1024.jpg\" class=\"attachment-large size-large wp-image-2539\" alt=\"\" srcset=\"https:\/\/jointstories.eu\/wp-content\/uploads\/2023\/10\/Danijela-Frangez-scaled-e1696414069149-1024x1024.jpg 1024w, https:\/\/jointstories.eu\/wp-content\/uploads\/2023\/10\/Danijela-Frangez-scaled-e1696414069149-300x300.jpg 300w, https:\/\/jointstories.eu\/wp-content\/uploads\/2023\/10\/Danijela-Frangez-scaled-e1696414069149-150x150.jpg 150w, https:\/\/jointstories.eu\/wp-content\/uploads\/2023\/10\/Danijela-Frangez-scaled-e1696414069149-768x768.jpg 768w, https:\/\/jointstories.eu\/wp-content\/uploads\/2023\/10\/Danijela-Frangez-scaled-e1696414069149-1536x1536.jpg 1536w, https:\/\/jointstories.eu\/wp-content\/uploads\/2023\/10\/Danijela-Frangez-scaled-e1696414069149-12x12.jpg 12w, https:\/\/jointstories.eu\/wp-content\/uploads\/2023\/10\/Danijela-Frangez-scaled-e1696414069149.jpg 1702w\" sizes=\"(max-width: 1024px) 100vw, 1024px\" \/>\t\t\t\t\t\t\t\t\t\t\t\t\t\t\t<\/div>\n\t\t\t\t\t<\/div>\n\t\t<\/div>\n\t\t\t\t<div class=\"elementor-column elementor-col-50 elementor-inner-column elementor-element elementor-element-5551d85\" data-id=\"5551d85\" data-element_type=\"column\" data-e-type=\"column\">\n\t\t\t<div class=\"elementor-widget-wrap elementor-element-populated\">\n\t\t\t\t\t\t<div class=\"elementor-element elementor-element-8d8a3e9 elementor-vertical-align-top elementor-widget elementor-widget-image-box\" data-id=\"8d8a3e9\" data-element_type=\"widget\" data-e-type=\"widget\" data-widget_type=\"image-box.default\">\n\t\t\t\t\t<div class=\"elementor-image-box-wrapper\"><div class=\"elementor-image-box-content\"><h4 class=\"elementor-image-box-title\">DANIJELA FRANGE\u017d<\/h4><p class=\"elementor-image-box-description\">\nJefe de la C\u00e1tedra de Investigaci\u00f3n Criminal de la Facultad de Justicia Penal y Seguridad de la Universidad de Maribor; Responsable de proyecto del equipo UM FCJS<\/p><\/div><\/div>\t\t\t\t<\/div>\n\t\t\t\t\t<\/div>\n\t\t<\/div>\n\t\t\t\t\t<\/div>\n\t\t<\/section>\n\t\t\t\t\t<\/div>\n\t\t<\/div>\n\t\t\t\t<div class=\"elementor-column elementor-col-50 elementor-top-column elementor-element elementor-element-2407b1a\" data-id=\"2407b1a\" data-element_type=\"column\" data-e-type=\"column\">\n\t\t\t<div class=\"elementor-widget-wrap elementor-element-populated\">\n\t\t\t\t\t\t<section class=\"elementor-section elementor-inner-section elementor-element elementor-element-50ddea3 elementor-section-content-middle elementor-section-boxed elementor-section-height-default elementor-section-height-default wpr-particle-no wpr-jarallax-no wpr-parallax-no wpr-sticky-section-no wpr-equal-height-no\" data-id=\"50ddea3\" data-element_type=\"section\" data-e-type=\"section\">\n\t\t\t\t\t\t<div class=\"elementor-container elementor-column-gap-no\">\n\t\t\t\t\t<div class=\"elementor-column elementor-col-50 elementor-inner-column elementor-element elementor-element-fcc3d4b\" data-id=\"fcc3d4b\" data-element_type=\"column\" data-e-type=\"column\">\n\t\t\t<div class=\"elementor-widget-wrap elementor-element-populated\">\n\t\t\t\t\t\t<div class=\"elementor-element elementor-element-8fc12c8 elementor-widget elementor-widget-image\" data-id=\"8fc12c8\" data-element_type=\"widget\" data-e-type=\"widget\" data-widget_type=\"image.default\">\n\t\t\t\t\t\t\t\t\t\t\t\t\t\t\t<img decoding=\"async\" width=\"1024\" height=\"852\" src=\"https:\/\/jointstories.eu\/wp-content\/uploads\/2024\/12\/IMG_20230609_101317-1024x852.jpg\" class=\"attachment-large size-large wp-image-3543\" alt=\"\" srcset=\"https:\/\/jointstories.eu\/wp-content\/uploads\/2024\/12\/IMG_20230609_101317-1024x852.jpg 1024w, https:\/\/jointstories.eu\/wp-content\/uploads\/2024\/12\/IMG_20230609_101317-300x249.jpg 300w, https:\/\/jointstories.eu\/wp-content\/uploads\/2024\/12\/IMG_20230609_101317-768x639.jpg 768w, https:\/\/jointstories.eu\/wp-content\/uploads\/2024\/12\/IMG_20230609_101317-1536x1277.jpg 1536w, https:\/\/jointstories.eu\/wp-content\/uploads\/2024\/12\/IMG_20230609_101317-2048x1703.jpg 2048w, https:\/\/jointstories.eu\/wp-content\/uploads\/2024\/12\/IMG_20230609_101317-14x12.jpg 14w\" sizes=\"(max-width: 1024px) 100vw, 1024px\" \/>\t\t\t\t\t\t\t\t\t\t\t\t\t\t\t<\/div>\n\t\t\t\t\t<\/div>\n\t\t<\/div>\n\t\t\t\t<div class=\"elementor-column elementor-col-50 elementor-inner-column elementor-element elementor-element-347301d\" data-id=\"347301d\" data-element_type=\"column\" data-e-type=\"column\">\n\t\t\t<div class=\"elementor-widget-wrap elementor-element-populated\">\n\t\t\t\t\t\t<div class=\"elementor-element elementor-element-7799fc9 elementor-vertical-align-top elementor-widget elementor-widget-image-box\" data-id=\"7799fc9\" data-element_type=\"widget\" data-e-type=\"widget\" data-widget_type=\"image-box.default\">\n\t\t\t\t\t<div class=\"elementor-image-box-wrapper\"><div class=\"elementor-image-box-content\"><h4 class=\"elementor-image-box-title\">IZA KOKORAVEC POVH<\/h4><p class=\"elementor-image-box-description\">C\u00e1tedra de Investigaci\u00f3n Criminal en la Facultad de Justicia Penal y Seguridad, Universidad de Maribor; Investigadora del equipo UM FCJS.\n<\/p><\/div><\/div>\t\t\t\t<\/div>\n\t\t\t\t\t<\/div>\n\t\t<\/div>\n\t\t\t\t\t<\/div>\n\t\t<\/section>\n\t\t\t\t\t<\/div>\n\t\t<\/div>\n\t\t\t\t\t<\/div>\n\t\t<\/section>\n\t\t\t\t<section class=\"elementor-section elementor-top-section elementor-element elementor-element-8108413 elementor-section-boxed elementor-section-height-default elementor-section-height-default wpr-particle-no wpr-jarallax-no wpr-parallax-no wpr-sticky-section-no wpr-equal-height-no\" data-id=\"8108413\" data-element_type=\"section\" data-e-type=\"section\">\n\t\t\t\t\t\t<div class=\"elementor-container elementor-column-gap-no\">\n\t\t\t\t\t<div class=\"elementor-column elementor-col-100 elementor-top-column elementor-element elementor-element-a14740a\" data-id=\"a14740a\" data-element_type=\"column\" data-e-type=\"column\">\n\t\t\t<div class=\"elementor-widget-wrap elementor-element-populated\">\n\t\t\t\t\t\t<div class=\"elementor-element elementor-element-3f7cbba elementor-position-right elementor-vertical-align-top elementor-widget elementor-widget-image-box\" data-id=\"3f7cbba\" data-element_type=\"widget\" data-e-type=\"widget\" data-widget_type=\"image-box.default\">\n\t\t\t\t\t<div class=\"elementor-image-box-wrapper\"><figure class=\"elementor-image-box-img\"><a href=\"https:\/\/www.fvv.um.si\/en\/\" target=\"_blank\" tabindex=\"-1\"><img loading=\"lazy\" decoding=\"async\" width=\"222\" height=\"119\" src=\"https:\/\/jointstories.eu\/wp-content\/uploads\/2023\/04\/EMP.png\" class=\"elementor-animation-grow attachment-full size-full wp-image-2033\" alt=\"European Migrant Platform\" srcset=\"https:\/\/jointstories.eu\/wp-content\/uploads\/2023\/04\/EMP.png 222w, https:\/\/jointstories.eu\/wp-content\/uploads\/2023\/04\/EMP-18x10.png 18w\" sizes=\"(max-width: 222px) 100vw, 222px\" \/><\/a><\/figure><div class=\"elementor-image-box-content\"><h3 class=\"elementor-image-box-title\"><a href=\"https:\/\/www.fvv.um.si\/en\/\" target=\"_blank\">PEM<\/a><\/h3><p class=\"elementor-image-box-description\">La Plataforma Europea de Migrantes (EMP) es una ONG recientemente establecida (octubre de 2020) en Bruselas que tiene como objetivo; promover la igualdad de trato, la igualdad de derechos y una mejor integraci\u00f3n de los inmigrantes en Europa; fomentar el desarrollo social y econ\u00f3mico a trav\u00e9s de la migraci\u00f3n en Europa; apoyar a los inmigrantes para que se integren en las esferas econ\u00f3mica, social, cultural y pol\u00edtica de la sociedad de acogida; construir un puente entre los migrantes y la sociedad del pa\u00eds de acogida teniendo en cuenta la importancia de las interacciones significativas, la empat\u00eda, el sentido de pertenencia, la comprensi\u00f3n mutua, la inclusi\u00f3n y el bienestar de la sociedad en su conjunto; alentar a los inmigrantes establecidos a desempe\u00f1ar un papel activo en la soluci\u00f3n de los problemas sociales y a ser hospitalarios con los inmigrantes y refugiados reci\u00e9n llegados. EMP logra sus objetivos movilizando a los migrantes e implementando diversas actividades, incluida la sensibilizaci\u00f3n sobre las responsabilidades y sensibilidades sociales. EMP ha desarrollado una s\u00f3lida red de inmigrantes en toda Europa. EMP cuenta con miembros y voluntarios de diferentes or\u00edgenes, como expertos en TI, empresarios, profesores, m\u00e9dicos, acad\u00e9micos y periodistas. La organizaci\u00f3n coopera con diferentes partes interesadas nacionales e internacionales para ayudar a los refugiados y migrantes a reimaginar sus carreras, pero tambi\u00e9n sus vidas.\n<\/p><\/div><\/div>\t\t\t\t<\/div>\n\t\t\t\t\t<\/div>\n\t\t<\/div>\n\t\t\t\t\t<\/div>\n\t\t<\/section>\n\t\t\t\t<section class=\"elementor-section elementor-top-section elementor-element elementor-element-9fd0bef elementor-section-boxed elementor-section-height-default elementor-section-height-default wpr-particle-no wpr-jarallax-no wpr-parallax-no wpr-sticky-section-no wpr-equal-height-no\" data-id=\"9fd0bef\" data-element_type=\"section\" data-e-type=\"section\">\n\t\t\t\t\t\t<div class=\"elementor-container elementor-column-gap-no\">\n\t\t\t\t\t<div class=\"elementor-column elementor-col-50 elementor-top-column elementor-element elementor-element-e3a78bb\" data-id=\"e3a78bb\" data-element_type=\"column\" data-e-type=\"column\">\n\t\t\t<div class=\"elementor-widget-wrap elementor-element-populated\">\n\t\t\t\t\t\t<section class=\"elementor-section elementor-inner-section elementor-element elementor-element-bc4ae71 elementor-section-content-middle elementor-section-boxed elementor-section-height-default elementor-section-height-default wpr-particle-no wpr-jarallax-no wpr-parallax-no wpr-sticky-section-no wpr-equal-height-no\" data-id=\"bc4ae71\" data-element_type=\"section\" data-e-type=\"section\">\n\t\t\t\t\t\t<div class=\"elementor-container elementor-column-gap-no\">\n\t\t\t\t\t<div class=\"elementor-column elementor-col-50 elementor-inner-column elementor-element elementor-element-f439252\" data-id=\"f439252\" data-element_type=\"column\" data-e-type=\"column\">\n\t\t\t<div class=\"elementor-widget-wrap elementor-element-populated\">\n\t\t\t\t\t\t<div class=\"elementor-element elementor-element-c61a724 elementor-widget elementor-widget-image\" data-id=\"c61a724\" data-element_type=\"widget\" data-e-type=\"widget\" data-widget_type=\"image.default\">\n\t\t\t\t\t\t\t\t\t\t\t\t\t\t\t<img loading=\"lazy\" decoding=\"async\" width=\"657\" height=\"933\" src=\"https:\/\/jointstories.eu\/wp-content\/uploads\/2024\/03\/EMP_HandanHosgoren.jpg\" class=\"attachment-large size-large wp-image-2702\" alt=\"Handan Hosgoren\" srcset=\"https:\/\/jointstories.eu\/wp-content\/uploads\/2024\/03\/EMP_HandanHosgoren.jpg 657w, https:\/\/jointstories.eu\/wp-content\/uploads\/2024\/03\/EMP_HandanHosgoren-211x300.jpg 211w, https:\/\/jointstories.eu\/wp-content\/uploads\/2024\/03\/EMP_HandanHosgoren-8x12.jpg 8w\" sizes=\"(max-width: 657px) 100vw, 657px\" \/>\t\t\t\t\t\t\t\t\t\t\t\t\t\t\t<\/div>\n\t\t\t\t\t<\/div>\n\t\t<\/div>\n\t\t\t\t<div class=\"elementor-column elementor-col-50 elementor-inner-column elementor-element elementor-element-4ca318e\" data-id=\"4ca318e\" data-element_type=\"column\" data-e-type=\"column\">\n\t\t\t<div class=\"elementor-widget-wrap elementor-element-populated\">\n\t\t\t\t\t\t<div class=\"elementor-element elementor-element-e554826 elementor-vertical-align-top elementor-widget elementor-widget-image-box\" data-id=\"e554826\" data-element_type=\"widget\" data-e-type=\"widget\" data-widget_type=\"image-box.default\">\n\t\t\t\t\t<div class=\"elementor-image-box-wrapper\"><div class=\"elementor-image-box-content\"><h4 class=\"elementor-image-box-title\">Handan Hosgoren Sayer<\/h4><p class=\"elementor-image-box-description\">Cofundador y gestor s\u00e9nior de proyectos de la UE en la Plataforma Europea de Migrantes \n<\/p><\/div><\/div>\t\t\t\t<\/div>\n\t\t\t\t\t<\/div>\n\t\t<\/div>\n\t\t\t\t\t<\/div>\n\t\t<\/section>\n\t\t\t\t\t<\/div>\n\t\t<\/div>\n\t\t\t\t<div class=\"elementor-column elementor-col-50 elementor-top-column elementor-element elementor-element-0ce56cb\" data-id=\"0ce56cb\" data-element_type=\"column\" data-e-type=\"column\">\n\t\t\t<div class=\"elementor-widget-wrap elementor-element-populated\">\n\t\t\t\t\t\t<section class=\"elementor-section elementor-inner-section elementor-element elementor-element-a62956e elementor-section-content-middle elementor-section-boxed elementor-section-height-default elementor-section-height-default wpr-particle-no wpr-jarallax-no wpr-parallax-no wpr-sticky-section-no wpr-equal-height-no\" data-id=\"a62956e\" data-element_type=\"section\" data-e-type=\"section\">\n\t\t\t\t\t\t<div class=\"elementor-container elementor-column-gap-no\">\n\t\t\t\t\t<div class=\"elementor-column elementor-col-50 elementor-inner-column elementor-element elementor-element-c78454d\" data-id=\"c78454d\" data-element_type=\"column\" data-e-type=\"column\">\n\t\t\t<div class=\"elementor-widget-wrap elementor-element-populated\">\n\t\t\t\t\t\t<div class=\"elementor-element elementor-element-1641a2e elementor-widget elementor-widget-image\" data-id=\"1641a2e\" data-element_type=\"widget\" data-e-type=\"widget\" data-widget_type=\"image.default\">\n\t\t\t\t\t\t\t\t\t\t\t\t\t\t\t<img loading=\"lazy\" decoding=\"async\" width=\"768\" height=\"1024\" src=\"https:\/\/jointstories.eu\/wp-content\/uploads\/2025\/04\/IMG_7003-768x1024.jpeg\" class=\"attachment-large size-large wp-image-3722\" alt=\"\" srcset=\"https:\/\/jointstories.eu\/wp-content\/uploads\/2025\/04\/IMG_7003-768x1024.jpeg 768w, https:\/\/jointstories.eu\/wp-content\/uploads\/2025\/04\/IMG_7003-225x300.jpeg 225w, https:\/\/jointstories.eu\/wp-content\/uploads\/2025\/04\/IMG_7003-1152x1536.jpeg 1152w, https:\/\/jointstories.eu\/wp-content\/uploads\/2025\/04\/IMG_7003-9x12.jpeg 9w, https:\/\/jointstories.eu\/wp-content\/uploads\/2025\/04\/IMG_7003.jpeg 1472w\" sizes=\"(max-width: 768px) 100vw, 768px\" \/>\t\t\t\t\t\t\t\t\t\t\t\t\t\t\t<\/div>\n\t\t\t\t\t<\/div>\n\t\t<\/div>\n\t\t\t\t<div class=\"elementor-column elementor-col-50 elementor-inner-column elementor-element elementor-element-2b74b5f\" data-id=\"2b74b5f\" data-element_type=\"column\" data-e-type=\"column\">\n\t\t\t<div class=\"elementor-widget-wrap elementor-element-populated\">\n\t\t\t\t\t\t<div class=\"elementor-element elementor-element-70ec869 elementor-vertical-align-top elementor-widget elementor-widget-image-box\" data-id=\"70ec869\" data-element_type=\"widget\" data-e-type=\"widget\" data-widget_type=\"image-box.default\">\n\t\t\t\t\t<div class=\"elementor-image-box-wrapper\"><div class=\"elementor-image-box-content\"><h4 class=\"elementor-image-box-title\">Chiara Burzotta <\/h4><p class=\"elementor-image-box-description\">Becario de Gesti\u00f3n de Proyectos en la Plataforma Europea de Migrantes \n<\/p><\/div><\/div>\t\t\t\t<\/div>\n\t\t\t\t\t<\/div>\n\t\t<\/div>\n\t\t\t\t\t<\/div>\n\t\t<\/section>\n\t\t\t\t\t<\/div>\n\t\t<\/div>\n\t\t\t\t\t<\/div>\n\t\t<\/section>\n\t\t\t\t<section class=\"elementor-section elementor-top-section elementor-element elementor-element-055565e elementor-section-boxed elementor-section-height-default elementor-section-height-default wpr-particle-no wpr-jarallax-no wpr-parallax-no wpr-sticky-section-no wpr-equal-height-no\" data-id=\"055565e\" data-element_type=\"section\" data-e-type=\"section\">\n\t\t\t\t\t\t<div class=\"elementor-container elementor-column-gap-no\">\n\t\t\t\t\t<div class=\"elementor-column elementor-col-100 elementor-top-column elementor-element elementor-element-505f4e6\" data-id=\"505f4e6\" data-element_type=\"column\" data-e-type=\"column\">\n\t\t\t<div class=\"elementor-widget-wrap elementor-element-populated\">\n\t\t\t\t\t\t<div class=\"elementor-element elementor-element-354bd94 elementor-position-right elementor-vertical-align-top elementor-widget elementor-widget-image-box\" data-id=\"354bd94\" data-element_type=\"widget\" data-e-type=\"widget\" data-widget_type=\"image-box.default\">\n\t\t\t\t\t<div class=\"elementor-image-box-wrapper\"><figure class=\"elementor-image-box-img\"><a href=\"https:\/\/www.laurea.fi\/en\/\" target=\"_blank\" tabindex=\"-1\"><img loading=\"lazy\" decoding=\"async\" width=\"222\" height=\"119\" src=\"https:\/\/jointstories.eu\/wp-content\/uploads\/2023\/04\/LAUREA.png\" class=\"elementor-animation-grow attachment-full size-full wp-image-2035\" alt=\"Laurea\" srcset=\"https:\/\/jointstories.eu\/wp-content\/uploads\/2023\/04\/LAUREA.png 222w, https:\/\/jointstories.eu\/wp-content\/uploads\/2023\/04\/LAUREA-18x10.png 18w\" sizes=\"(max-width: 222px) 100vw, 222px\" \/><\/a><\/figure><div class=\"elementor-image-box-content\"><h3 class=\"elementor-image-box-title\"><a href=\"https:\/\/www.laurea.fi\/en\/\" target=\"_blank\">LAUREA<\/a><\/h3><p class=\"elementor-image-box-description\">La Universidad de Ciencias Aplicadas Laurea opera en seis campus diferentes en la regi\u00f3n de Uusimaa, Finlandia. Hay alrededor de 9.900 estudiantes, 660 miembros del personal y 34.700 ex alumnos en nuestra comunidad. Nuestras operaciones se centran en las personas y la interacci\u00f3n. La base de nuestros valores est\u00e1 formada por la apertura, el impacto y la responsabilidad. En Laurea, todas las opciones pedag\u00f3gicas se gu\u00edan por nuestras directrices pedag\u00f3gicas: centrado en el estudiante y el aprendizaje, enfoque basado en competencias, relevancia para la vida laboral, orientaci\u00f3n y flexibilidad. El programa pedag\u00f3gico de Laurea contribuye a la promoci\u00f3n de la accesibilidad y la igualdad en el estudio y la ense\u00f1anza. La piedra angular de nuestro enfoque pedag\u00f3gico es Aprender Desarrollando (LbD), haciendo que los estudiantes no solo analicen problemas te\u00f3ricos sino que busquen continuamente soluciones a situaciones de la vida real que surgen en el lugar de trabajo. En Laurea los estudiantes tienen la oportunidad de contribuir genuinamente al desarrollo y crecimiento personal. Los campos de especializaci\u00f3n de Laurea en actividades de I+D son la atenci\u00f3n social y sanitaria sostenible y vers\u00e1til, la seguridad coherente, las empresas de servicios y la econom\u00eda circular, el emprendimiento y la cocreaci\u00f3n pedag\u00f3gica.\n\n<\/p><\/div><\/div>\t\t\t\t<\/div>\n\t\t\t\t\t<\/div>\n\t\t<\/div>\n\t\t\t\t\t<\/div>\n\t\t<\/section>\n\t\t\t\t<section class=\"elementor-section elementor-top-section elementor-element elementor-element-c575171 elementor-section-boxed elementor-section-height-default elementor-section-height-default wpr-particle-no wpr-jarallax-no wpr-parallax-no wpr-sticky-section-no wpr-equal-height-no\" data-id=\"c575171\" data-element_type=\"section\" data-e-type=\"section\">\n\t\t\t\t\t\t<div class=\"elementor-container elementor-column-gap-no\">\n\t\t\t\t\t<div class=\"elementor-column elementor-col-33 elementor-top-column elementor-element elementor-element-fa91099\" data-id=\"fa91099\" data-element_type=\"column\" data-e-type=\"column\">\n\t\t\t<div class=\"elementor-widget-wrap elementor-element-populated\">\n\t\t\t\t\t\t<section class=\"elementor-section elementor-inner-section elementor-element elementor-element-b76554d elementor-section-content-middle elementor-section-boxed elementor-section-height-default elementor-section-height-default wpr-particle-no wpr-jarallax-no wpr-parallax-no wpr-sticky-section-no wpr-equal-height-no\" data-id=\"b76554d\" data-element_type=\"section\" data-e-type=\"section\">\n\t\t\t\t\t\t<div class=\"elementor-container elementor-column-gap-no\">\n\t\t\t\t\t<div class=\"elementor-column elementor-col-50 elementor-inner-column elementor-element elementor-element-82056af\" data-id=\"82056af\" data-element_type=\"column\" data-e-type=\"column\">\n\t\t\t<div class=\"elementor-widget-wrap elementor-element-populated\">\n\t\t\t\t\t\t<div class=\"elementor-element elementor-element-76cc4b7 elementor-widget elementor-widget-image\" data-id=\"76cc4b7\" data-element_type=\"widget\" data-e-type=\"widget\" data-widget_type=\"image.default\">\n\t\t\t\t\t\t\t\t\t\t\t\t\t\t\t<img loading=\"lazy\" decoding=\"async\" width=\"123\" height=\"123\" src=\"https:\/\/jointstories.eu\/wp-content\/uploads\/2023\/10\/MinnaAnthoni-e1696416075142.jpg\" class=\"attachment-large size-large wp-image-2545\" alt=\"MinnaAnthoni\" srcset=\"https:\/\/jointstories.eu\/wp-content\/uploads\/2023\/10\/MinnaAnthoni-e1696416075142.jpg 123w, https:\/\/jointstories.eu\/wp-content\/uploads\/2023\/10\/MinnaAnthoni-e1696416075142-12x12.jpg 12w\" sizes=\"(max-width: 123px) 100vw, 123px\" \/>\t\t\t\t\t\t\t\t\t\t\t\t\t\t\t<\/div>\n\t\t\t\t\t<\/div>\n\t\t<\/div>\n\t\t\t\t<div class=\"elementor-column elementor-col-50 elementor-inner-column elementor-element elementor-element-7431808\" data-id=\"7431808\" data-element_type=\"column\" data-e-type=\"column\">\n\t\t\t<div class=\"elementor-widget-wrap elementor-element-populated\">\n\t\t\t\t\t\t<div class=\"elementor-element elementor-element-389fdda elementor-vertical-align-top elementor-widget elementor-widget-image-box\" data-id=\"389fdda\" data-element_type=\"widget\" data-e-type=\"widget\" data-widget_type=\"image-box.default\">\n\t\t\t\t\t<div class=\"elementor-image-box-wrapper\"><div class=\"elementor-image-box-content\"><h4 class=\"elementor-image-box-title\">MINNA ANTONIO<\/h4><p class=\"elementor-image-box-description\">Profesor titular\/Servicios Correccionales en Laurea UAS y especialista del proyecto JeS<\/p><\/div><\/div>\t\t\t\t<\/div>\n\t\t\t\t\t<\/div>\n\t\t<\/div>\n\t\t\t\t\t<\/div>\n\t\t<\/section>\n\t\t\t\t\t<\/div>\n\t\t<\/div>\n\t\t\t\t<div class=\"elementor-column elementor-col-33 elementor-top-column elementor-element elementor-element-0f01f2d\" data-id=\"0f01f2d\" data-element_type=\"column\" data-e-type=\"column\">\n\t\t\t<div class=\"elementor-widget-wrap elementor-element-populated\">\n\t\t\t\t\t\t<section class=\"elementor-section elementor-inner-section elementor-element elementor-element-274f860 elementor-section-content-middle elementor-section-boxed elementor-section-height-default elementor-section-height-default wpr-particle-no wpr-jarallax-no wpr-parallax-no wpr-sticky-section-no wpr-equal-height-no\" data-id=\"274f860\" data-element_type=\"section\" data-e-type=\"section\">\n\t\t\t\t\t\t<div class=\"elementor-container elementor-column-gap-no\">\n\t\t\t\t\t<div class=\"elementor-column elementor-col-50 elementor-inner-column elementor-element elementor-element-e8f69cc\" data-id=\"e8f69cc\" data-element_type=\"column\" data-e-type=\"column\">\n\t\t\t<div class=\"elementor-widget-wrap elementor-element-populated\">\n\t\t\t\t\t\t<div class=\"elementor-element elementor-element-ce750df elementor-widget elementor-widget-image\" data-id=\"ce750df\" data-element_type=\"widget\" data-e-type=\"widget\" data-widget_type=\"image.default\">\n\t\t\t\t\t\t\t\t\t\t\t\t\t\t\t<img loading=\"lazy\" decoding=\"async\" width=\"750\" height=\"750\" src=\"https:\/\/jointstories.eu\/wp-content\/uploads\/2023\/10\/Tiina-Wikstrom-Laurea-.jpg\" class=\"attachment-large size-large wp-image-2546\" alt=\"Tiina Wikstr\u00f6m Laurea\" srcset=\"https:\/\/jointstories.eu\/wp-content\/uploads\/2023\/10\/Tiina-Wikstrom-Laurea-.jpg 750w, https:\/\/jointstories.eu\/wp-content\/uploads\/2023\/10\/Tiina-Wikstrom-Laurea--300x300.jpg 300w, https:\/\/jointstories.eu\/wp-content\/uploads\/2023\/10\/Tiina-Wikstrom-Laurea--150x150.jpg 150w, https:\/\/jointstories.eu\/wp-content\/uploads\/2023\/10\/Tiina-Wikstrom-Laurea--12x12.jpg 12w\" sizes=\"(max-width: 750px) 100vw, 750px\" \/>\t\t\t\t\t\t\t\t\t\t\t\t\t\t\t<\/div>\n\t\t\t\t\t<\/div>\n\t\t<\/div>\n\t\t\t\t<div class=\"elementor-column elementor-col-50 elementor-inner-column elementor-element elementor-element-842e4aa\" data-id=\"842e4aa\" data-element_type=\"column\" data-e-type=\"column\">\n\t\t\t<div class=\"elementor-widget-wrap elementor-element-populated\">\n\t\t\t\t\t\t<div class=\"elementor-element elementor-element-be02637 elementor-vertical-align-top elementor-widget elementor-widget-image-box\" data-id=\"be02637\" data-element_type=\"widget\" data-e-type=\"widget\" data-widget_type=\"image-box.default\">\n\t\t\t\t\t<div class=\"elementor-image-box-wrapper\"><div class=\"elementor-image-box-content\"><h4 class=\"elementor-image-box-title\">Tiina Wikstr\u00f6m<\/h4><p class=\"elementor-image-box-description\">Responsable de Proyectos para Laurea y el Proyecto JeS.<\/p><\/div><\/div>\t\t\t\t<\/div>\n\t\t\t\t\t<\/div>\n\t\t<\/div>\n\t\t\t\t\t<\/div>\n\t\t<\/section>\n\t\t\t\t\t<\/div>\n\t\t<\/div>\n\t\t\t\t<div class=\"elementor-column elementor-col-33 elementor-top-column elementor-element elementor-element-1b639ee\" data-id=\"1b639ee\" data-element_type=\"column\" data-e-type=\"column\">\n\t\t\t<div class=\"elementor-widget-wrap elementor-element-populated\">\n\t\t\t\t\t\t<div class=\"elementor-element elementor-element-4d98f33 elementor-position-left elementor-vertical-align-top elementor-widget elementor-widget-image-box\" data-id=\"4d98f33\" data-element_type=\"widget\" data-e-type=\"widget\" data-widget_type=\"image-box.default\">\n\t\t\t\t\t<div class=\"elementor-image-box-wrapper\"><figure class=\"elementor-image-box-img\"><img loading=\"lazy\" decoding=\"async\" width=\"1380\" height=\"1932\" src=\"https:\/\/jointstories.eu\/wp-content\/uploads\/2025\/03\/Minttu_picture.jpg\" class=\"attachment-full size-full wp-image-3714\" alt=\"\" srcset=\"https:\/\/jointstories.eu\/wp-content\/uploads\/2025\/03\/Minttu_picture.jpg 1380w, https:\/\/jointstories.eu\/wp-content\/uploads\/2025\/03\/Minttu_picture-214x300.jpg 214w, https:\/\/jointstories.eu\/wp-content\/uploads\/2025\/03\/Minttu_picture-731x1024.jpg 731w, https:\/\/jointstories.eu\/wp-content\/uploads\/2025\/03\/Minttu_picture-768x1075.jpg 768w, https:\/\/jointstories.eu\/wp-content\/uploads\/2025\/03\/Minttu_picture-1097x1536.jpg 1097w, https:\/\/jointstories.eu\/wp-content\/uploads\/2025\/03\/Minttu_picture-9x12.jpg 9w\" sizes=\"(max-width: 1380px) 100vw, 1380px\" \/><\/figure><div class=\"elementor-image-box-content\"><h4 class=\"elementor-image-box-title\">MINTTU R\u00c4TY<\/h4><p class=\"elementor-image-box-description\">Minttu R\u00e4ty trabaja como experto en proyectos y profesor titular de I+D en Laurea.<\/p><\/div><\/div>\t\t\t\t<\/div>\n\t\t\t\t\t<\/div>\n\t\t<\/div>\n\t\t\t\t\t<\/div>\n\t\t<\/section>\n\t\t\t\t<section class=\"elementor-section elementor-top-section elementor-element elementor-element-ef0839f elementor-section-boxed elementor-section-height-default elementor-section-height-default wpr-particle-no wpr-jarallax-no wpr-parallax-no wpr-sticky-section-no wpr-equal-height-no\" data-id=\"ef0839f\" data-element_type=\"section\" data-e-type=\"section\">\n\t\t\t\t\t\t<div class=\"elementor-container elementor-column-gap-no\">\n\t\t\t\t\t<div class=\"elementor-column elementor-col-100 elementor-top-column elementor-element elementor-element-0d273be\" data-id=\"0d273be\" data-element_type=\"column\" data-e-type=\"column\">\n\t\t\t<div class=\"elementor-widget-wrap elementor-element-populated\">\n\t\t\t\t\t\t<div class=\"elementor-element elementor-element-27c9707 elementor-position-right elementor-vertical-align-top elementor-widget elementor-widget-image-box\" data-id=\"27c9707\" data-element_type=\"widget\" data-e-type=\"widget\" data-widget_type=\"image-box.default\">\n\t\t\t\t\t<div class=\"elementor-image-box-wrapper\"><figure class=\"elementor-image-box-img\"><a href=\"https:\/\/www.ucll.be\/en\" target=\"_blank\" tabindex=\"-1\"><img loading=\"lazy\" decoding=\"async\" width=\"222\" height=\"119\" src=\"https:\/\/jointstories.eu\/wp-content\/uploads\/2023\/04\/Logo_UCLL_ENG_RGB_negatief.png\" class=\"elementor-animation-grow attachment-full size-full wp-image-2036\" alt=\"University of Applied Sciences\" srcset=\"https:\/\/jointstories.eu\/wp-content\/uploads\/2023\/04\/Logo_UCLL_ENG_RGB_negatief.png 222w, https:\/\/jointstories.eu\/wp-content\/uploads\/2023\/04\/Logo_UCLL_ENG_RGB_negatief-18x10.png 18w\" sizes=\"(max-width: 222px) 100vw, 222px\" \/><\/a><\/figure><div class=\"elementor-image-box-content\"><h3 class=\"elementor-image-box-title\"><a href=\"https:\/\/www.ucll.be\/en\" target=\"_blank\">UCLL<\/a><\/h3><p class=\"elementor-image-box-description\">UC Leuven es una instituci\u00f3n de educaci\u00f3n superior en Flandes que ofrece diversos programas de grado y de grado superior en sus m\u00faltiples campus, con especializaci\u00f3n en formaci\u00f3n docente, administraci\u00f3n, tecnolog\u00eda, salud y bienestar. Con m\u00e1s de 15.000 estudiantes y 1.750 empleados, es una de las m\u00e1s grandes de Flandes y prioriza la orientaci\u00f3n personalizada al estudiante. Nuestra visi\u00f3n se centra en promover el pensamiento innovador y la cooperaci\u00f3n internacional, con un firme compromiso con la educaci\u00f3n de calidad. UCLL forma parte de la Asociaci\u00f3n KU Leuven, conocida por su investigaci\u00f3n y servicios orientados a la pr\u00e1ctica, cuyo objetivo es proporcionar conocimiento y experiencia con visi\u00f3n de futuro. El \u00e1rea de Investigaci\u00f3n y Experiencia de UCLL comprende ocho centros centrados en diversos \u00e1mbitos, como la educaci\u00f3n, la salud y la sostenibilidad, que ofrecen soluciones basadas en la investigaci\u00f3n y oportunidades de formaci\u00f3n continua. El Centro de Experiencia &quot;Sociedad Inclusiva&quot; se centra en la inclusi\u00f3n, la diversidad y la participaci\u00f3n en tres \u00e1reas clave: aprendizaje inclusivo, participaci\u00f3n e igualdad. Empleamos m\u00e9todos de investigaci\u00f3n participativos, priorizamos la sensibilidad hacia la diversidad y colaboramos con diversos actores clave para abordar problemas sociales. Para obtener m\u00e1s informaci\u00f3n,  <a href=\"https:\/\/www.ucll.be\/en\">nuestra p\u00e1gina web <\/a>  y  <a href=\"https:\/\/research-expertise.ucll.be\/en\">investigaci\u00f3n-experiencia.ucll<\/a> .\n<\/p><\/div><\/div>\t\t\t\t<\/div>\n\t\t\t\t\t<\/div>\n\t\t<\/div>\n\t\t\t\t\t<\/div>\n\t\t<\/section>\n\t\t\t\t<section class=\"elementor-section elementor-top-section elementor-element elementor-element-6fdd6ec elementor-section-boxed elementor-section-height-default elementor-section-height-default wpr-particle-no wpr-jarallax-no wpr-parallax-no wpr-sticky-section-no wpr-equal-height-no\" data-id=\"6fdd6ec\" data-element_type=\"section\" data-e-type=\"section\">\n\t\t\t\t\t\t<div class=\"elementor-container elementor-column-gap-no\">\n\t\t\t\t\t<div class=\"elementor-column elementor-col-50 elementor-top-column elementor-element elementor-element-6164664\" data-id=\"6164664\" data-element_type=\"column\" data-e-type=\"column\">\n\t\t\t<div class=\"elementor-widget-wrap elementor-element-populated\">\n\t\t\t\t\t\t<section class=\"elementor-section elementor-inner-section elementor-element elementor-element-8ef56cf elementor-section-content-middle elementor-section-boxed elementor-section-height-default elementor-section-height-default wpr-particle-no wpr-jarallax-no wpr-parallax-no wpr-sticky-section-no wpr-equal-height-no\" data-id=\"8ef56cf\" data-element_type=\"section\" data-e-type=\"section\">\n\t\t\t\t\t\t<div class=\"elementor-container elementor-column-gap-no\">\n\t\t\t\t\t<div class=\"elementor-column elementor-col-50 elementor-inner-column elementor-element elementor-element-0641974\" data-id=\"0641974\" data-element_type=\"column\" data-e-type=\"column\">\n\t\t\t<div class=\"elementor-widget-wrap elementor-element-populated\">\n\t\t\t\t\t\t<div class=\"elementor-element elementor-element-fb820ee elementor-widget elementor-widget-image\" data-id=\"fb820ee\" data-element_type=\"widget\" data-e-type=\"widget\" data-widget_type=\"image.default\">\n\t\t\t\t\t\t\t\t\t\t\t\t\t\t\t<img loading=\"lazy\" decoding=\"async\" width=\"768\" height=\"768\" src=\"https:\/\/jointstories.eu\/wp-content\/uploads\/2023\/10\/foto-Veronique-e1696586926386-768x768.jpg\" class=\"attachment-medium_large size-medium_large wp-image-2583\" alt=\"Veronique Pochet UCLL\" srcset=\"https:\/\/jointstories.eu\/wp-content\/uploads\/2023\/10\/foto-Veronique-e1696586926386-768x768.jpg 768w, https:\/\/jointstories.eu\/wp-content\/uploads\/2023\/10\/foto-Veronique-e1696586926386-300x300.jpg 300w, https:\/\/jointstories.eu\/wp-content\/uploads\/2023\/10\/foto-Veronique-e1696586926386-150x150.jpg 150w, https:\/\/jointstories.eu\/wp-content\/uploads\/2023\/10\/foto-Veronique-e1696586926386-12x12.jpg 12w, https:\/\/jointstories.eu\/wp-content\/uploads\/2023\/10\/foto-Veronique-e1696586926386.jpg 1025w\" sizes=\"(max-width: 768px) 100vw, 768px\" \/>\t\t\t\t\t\t\t\t\t\t\t\t\t\t\t<\/div>\n\t\t\t\t\t<\/div>\n\t\t<\/div>\n\t\t\t\t<div class=\"elementor-column elementor-col-50 elementor-inner-column elementor-element elementor-element-39364a1\" data-id=\"39364a1\" data-element_type=\"column\" data-e-type=\"column\">\n\t\t\t<div class=\"elementor-widget-wrap elementor-element-populated\">\n\t\t\t\t\t\t<div class=\"elementor-element elementor-element-b4aae7f elementor-vertical-align-top elementor-widget elementor-widget-image-box\" data-id=\"b4aae7f\" data-element_type=\"widget\" data-e-type=\"widget\" data-widget_type=\"image-box.default\">\n\t\t\t\t\t<div class=\"elementor-image-box-wrapper\"><div class=\"elementor-image-box-content\"><h4 class=\"elementor-image-box-title\">Veronique Pochet<\/h4><p class=\"elementor-image-box-description\">Veronique Pochet es te\u00f3loga y trabaja como investigadora y formadora de profesores en la UC Leuven-Limburg.<\/p><\/div><\/div>\t\t\t\t<\/div>\n\t\t\t\t\t<\/div>\n\t\t<\/div>\n\t\t\t\t\t<\/div>\n\t\t<\/section>\n\t\t\t\t\t<\/div>\n\t\t<\/div>\n\t\t\t\t<div class=\"elementor-column elementor-col-50 elementor-top-column elementor-element elementor-element-f94ec14\" data-id=\"f94ec14\" data-element_type=\"column\" data-e-type=\"column\">\n\t\t\t<div class=\"elementor-widget-wrap elementor-element-populated\">\n\t\t\t\t\t\t<section class=\"elementor-section elementor-inner-section elementor-element elementor-element-280ffb1 elementor-section-content-middle elementor-section-boxed elementor-section-height-default elementor-section-height-default wpr-particle-no wpr-jarallax-no wpr-parallax-no wpr-sticky-section-no wpr-equal-height-no\" data-id=\"280ffb1\" data-element_type=\"section\" data-e-type=\"section\">\n\t\t\t\t\t\t<div class=\"elementor-container elementor-column-gap-no\">\n\t\t\t\t\t<div class=\"elementor-column elementor-col-50 elementor-inner-column elementor-element elementor-element-6abbcd7\" data-id=\"6abbcd7\" data-element_type=\"column\" data-e-type=\"column\">\n\t\t\t<div class=\"elementor-widget-wrap elementor-element-populated\">\n\t\t\t\t\t\t<div class=\"elementor-element elementor-element-b1b157e elementor-widget elementor-widget-image\" data-id=\"b1b157e\" data-element_type=\"widget\" data-e-type=\"widget\" data-widget_type=\"image.default\">\n\t\t\t\t\t\t\t\t\t\t\t\t\t\t\t<img loading=\"lazy\" decoding=\"async\" width=\"1024\" height=\"1024\" src=\"https:\/\/jointstories.eu\/wp-content\/uploads\/2023\/10\/foto-KM-JeS-scaled-e1696586098434-1024x1024.jpg\" class=\"attachment-large size-large wp-image-2582\" alt=\"KM UCLL\" srcset=\"https:\/\/jointstories.eu\/wp-content\/uploads\/2023\/10\/foto-KM-JeS-scaled-e1696586098434-1024x1024.jpg 1024w, https:\/\/jointstories.eu\/wp-content\/uploads\/2023\/10\/foto-KM-JeS-scaled-e1696586098434-300x300.jpg 300w, https:\/\/jointstories.eu\/wp-content\/uploads\/2023\/10\/foto-KM-JeS-scaled-e1696586098434-150x150.jpg 150w, https:\/\/jointstories.eu\/wp-content\/uploads\/2023\/10\/foto-KM-JeS-scaled-e1696586098434-768x768.jpg 768w, https:\/\/jointstories.eu\/wp-content\/uploads\/2023\/10\/foto-KM-JeS-scaled-e1696586098434-1536x1536.jpg 1536w, https:\/\/jointstories.eu\/wp-content\/uploads\/2023\/10\/foto-KM-JeS-scaled-e1696586098434-12x12.jpg 12w, https:\/\/jointstories.eu\/wp-content\/uploads\/2023\/10\/foto-KM-JeS-scaled-e1696586098434.jpg 1996w\" sizes=\"(max-width: 1024px) 100vw, 1024px\" \/>\t\t\t\t\t\t\t\t\t\t\t\t\t\t\t<\/div>\n\t\t\t\t\t<\/div>\n\t\t<\/div>\n\t\t\t\t<div class=\"elementor-column elementor-col-50 elementor-inner-column elementor-element elementor-element-87e58cb\" data-id=\"87e58cb\" data-element_type=\"column\" data-e-type=\"column\">\n\t\t\t<div class=\"elementor-widget-wrap elementor-element-populated\">\n\t\t\t\t\t\t<div class=\"elementor-element elementor-element-f9acdf9 elementor-vertical-align-top elementor-widget elementor-widget-image-box\" data-id=\"f9acdf9\" data-element_type=\"widget\" data-e-type=\"widget\" data-widget_type=\"image-box.default\">\n\t\t\t\t\t<div class=\"elementor-image-box-wrapper\"><div class=\"elementor-image-box-content\"><h4 class=\"elementor-image-box-title\">Katrien Mertens<\/h4><\/div><\/div>\t\t\t\t<\/div>\n\t\t\t\t\t<\/div>\n\t\t<\/div>\n\t\t\t\t\t<\/div>\n\t\t<\/section>\n\t\t\t\t\t<\/div>\n\t\t<\/div>\n\t\t\t\t\t<\/div>\n\t\t<\/section>\n\t\t\t\t<section class=\"elementor-section elementor-top-section elementor-element elementor-element-b84b2f8 elementor-section-boxed elementor-section-height-default elementor-section-height-default wpr-particle-no wpr-jarallax-no wpr-parallax-no wpr-sticky-section-no wpr-equal-height-no\" data-id=\"b84b2f8\" data-element_type=\"section\" data-e-type=\"section\">\n\t\t\t\t\t\t<div class=\"elementor-container elementor-column-gap-no\">\n\t\t\t\t\t<div class=\"elementor-column elementor-col-100 elementor-top-column elementor-element elementor-element-2a80830\" data-id=\"2a80830\" data-element_type=\"column\" data-e-type=\"column\">\n\t\t\t<div class=\"elementor-widget-wrap elementor-element-populated\">\n\t\t\t\t\t\t<div class=\"elementor-element elementor-element-365708d elementor-position-right elementor-vertical-align-top elementor-widget elementor-widget-image-box\" data-id=\"365708d\" data-element_type=\"widget\" data-e-type=\"widget\" data-widget_type=\"image-box.default\">\n\t\t\t\t\t<div class=\"elementor-image-box-wrapper\"><figure class=\"elementor-image-box-img\"><a href=\"https:\/\/cesie.org\/\" target=\"_blank\" tabindex=\"-1\"><img loading=\"lazy\" decoding=\"async\" width=\"222\" height=\"119\" src=\"https:\/\/jointstories.eu\/wp-content\/uploads\/2023\/04\/cesie.png\" class=\"elementor-animation-grow attachment-full size-full wp-image-2039\" alt=\"Cesie\" srcset=\"https:\/\/jointstories.eu\/wp-content\/uploads\/2023\/04\/cesie.png 222w, https:\/\/jointstories.eu\/wp-content\/uploads\/2023\/04\/cesie-18x10.png 18w\" sizes=\"(max-width: 222px) 100vw, 222px\" \/><\/a><\/figure><div class=\"elementor-image-box-content\"><h3 class=\"elementor-image-box-title\"><a href=\"https:\/\/cesie.org\/\" target=\"_blank\">CESIE<\/a><\/h3><p class=\"elementor-image-box-description\">CESIE es una organizaci\u00f3n no gubernamental sin \u00e1nimo de lucro con sede en Palermo (Italia) y fundada en 2001. CESIE est\u00e1 comprometida a promover el desarrollo educativo, cultural, social y econ\u00f3mico a nivel local, nacional, europeo e internacional. CESIE contribuye al crecimiento y desarrollo a trav\u00e9s de la participaci\u00f3n activa de las personas, la sociedad civil y las instituciones, valorando siempre la diversidad. Inspir\u00e1ndonos en la obra y la vida de Danilo Dolci, centramos nuestras acciones en la investigaci\u00f3n de las necesidades y desaf\u00edos sociales y el uso de enfoques de aprendizaje innovadores. De esta manera, CESIE conecta activamente la investigaci\u00f3n con la acci\u00f3n mediante el uso de enfoques de aprendizaje formales y no formales.\n<\/p><\/div><\/div>\t\t\t\t<\/div>\n\t\t\t\t\t<\/div>\n\t\t<\/div>\n\t\t\t\t\t<\/div>\n\t\t<\/section>\n\t\t\t\t<section class=\"elementor-section elementor-top-section elementor-element elementor-element-633f90f elementor-section-boxed elementor-section-height-default elementor-section-height-default wpr-particle-no wpr-jarallax-no wpr-parallax-no wpr-sticky-section-no wpr-equal-height-no\" data-id=\"633f90f\" data-element_type=\"section\" data-e-type=\"section\">\n\t\t\t\t\t\t<div class=\"elementor-container elementor-column-gap-no\">\n\t\t\t\t\t<div class=\"elementor-column elementor-col-50 elementor-top-column elementor-element elementor-element-adc56d8\" data-id=\"adc56d8\" data-element_type=\"column\" data-e-type=\"column\">\n\t\t\t<div class=\"elementor-widget-wrap elementor-element-populated\">\n\t\t\t\t\t\t<section class=\"elementor-section elementor-inner-section elementor-element elementor-element-fa0eaad elementor-section-content-middle elementor-section-boxed elementor-section-height-default elementor-section-height-default wpr-particle-no wpr-jarallax-no wpr-parallax-no wpr-sticky-section-no wpr-equal-height-no\" data-id=\"fa0eaad\" data-element_type=\"section\" data-e-type=\"section\">\n\t\t\t\t\t\t<div class=\"elementor-container elementor-column-gap-no\">\n\t\t\t\t\t<div class=\"elementor-column elementor-col-50 elementor-inner-column elementor-element elementor-element-0ad4029\" data-id=\"0ad4029\" data-element_type=\"column\" data-e-type=\"column\">\n\t\t\t<div class=\"elementor-widget-wrap elementor-element-populated\">\n\t\t\t\t\t\t<div class=\"elementor-element elementor-element-acbda6b elementor-widget elementor-widget-image\" data-id=\"acbda6b\" data-element_type=\"widget\" data-e-type=\"widget\" data-widget_type=\"image.default\">\n\t\t\t\t\t\t\t\t\t\t\t\t\t\t\t<img loading=\"lazy\" decoding=\"async\" width=\"150\" height=\"150\" src=\"https:\/\/jointstories.eu\/wp-content\/uploads\/2025\/02\/femable-evento-personale-politico-980x517-1-150x150.jpg\" class=\"attachment-thumbnail size-thumbnail wp-image-3680\" alt=\"\" \/>\t\t\t\t\t\t\t\t\t\t\t\t\t\t\t<\/div>\n\t\t\t\t\t<\/div>\n\t\t<\/div>\n\t\t\t\t<div class=\"elementor-column elementor-col-50 elementor-inner-column elementor-element elementor-element-d26114e\" data-id=\"d26114e\" data-element_type=\"column\" data-e-type=\"column\">\n\t\t\t<div class=\"elementor-widget-wrap elementor-element-populated\">\n\t\t\t\t\t\t<div class=\"elementor-element elementor-element-57f2785 elementor-vertical-align-top elementor-widget elementor-widget-image-box\" data-id=\"57f2785\" data-element_type=\"widget\" data-e-type=\"widget\" data-widget_type=\"image-box.default\">\n\t\t\t\t\t<div class=\"elementor-image-box-wrapper\"><div class=\"elementor-image-box-content\"><h4 class=\"elementor-image-box-title\">Chiara Francavilla<\/h4><p class=\"elementor-image-box-description\">Responsable de Proyectos para CESIE.<\/p><\/div><\/div>\t\t\t\t<\/div>\n\t\t\t\t\t<\/div>\n\t\t<\/div>\n\t\t\t\t\t<\/div>\n\t\t<\/section>\n\t\t\t\t\t<\/div>\n\t\t<\/div>\n\t\t\t\t<div class=\"elementor-column elementor-col-50 elementor-top-column elementor-element elementor-element-5f22d24\" data-id=\"5f22d24\" data-element_type=\"column\" data-e-type=\"column\">\n\t\t\t<div class=\"elementor-widget-wrap elementor-element-populated\">\n\t\t\t\t\t\t<section class=\"elementor-section elementor-inner-section elementor-element elementor-element-7cd5d56 elementor-section-content-middle elementor-section-boxed elementor-section-height-default elementor-section-height-default wpr-particle-no wpr-jarallax-no wpr-parallax-no wpr-sticky-section-no wpr-equal-height-no\" data-id=\"7cd5d56\" data-element_type=\"section\" data-e-type=\"section\">\n\t\t\t\t\t\t<div class=\"elementor-container elementor-column-gap-no\">\n\t\t\t\t\t<div class=\"elementor-column elementor-col-50 elementor-inner-column elementor-element elementor-element-fc458f8\" data-id=\"fc458f8\" data-element_type=\"column\" data-e-type=\"column\">\n\t\t\t<div class=\"elementor-widget-wrap elementor-element-populated\">\n\t\t\t\t\t\t<div class=\"elementor-element elementor-element-d798f04 elementor-widget elementor-widget-image\" data-id=\"d798f04\" data-element_type=\"widget\" data-e-type=\"widget\" data-widget_type=\"image.default\">\n\t\t\t\t\t\t\t\t\t\t\t\t\t\t\t<img loading=\"lazy\" decoding=\"async\" width=\"1010\" height=\"973\" src=\"https:\/\/jointstories.eu\/wp-content\/uploads\/2023\/10\/Foto-Paula-1.png\" class=\"attachment-large size-large wp-image-2548\" alt=\"\" srcset=\"https:\/\/jointstories.eu\/wp-content\/uploads\/2023\/10\/Foto-Paula-1.png 1010w, https:\/\/jointstories.eu\/wp-content\/uploads\/2023\/10\/Foto-Paula-1-300x289.png 300w, https:\/\/jointstories.eu\/wp-content\/uploads\/2023\/10\/Foto-Paula-1-768x740.png 768w, https:\/\/jointstories.eu\/wp-content\/uploads\/2023\/10\/Foto-Paula-1-12x12.png 12w\" sizes=\"(max-width: 1010px) 100vw, 1010px\" \/>\t\t\t\t\t\t\t\t\t\t\t\t\t\t\t<\/div>\n\t\t\t\t\t<\/div>\n\t\t<\/div>\n\t\t\t\t<div class=\"elementor-column elementor-col-50 elementor-inner-column elementor-element elementor-element-9e59e40\" data-id=\"9e59e40\" data-element_type=\"column\" data-e-type=\"column\">\n\t\t\t<div class=\"elementor-widget-wrap elementor-element-populated\">\n\t\t\t\t\t\t<div class=\"elementor-element elementor-element-6f536d0 elementor-vertical-align-top elementor-widget elementor-widget-image-box\" data-id=\"6f536d0\" data-element_type=\"widget\" data-e-type=\"widget\" data-widget_type=\"image-box.default\">\n\t\t\t\t\t<div class=\"elementor-image-box-wrapper\"><div class=\"elementor-image-box-content\"><h4 class=\"elementor-image-box-title\">Paula Luise Goltzsche<\/h4><p class=\"elementor-image-box-description\">Responsable de Proyectos para CESIE.<\/p><\/div><\/div>\t\t\t\t<\/div>\n\t\t\t\t\t<\/div>\n\t\t<\/div>\n\t\t\t\t\t<\/div>\n\t\t<\/section>\n\t\t\t\t\t<\/div>\n\t\t<\/div>\n\t\t\t\t\t<\/div>\n\t\t<\/section>\n\t\t\t\t<section class=\"elementor-section elementor-top-section elementor-element elementor-element-6be279c elementor-section-boxed elementor-section-height-default elementor-section-height-default wpr-particle-no wpr-jarallax-no wpr-parallax-no wpr-sticky-section-no wpr-equal-height-no\" data-id=\"6be279c\" data-element_type=\"section\" data-e-type=\"section\">\n\t\t\t\t\t\t<div class=\"elementor-container elementor-column-gap-no\">\n\t\t\t\t\t<div class=\"elementor-column elementor-col-100 elementor-top-column elementor-element elementor-element-1ed04d0\" data-id=\"1ed04d0\" data-element_type=\"column\" data-e-type=\"column\">\n\t\t\t<div class=\"elementor-widget-wrap elementor-element-populated\">\n\t\t\t\t\t\t<div class=\"elementor-element elementor-element-0c96556 elementor-position-right elementor-vertical-align-top elementor-widget elementor-widget-image-box\" data-id=\"0c96556\" data-element_type=\"widget\" data-e-type=\"widget\" data-widget_type=\"image-box.default\">\n\t\t\t\t\t<div class=\"elementor-image-box-wrapper\"><figure class=\"elementor-image-box-img\"><a href=\"https:\/\/incoma-projects.eu\/\" target=\"_blank\" tabindex=\"-1\"><img loading=\"lazy\" decoding=\"async\" width=\"222\" height=\"119\" src=\"https:\/\/jointstories.eu\/wp-content\/uploads\/2023\/04\/incoma.png\" class=\"elementor-animation-grow attachment-full size-full wp-image-2034\" alt=\"INCOMA\" srcset=\"https:\/\/jointstories.eu\/wp-content\/uploads\/2023\/04\/incoma.png 222w, https:\/\/jointstories.eu\/wp-content\/uploads\/2023\/04\/incoma-18x10.png 18w\" sizes=\"(max-width: 222px) 100vw, 222px\" \/><\/a><\/figure><div class=\"elementor-image-box-content\"><h3 class=\"elementor-image-box-title\"><a href=\"https:\/\/incoma-projects.eu\/\" target=\"_blank\">INCOMA<\/a><\/h3><p class=\"elementor-image-box-description\">\n\nINCOMA es un centro de formaci\u00f3n e investigaci\u00f3n con sede en Sevilla (Espa\u00f1a) con amplio conocimiento y experiencia en el desarrollo y coordinaci\u00f3n de proyectos de cooperaci\u00f3n internacional financiados principalmente en el marco de programas de la UE, especialmente en el campo de la educaci\u00f3n, la formaci\u00f3n y la investigaci\u00f3n.\n\n<br>Nuestra actividad est\u00e1 especialmente dedicada al desarrollo de proyectos de innovaci\u00f3n social, con especial foco en la formaci\u00f3n dirigida a colectivos en situaci\u00f3n de riesgo o con especiales dificultades para acceder al mercado laboral, en concreto j\u00f3venes, mujeres y migrantes.\n<\/p><\/div><\/div>\t\t\t\t<\/div>\n\t\t\t\t\t<\/div>\n\t\t<\/div>\n\t\t\t\t\t<\/div>\n\t\t<\/section>\n\t\t\t\t<section class=\"elementor-section elementor-top-section elementor-element elementor-element-fa51276 elementor-section-boxed elementor-section-height-default elementor-section-height-default wpr-particle-no wpr-jarallax-no wpr-parallax-no wpr-sticky-section-no wpr-equal-height-no\" data-id=\"fa51276\" data-element_type=\"section\" data-e-type=\"section\">\n\t\t\t\t\t\t<div class=\"elementor-container elementor-column-gap-no\">\n\t\t\t\t\t<div class=\"elementor-column elementor-col-50 elementor-top-column elementor-element elementor-element-197952a\" data-id=\"197952a\" data-element_type=\"column\" data-e-type=\"column\">\n\t\t\t<div class=\"elementor-widget-wrap elementor-element-populated\">\n\t\t\t\t\t\t<section class=\"elementor-section elementor-inner-section elementor-element elementor-element-5beceec elementor-section-content-middle elementor-section-boxed elementor-section-height-default elementor-section-height-default wpr-particle-no wpr-jarallax-no wpr-parallax-no wpr-sticky-section-no wpr-equal-height-no\" data-id=\"5beceec\" data-element_type=\"section\" data-e-type=\"section\">\n\t\t\t\t\t\t<div class=\"elementor-container elementor-column-gap-no\">\n\t\t\t\t\t<div class=\"elementor-column elementor-col-50 elementor-inner-column elementor-element elementor-element-91ffdf3\" data-id=\"91ffdf3\" data-element_type=\"column\" data-e-type=\"column\">\n\t\t\t<div class=\"elementor-widget-wrap elementor-element-populated\">\n\t\t\t\t\t\t<div class=\"elementor-element elementor-element-1b1685a elementor-widget elementor-widget-image\" data-id=\"1b1685a\" data-element_type=\"widget\" data-e-type=\"widget\" data-widget_type=\"image.default\">\n\t\t\t\t\t\t\t\t\t\t\t\t\t\t\t<img loading=\"lazy\" decoding=\"async\" width=\"530\" height=\"530\" src=\"https:\/\/jointstories.eu\/wp-content\/uploads\/2023\/10\/Pili_Color1.png\" class=\"attachment-large size-large wp-image-2549\" alt=\"\" srcset=\"https:\/\/jointstories.eu\/wp-content\/uploads\/2023\/10\/Pili_Color1.png 530w, https:\/\/jointstories.eu\/wp-content\/uploads\/2023\/10\/Pili_Color1-300x300.png 300w, https:\/\/jointstories.eu\/wp-content\/uploads\/2023\/10\/Pili_Color1-150x150.png 150w, https:\/\/jointstories.eu\/wp-content\/uploads\/2023\/10\/Pili_Color1-12x12.png 12w\" sizes=\"(max-width: 530px) 100vw, 530px\" \/>\t\t\t\t\t\t\t\t\t\t\t\t\t\t\t<\/div>\n\t\t\t\t\t<\/div>\n\t\t<\/div>\n\t\t\t\t<div class=\"elementor-column elementor-col-50 elementor-inner-column elementor-element elementor-element-ffd9bfd\" data-id=\"ffd9bfd\" data-element_type=\"column\" data-e-type=\"column\">\n\t\t\t<div class=\"elementor-widget-wrap elementor-element-populated\">\n\t\t\t\t\t\t<div class=\"elementor-element elementor-element-1586433 elementor-vertical-align-top elementor-widget elementor-widget-image-box\" data-id=\"1586433\" data-element_type=\"widget\" data-e-type=\"widget\" data-widget_type=\"image-box.default\">\n\t\t\t\t\t<div class=\"elementor-image-box-wrapper\"><div class=\"elementor-image-box-content\"><h4 class=\"elementor-image-box-title\">PILAR NARANJO<\/h4><p class=\"elementor-image-box-description\">Pilar trabaja como Project Officer en el departamento de Innovaci\u00f3n e Investigaci\u00f3n de INCOMA<\/p><\/div><\/div>\t\t\t\t<\/div>\n\t\t\t\t\t<\/div>\n\t\t<\/div>\n\t\t\t\t\t<\/div>\n\t\t<\/section>\n\t\t\t\t\t<\/div>\n\t\t<\/div>\n\t\t\t\t<div class=\"elementor-column elementor-col-50 elementor-top-column elementor-element elementor-element-004585d\" data-id=\"004585d\" data-element_type=\"column\" data-e-type=\"column\">\n\t\t\t<div class=\"elementor-widget-wrap elementor-element-populated\">\n\t\t\t\t\t\t<section class=\"elementor-section elementor-inner-section elementor-element elementor-element-4a94e13 elementor-section-content-middle elementor-section-boxed elementor-section-height-default elementor-section-height-default wpr-particle-no wpr-jarallax-no wpr-parallax-no wpr-sticky-section-no wpr-equal-height-no\" data-id=\"4a94e13\" data-element_type=\"section\" data-e-type=\"section\">\n\t\t\t\t\t\t<div class=\"elementor-container elementor-column-gap-no\">\n\t\t\t\t\t<div class=\"elementor-column elementor-col-50 elementor-inner-column elementor-element elementor-element-3c82a1a\" data-id=\"3c82a1a\" data-element_type=\"column\" data-e-type=\"column\">\n\t\t\t<div class=\"elementor-widget-wrap elementor-element-populated\">\n\t\t\t\t\t\t<div class=\"elementor-element elementor-element-cbc0f5b elementor-widget elementor-widget-image\" data-id=\"cbc0f5b\" data-element_type=\"widget\" data-e-type=\"widget\" data-widget_type=\"image.default\">\n\t\t\t\t\t\t\t\t\t\t\t\t\t\t\t<img loading=\"lazy\" decoding=\"async\" width=\"530\" height=\"530\" src=\"https:\/\/jointstories.eu\/wp-content\/uploads\/2023\/10\/Juan_Color_ok.png\" class=\"attachment-large size-large wp-image-2550\" alt=\"jUAN\" srcset=\"https:\/\/jointstories.eu\/wp-content\/uploads\/2023\/10\/Juan_Color_ok.png 530w, https:\/\/jointstories.eu\/wp-content\/uploads\/2023\/10\/Juan_Color_ok-300x300.png 300w, https:\/\/jointstories.eu\/wp-content\/uploads\/2023\/10\/Juan_Color_ok-150x150.png 150w, https:\/\/jointstories.eu\/wp-content\/uploads\/2023\/10\/Juan_Color_ok-12x12.png 12w\" sizes=\"(max-width: 530px) 100vw, 530px\" \/>\t\t\t\t\t\t\t\t\t\t\t\t\t\t\t<\/div>\n\t\t\t\t\t<\/div>\n\t\t<\/div>\n\t\t\t\t<div class=\"elementor-column elementor-col-50 elementor-inner-column elementor-element elementor-element-618b9f1\" data-id=\"618b9f1\" data-element_type=\"column\" data-e-type=\"column\">\n\t\t\t<div class=\"elementor-widget-wrap elementor-element-populated\">\n\t\t\t\t\t\t<div class=\"elementor-element elementor-element-3cf9498 elementor-vertical-align-top elementor-widget elementor-widget-image-box\" data-id=\"3cf9498\" data-element_type=\"widget\" data-e-type=\"widget\" data-widget_type=\"image-box.default\">\n\t\t\t\t\t<div class=\"elementor-image-box-wrapper\"><div class=\"elementor-image-box-content\"><h4 class=\"elementor-image-box-title\">Juan Guerrero<\/h4><p class=\"elementor-image-box-description\">Con alrededor de 20 a\u00f1os de experiencia en el campo de la Educaci\u00f3n y la Innovaci\u00f3n Social a nivel Internacional, Juan Guerrero, uno de los fundadores del INCOMA.<\/p><\/div><\/div>\t\t\t\t<\/div>\n\t\t\t\t\t<\/div>\n\t\t<\/div>\n\t\t\t\t\t<\/div>\n\t\t<\/section>\n\t\t\t\t\t<\/div>\n\t\t<\/div>\n\t\t\t\t\t<\/div>\n\t\t<\/section>\n\t\t\t\t<section class=\"elementor-section elementor-top-section elementor-element elementor-element-7f34bf5c elementor-section-full_width elementor-section-height-default elementor-section-height-default wpr-particle-no wpr-jarallax-no wpr-parallax-no wpr-sticky-section-no wpr-equal-height-no\" data-id=\"7f34bf5c\" data-element_type=\"section\" data-e-type=\"section\" data-settings=\"{&quot;background_background&quot;:&quot;gradient&quot;}\">\n\t\t\t\t\t\t<div class=\"elementor-container elementor-column-gap-default\">\n\t\t\t\t\t<div class=\"elementor-column elementor-col-100 elementor-top-column elementor-element elementor-element-77d9a5a4\" data-id=\"77d9a5a4\" data-element_type=\"column\" data-e-type=\"column\" data-settings=\"{&quot;background_background&quot;:&quot;classic&quot;}\">\n\t\t\t<div class=\"elementor-widget-wrap elementor-element-populated\">\n\t\t\t\t\t<div class=\"elementor-background-overlay\"><\/div>\n\t\t\t\t\t\t<div class=\"elementor-element elementor-element-7ccbed90 elementor-widget elementor-widget-heading\" data-id=\"7ccbed90\" data-element_type=\"widget\" data-e-type=\"widget\" data-widget_type=\"heading.default\">\n\t\t\t\t\t<h3 class=\"elementor-heading-title elementor-size-default\">Consorcio<\/h3>\t\t\t\t<\/div>\n\t\t\t\t<section class=\"elementor-section elementor-inner-section elementor-element elementor-element-76c07719 elementor-section-full_width elementor-section-height-default elementor-section-height-default wpr-particle-no wpr-jarallax-no wpr-parallax-no wpr-sticky-section-no wpr-equal-height-no\" data-id=\"76c07719\" data-element_type=\"section\" data-e-type=\"section\" data-settings=\"{&quot;background_background&quot;:&quot;classic&quot;}\">\n\t\t\t\t\t\t<div class=\"elementor-container elementor-column-gap-no\">\n\t\t\t\t\t<div class=\"elementor-column elementor-col-16 elementor-inner-column elementor-element elementor-element-1bafc808\" data-id=\"1bafc808\" data-element_type=\"column\" data-e-type=\"column\">\n\t\t\t<div class=\"elementor-widget-wrap elementor-element-populated\">\n\t\t\t\t\t\t<div class=\"elementor-element elementor-element-6fe908cf elementor-widget elementor-widget-image\" data-id=\"6fe908cf\" data-element_type=\"widget\" data-e-type=\"widget\" data-widget_type=\"image.default\">\n\t\t\t\t\t\t\t\t\t\t\t\t\t\t\t\t<a href=\"https:\/\/www.um.si\/en\/home-page\/\" target=\"_blank\">\n\t\t\t\t\t\t\t<img decoding=\"async\" width=\"222\" height=\"119\" src=\"https:\/\/jointstories.eu\/wp-content\/uploads\/2023\/04\/MAribor.png\" class=\"elementor-animation-grow attachment-full size-full wp-image-2037\" alt=\"University of Maribor\" srcset=\"https:\/\/jointstories.eu\/wp-content\/uploads\/2023\/04\/MAribor.png 222w, https:\/\/jointstories.eu\/wp-content\/uploads\/2023\/04\/MAribor-18x10.png 18w\" sizes=\"(max-width: 222px) 100vw, 222px\" \/>\t\t\t\t\t\t\t\t<\/a>\n\t\t\t\t\t\t\t\t\t\t\t\t\t\t\t<\/div>\n\t\t\t\t\t<\/div>\n\t\t<\/div>\n\t\t\t\t<div class=\"elementor-column elementor-col-16 elementor-inner-column elementor-element elementor-element-45b30c3d\" data-id=\"45b30c3d\" data-element_type=\"column\" data-e-type=\"column\">\n\t\t\t<div class=\"elementor-widget-wrap elementor-element-populated\">\n\t\t\t\t\t\t<div class=\"elementor-element elementor-element-480e1875 elementor-widget elementor-widget-image\" data-id=\"480e1875\" data-element_type=\"widget\" data-e-type=\"widget\" data-widget_type=\"image.default\">\n\t\t\t\t\t\t\t\t\t\t\t\t\t\t\t\t<a href=\"https:\/\/europeanmigrantplatform.eu\/\" target=\"_blank\">\n\t\t\t\t\t\t\t<img loading=\"lazy\" decoding=\"async\" width=\"222\" height=\"119\" src=\"https:\/\/jointstories.eu\/wp-content\/uploads\/2023\/04\/EMP.png\" class=\"elementor-animation-grow attachment-full size-full wp-image-2033\" alt=\"European Migrant Platform\" srcset=\"https:\/\/jointstories.eu\/wp-content\/uploads\/2023\/04\/EMP.png 222w, https:\/\/jointstories.eu\/wp-content\/uploads\/2023\/04\/EMP-18x10.png 18w\" sizes=\"(max-width: 222px) 100vw, 222px\" \/>\t\t\t\t\t\t\t\t<\/a>\n\t\t\t\t\t\t\t\t\t\t\t\t\t\t\t<\/div>\n\t\t\t\t\t<\/div>\n\t\t<\/div>\n\t\t\t\t<div class=\"elementor-column elementor-col-16 elementor-inner-column elementor-element elementor-element-2341d658\" data-id=\"2341d658\" data-element_type=\"column\" data-e-type=\"column\">\n\t\t\t<div class=\"elementor-widget-wrap elementor-element-populated\">\n\t\t\t\t\t\t<div class=\"elementor-element elementor-element-78151580 elementor-widget elementor-widget-image\" data-id=\"78151580\" data-element_type=\"widget\" data-e-type=\"widget\" data-widget_type=\"image.default\">\n\t\t\t\t\t\t\t\t\t\t\t\t\t\t\t\t<a href=\"https:\/\/www.laurea.fi\/en\/\" target=\"_blank\">\n\t\t\t\t\t\t\t<img loading=\"lazy\" decoding=\"async\" width=\"222\" height=\"119\" src=\"https:\/\/jointstories.eu\/wp-content\/uploads\/2023\/04\/LAUREA.png\" class=\"elementor-animation-grow attachment-full size-full wp-image-2035\" alt=\"Laurea\" srcset=\"https:\/\/jointstories.eu\/wp-content\/uploads\/2023\/04\/LAUREA.png 222w, https:\/\/jointstories.eu\/wp-content\/uploads\/2023\/04\/LAUREA-18x10.png 18w\" sizes=\"(max-width: 222px) 100vw, 222px\" \/>\t\t\t\t\t\t\t\t<\/a>\n\t\t\t\t\t\t\t\t\t\t\t\t\t\t\t<\/div>\n\t\t\t\t\t<\/div>\n\t\t<\/div>\n\t\t\t\t<div class=\"elementor-column elementor-col-16 elementor-inner-column elementor-element elementor-element-244b5d3a\" data-id=\"244b5d3a\" data-element_type=\"column\" data-e-type=\"column\">\n\t\t\t<div class=\"elementor-widget-wrap elementor-element-populated\">\n\t\t\t\t\t\t<div class=\"elementor-element elementor-element-7c00bffe elementor-widget elementor-widget-image\" data-id=\"7c00bffe\" data-element_type=\"widget\" data-e-type=\"widget\" data-widget_type=\"image.default\">\n\t\t\t\t\t\t\t\t\t\t\t\t<figure class=\"wp-caption\">\n\t\t\t\t\t\t\t\t\t\t\t<a href=\"https:\/\/www.ucll.be\/en\" target=\"_blank\">\n\t\t\t\t\t\t\t<img loading=\"lazy\" decoding=\"async\" width=\"222\" height=\"119\" src=\"https:\/\/jointstories.eu\/wp-content\/uploads\/2023\/04\/Logo_UCLL_ENG_RGB_negatief.png\" class=\"elementor-animation-grow attachment-full size-full wp-image-2036\" alt=\"University of Applied Sciences\" srcset=\"https:\/\/jointstories.eu\/wp-content\/uploads\/2023\/04\/Logo_UCLL_ENG_RGB_negatief.png 222w, https:\/\/jointstories.eu\/wp-content\/uploads\/2023\/04\/Logo_UCLL_ENG_RGB_negatief-18x10.png 18w\" sizes=\"(max-width: 222px) 100vw, 222px\" \/>\t\t\t\t\t\t\t\t<\/a>\n\t\t\t\t\t\t\t\t\t\t\t<figcaption class=\"widget-image-caption wp-caption-text\"><\/figcaption>\n\t\t\t\t\t\t\t\t\t\t<\/figure>\n\t\t\t\t\t\t\t\t\t<\/div>\n\t\t\t\t\t<\/div>\n\t\t<\/div>\n\t\t\t\t<div class=\"elementor-column elementor-col-16 elementor-inner-column elementor-element elementor-element-68301664\" data-id=\"68301664\" data-element_type=\"column\" data-e-type=\"column\">\n\t\t\t<div class=\"elementor-widget-wrap elementor-element-populated\">\n\t\t\t\t\t\t<div class=\"elementor-element elementor-element-4e82646a elementor-widget elementor-widget-image\" data-id=\"4e82646a\" data-element_type=\"widget\" data-e-type=\"widget\" data-widget_type=\"image.default\">\n\t\t\t\t\t\t\t\t\t\t\t\t\t\t\t\t<a href=\"https:\/\/cesie.org\/\" target=\"_blank\">\n\t\t\t\t\t\t\t<img loading=\"lazy\" decoding=\"async\" width=\"222\" height=\"119\" src=\"https:\/\/jointstories.eu\/wp-content\/uploads\/2023\/04\/cesie.png\" class=\"elementor-animation-grow attachment-full size-full wp-image-2039\" alt=\"Cesie\" srcset=\"https:\/\/jointstories.eu\/wp-content\/uploads\/2023\/04\/cesie.png 222w, https:\/\/jointstories.eu\/wp-content\/uploads\/2023\/04\/cesie-18x10.png 18w\" sizes=\"(max-width: 222px) 100vw, 222px\" \/>\t\t\t\t\t\t\t\t<\/a>\n\t\t\t\t\t\t\t\t\t\t\t\t\t\t\t<\/div>\n\t\t\t\t\t<\/div>\n\t\t<\/div>\n\t\t\t\t<div class=\"elementor-column elementor-col-16 elementor-inner-column elementor-element elementor-element-ff667c6\" data-id=\"ff667c6\" data-element_type=\"column\" data-e-type=\"column\">\n\t\t\t<div class=\"elementor-widget-wrap elementor-element-populated\">\n\t\t\t\t\t\t<div class=\"elementor-element elementor-element-3b0979ca elementor-widget elementor-widget-image\" data-id=\"3b0979ca\" data-element_type=\"widget\" data-e-type=\"widget\" data-widget_type=\"image.default\">\n\t\t\t\t\t\t\t\t\t\t\t\t\t\t\t\t<a href=\"https:\/\/incoma-projects.eu\/\" target=\"_blank\">\n\t\t\t\t\t\t\t<img loading=\"lazy\" decoding=\"async\" width=\"222\" height=\"119\" src=\"https:\/\/jointstories.eu\/wp-content\/uploads\/2023\/04\/incoma.png\" class=\"elementor-animation-grow attachment-full size-full wp-image-2034\" alt=\"INCOMA\" srcset=\"https:\/\/jointstories.eu\/wp-content\/uploads\/2023\/04\/incoma.png 222w, https:\/\/jointstories.eu\/wp-content\/uploads\/2023\/04\/incoma-18x10.png 18w\" sizes=\"(max-width: 222px) 100vw, 222px\" \/>\t\t\t\t\t\t\t\t<\/a>\n\t\t\t\t\t\t\t\t\t\t\t\t\t\t\t<\/div>\n\t\t\t\t\t<\/div>\n\t\t<\/div>\n\t\t\t\t\t<\/div>\n\t\t<\/section>\n\t\t\t\t\t<\/div>\n\t\t<\/div>\n\t\t\t\t\t<\/div>\n\t\t<\/section>\n\t\t\t\t<\/div>","protected":false},"excerpt":{"rendered":"<p>Partners University of Maribor The Faculty of Criminal Justice and Security of University of Maribor (UM FCJS) is a university-level research and study institution in criminal justice and security studies, internationally acknowledged and taking part in developing knowledge, which constitutes a base for developing and offering internationally comparable undergraduate and postgraduate programs. The FCJS addresses the challenges of providing Slovenian society with a comprehensive criminal justice education system, not only because of the rapid development of this sector and the area of study but also because Slovenia is a member of the European Union, where the principle of the free movement of people, capital, goods, and services prevails. The mission of the Faculty of Criminal Justice and Security is to develop the field of criminal justice studies (also known as police and security studies) based on the traditional academic disciplines of law, sociology, psychology, political science, criminology, criminal investigation, organizational science, information security, and computer forensics. More information is available on the Faculty of Criminal Justice and Security (um.si) DANIJELA FRANGE\u017d Head of Chair of Criminal Investigation at the Faculty of Criminal Justice and Security, University of Maribor; Project Manager of UM FCJS team IZA KOKORAVEC POVH Chair of Criminal Investigation at the Faculty of Criminal Justice and Security, University of Maribor; Researcher in the UM FCJS team. EMP European Migrant Platform (EMP) is a newly established NGO (October 2020) in Brussels that aims to; promote equal treatment, equal rights, and better integration for migrants in Europe, encourage social and economic development through migration in Europe; support migrants to integrate into the economic, social, cultural and political spheres of the host society; build a bridge between migrants and the society of the host country bearing in the mind the importance of meaningful interactions, empathy, sense of belonging, mutual understanding, inclusion, wellbeing of the society as a whole; encourage the established migrants to play an active role in solving social problems and to be hospitable to newly arrived migrants and refugees. EMP realizes its objectives by mobilizing migrants and implementing various activities including awareness-raising on societal responsibilities and sensitivities. EMP has developed a strong network of migrants across Europe. EMP has members and volunteers from different backgrounds such as IT experts, entrepreneurs, teachers, doctors, academics, and journalists. The organization cooperates with different national, and international stakeholders to help refugees and migrants re-imagine their careers, but also lives. Handan Hosgoren Sayer Co-founder &amp; Senior EU Project Manager at European Migrant Platform Chiara Burzotta Project Management Intern at European Migrant Platform LAUREA Laurea University of Applied Sciences operates at six different campuses in Uusimaa region, Finland. There are about 9,900 students, 660 staff members and 34,700 alumni in our community. Our operations focus on people and interaction. The foundation of our values is formed by openness, impact, and responsibility. At Laurea, all pedagogical choices are guided by Laurea&#8217;s pedagogical guidelines: student and learning-centredness, competence-based approach, working life relevance, guidance, and flexibility. Laurea&#8217;s pedagogical programme contributes to the promotion of accessibility and equality in studying and teaching. The cornerstone of our pedagogical approach Learning by Developing (LbD) is that students don&#8217;t just analyze theoretical problems but continuously seek solutions to real-life situations emerging in the workplace. At Laurea, students have the opportunity to genuinely contribute to development and personal growth. Laurea&#8217;s fields of expertise in RDI activities are sustainable and versatile social and health care, coherent security, service business and circular economy, entrepreneurship as well as pedagogy co-creation. MINNA ANTHONI Senior Lecturer\/Correctional Services at Laurea UAS &amp; Project Specialist for the JeS Project\u200b Tiina Wikstr\u00f6m Project Manager for Laurea and the JeS Project. MINTTU R\u00c4TY Minttu R\u00e4ty works as Project Expert and Senior Lecturer, RDI at Laurea. UCLL UC Leuven is a higher education institution in Flanders, offering a variety of bachelor&#8217;s and advanced bachelor&#8217;s programs across multiple campuses, with a focus on teacher training, management, technology, health, and well-being. With over 15,000 students and 1,750 employees, it&#8217;s one of the largest in Flanders and emphasizes personalized student guidance. Our vision revolves around promoting innovative thinking and international cooperation, with a strong commitment to quality education. UCLL is part of the KU Leuven Association, known for practice-oriented research and services, aiming to provide future-proof knowledge and expertise. UCLL&#8217;s Research &amp; Expertise comprises 8 centers focused on various domains, including education, health, and sustainability, offering research-based solutions and lifelong learning opportunities. The Center of Expertise \u2018Inclusive Society\u2019 focuses on inclusion, diversity, and participation in three key areas: inclusive learning, participation, and equality. We employ participatory research methods, prioritize diversity sensitivity, and collaborate with various stakeholders to address societal issues. For more information, our website and research-expertise.ucll . V\u00e9ronique Pochet Veronique Pochet is a theologian and works as a researcher and teacher trainer at UC Leuven-Limburg. Katrien Mertens Katrien Mertens coordinates the Postgraduate International Educating Class at UC Leuven-Limburg. She is a lecturer in Intercultural Learning, Personal Growth and Scenario thinking. She has contributed to various national and international projects on these topics, including the recent ones such as &#8220;From Camp to Campus: Social investment in refugees and newcomers through Higher Education&#8221; (Research Foundation Flanders). She has also guided groups with varying levels of vulnerability (prisoners, adolescents in poverty, refugees) in different projects, using storytelling methods as a foundation. CESIE CESIE is a non-profit and non-governmental organisation based in Palermo (Italy) and established in 2001. CESIE is committed to promote the educational, cultural, social and economic development at local, national, European and international levels. CESIE contributes to growth and development through the active participation of people, civil society and institutions, always valuing diversity. Inspired by the work and life of Danilo Dolci, we focus our actions on the research of social needs and challenges and the use of innovative learning approaches. In this way, CESIE actively connects research with action through the use of formal and non-formal learning approaches. Chiara Francavilla Project Manager for CESIE. Paula Luise Goltzsche Project Manager for CESIE. INCOMA INCOMA is a training and research centre based in Seville (Spain) with<\/p>","protected":false},"author":8,"featured_media":0,"parent":0,"menu_order":0,"comment_status":"closed","ping_status":"closed","template":"","meta":{"site-sidebar-layout":"default","site-content-layout":"","ast-site-content-layout":"default","site-content-style":"default","site-sidebar-style":"default","ast-global-header-display":"","ast-banner-title-visibility":"","ast-main-header-display":"","ast-hfb-above-header-display":"","ast-hfb-below-header-display":"","ast-hfb-mobile-header-display":"","site-post-title":"disabled","ast-breadcrumbs-content":"","ast-featured-img":"","footer-sml-layout":"","ast-disable-related-posts":"","theme-transparent-header-meta":"","adv-header-id-meta":"","stick-header-meta":"","header-above-stick-meta":"","header-main-stick-meta":"","header-below-stick-meta":"","astra-migrate-meta-layouts":"set","ast-page-background-enabled":"default","ast-page-background-meta":{"desktop":{"background-color":"","background-image":"","background-repeat":"repeat","background-position":"center center","background-size":"auto","background-attachment":"scroll","background-type":"","background-media":"","overlay-type":"","overlay-color":"","overlay-opacity":"","overlay-gradient":""},"tablet":{"background-color":"","background-image":"","background-repeat":"repeat","background-position":"center center","background-size":"auto","background-attachment":"scroll","background-type":"","background-media":"","overlay-type":"","overlay-color":"","overlay-opacity":"","overlay-gradient":""},"mobile":{"background-color":"","background-image":"","background-repeat":"repeat","background-position":"center center","background-size":"auto","background-attachment":"scroll","background-type":"","background-media":"","overlay-type":"","overlay-color":"","overlay-opacity":"","overlay-gradient":""}},"ast-content-background-meta":{"desktop":{"background-color":"var(--ast-global-color-5)","background-image":"","background-repeat":"repeat","background-position":"center center","background-size":"auto","background-attachment":"scroll","background-type":"","background-media":"","overlay-type":"","overlay-color":"","overlay-opacity":"","overlay-gradient":""},"tablet":{"background-color":"var(--ast-global-color-5)","background-image":"","background-repeat":"repeat","background-position":"center center","background-size":"auto","background-attachment":"scroll","background-type":"","background-media":"","overlay-type":"","overlay-color":"","overlay-opacity":"","overlay-gradient":""},"mobile":{"background-color":"var(--ast-global-color-5)","background-image":"","background-repeat":"repeat","background-position":"center center","background-size":"auto","background-attachment":"scroll","background-type":"","background-media":"","overlay-type":"","overlay-color":"","overlay-opacity":"","overlay-gradient":""}},"footnotes":""},"class_list":["post-2","page","type-page","status-publish","hentry"],"yoast_head":"<!-- This site is optimized with the Yoast SEO plugin v27.5 - https:\/\/yoast.com\/product\/yoast-seo-wordpress\/ -->\n<title>Partners - JeS<\/title>\n<meta name=\"description\" content=\"Learn about the JeS Project&#039;s collaboration with international partners like the University of Maribor, Laurea, and the European Migrant Platform to promote human rights awareness, tackle human trafficking, and support migrant integration through innovative educational approaches and community engagement.\" \/>\n<meta name=\"robots\" content=\"index, follow, max-snippet:-1, max-image-preview:large, max-video-preview:-1\" \/>\n<link rel=\"canonical\" href=\"https:\/\/jointstories.eu\/es\/about-partners\/\" \/>\n<meta property=\"og:locale\" content=\"es_ES\" \/>\n<meta property=\"og:type\" content=\"article\" \/>\n<meta property=\"og:title\" content=\"Partners - JeS\" \/>\n<meta property=\"og:description\" content=\"Learn about the JeS Project&#039;s collaboration with international partners like the University of Maribor, Laurea, and the European Migrant Platform to promote human rights awareness, tackle human trafficking, and support migrant integration through innovative educational approaches and community engagement.\" \/>\n<meta property=\"og:url\" content=\"https:\/\/jointstories.eu\/es\/about-partners\/\" \/>\n<meta property=\"og:site_name\" content=\"JeS\" \/>\n<meta property=\"article:publisher\" content=\"https:\/\/www.facebook.com\/RestARTcreativity\/\" \/>\n<meta property=\"article:modified_time\" content=\"2025-12-22T13:22:11+00:00\" \/>\n<meta property=\"og:image\" content=\"https:\/\/jointstories.eu\/wp-content\/uploads\/2023\/04\/MAribor.png\" \/>\n<meta name=\"twitter:card\" content=\"summary_large_image\" \/>\n<meta name=\"twitter:site\" content=\"@restartproject4\" \/>\n<meta name=\"twitter:label1\" content=\"Tiempo de lectura\" \/>\n\t<meta name=\"twitter:data1\" content=\"10 minutos\" \/>\n<script type=\"application\/ld+json\" class=\"yoast-schema-graph\">{\"@context\":\"https:\\\/\\\/schema.org\",\"@graph\":[{\"@type\":\"WebPage\",\"@id\":\"https:\\\/\\\/jointstories.eu\\\/about-partners\\\/\",\"url\":\"https:\\\/\\\/jointstories.eu\\\/about-partners\\\/\",\"name\":\"Partners - JeS\",\"isPartOf\":{\"@id\":\"https:\\\/\\\/jointstories.eu\\\/#website\"},\"primaryImageOfPage\":{\"@id\":\"https:\\\/\\\/jointstories.eu\\\/about-partners\\\/#primaryimage\"},\"image\":{\"@id\":\"https:\\\/\\\/jointstories.eu\\\/about-partners\\\/#primaryimage\"},\"thumbnailUrl\":\"https:\\\/\\\/jointstories.eu\\\/wp-content\\\/uploads\\\/2023\\\/04\\\/MAribor.png\",\"datePublished\":\"2017-10-20T12:57:11+00:00\",\"dateModified\":\"2025-12-22T13:22:11+00:00\",\"description\":\"Learn about the JeS Project's collaboration with international partners like the University of Maribor, Laurea, and the European Migrant Platform to promote human rights awareness, tackle human trafficking, and support migrant integration through innovative educational approaches and community engagement.\",\"breadcrumb\":{\"@id\":\"https:\\\/\\\/jointstories.eu\\\/about-partners\\\/#breadcrumb\"},\"inLanguage\":\"es\",\"potentialAction\":[{\"@type\":\"ReadAction\",\"target\":[\"https:\\\/\\\/jointstories.eu\\\/about-partners\\\/\"]}]},{\"@type\":\"ImageObject\",\"inLanguage\":\"es\",\"@id\":\"https:\\\/\\\/jointstories.eu\\\/about-partners\\\/#primaryimage\",\"url\":\"https:\\\/\\\/jointstories.eu\\\/wp-content\\\/uploads\\\/2023\\\/04\\\/MAribor.png\",\"contentUrl\":\"https:\\\/\\\/jointstories.eu\\\/wp-content\\\/uploads\\\/2023\\\/04\\\/MAribor.png\"},{\"@type\":\"BreadcrumbList\",\"@id\":\"https:\\\/\\\/jointstories.eu\\\/about-partners\\\/#breadcrumb\",\"itemListElement\":[{\"@type\":\"ListItem\",\"position\":1,\"name\":\"Portada\",\"item\":\"https:\\\/\\\/jointstories.eu\\\/\"},{\"@type\":\"ListItem\",\"position\":2,\"name\":\"Partners\"}]},{\"@type\":\"WebSite\",\"@id\":\"https:\\\/\\\/jointstories.eu\\\/#website\",\"url\":\"https:\\\/\\\/jointstories.eu\\\/\",\"name\":\"JeS\",\"description\":\"Joint Stories: Journeys from fear to fair\",\"publisher\":{\"@id\":\"https:\\\/\\\/jointstories.eu\\\/#organization\"},\"potentialAction\":[{\"@type\":\"SearchAction\",\"target\":{\"@type\":\"EntryPoint\",\"urlTemplate\":\"https:\\\/\\\/jointstories.eu\\\/?s={search_term_string}\"},\"query-input\":{\"@type\":\"PropertyValueSpecification\",\"valueRequired\":true,\"valueName\":\"search_term_string\"}}],\"inLanguage\":\"es\"},{\"@type\":\"Organization\",\"@id\":\"https:\\\/\\\/jointstories.eu\\\/#organization\",\"name\":\"JeS\",\"url\":\"https:\\\/\\\/jointstories.eu\\\/\",\"logo\":{\"@type\":\"ImageObject\",\"inLanguage\":\"es\",\"@id\":\"https:\\\/\\\/jointstories.eu\\\/#\\\/schema\\\/logo\\\/image\\\/\",\"url\":\"https:\\\/\\\/jointstories.eu\\\/wp-content\\\/uploads\\\/2022\\\/05\\\/LogoHomeRestart1920x960.png\",\"contentUrl\":\"https:\\\/\\\/jointstories.eu\\\/wp-content\\\/uploads\\\/2022\\\/05\\\/LogoHomeRestart1920x960.png\",\"width\":1920,\"height\":960,\"caption\":\"JeS\"},\"image\":{\"@id\":\"https:\\\/\\\/jointstories.eu\\\/#\\\/schema\\\/logo\\\/image\\\/\"},\"sameAs\":[\"https:\\\/\\\/www.facebook.com\\\/RestARTcreativity\\\/\",\"https:\\\/\\\/x.com\\\/restartproject4\",\"https:\\\/\\\/www.instagram.com\\\/rest.artproject\\\/\",\"https:\\\/\\\/www.youtube.com\\\/channel\\\/UCn2A6wwqZxKR5Ss_sj4aBrQ\"]}]}<\/script>\n<!-- \/ Yoast SEO plugin. -->","yoast_head_json":{"title":"Socios - JeS","description":"Obtenga m\u00e1s informaci\u00f3n sobre la colaboraci\u00f3n del Proyecto JeS con socios internacionales como la Universidad de Maribor, Laurea y la Plataforma Europea de Migrantes para promover la concienciaci\u00f3n sobre los derechos humanos, abordar la trata de personas y apoyar la integraci\u00f3n de los migrantes a trav\u00e9s de enfoques educativos innovadores y participaci\u00f3n comunitaria.","robots":{"index":"index","follow":"follow","max-snippet":"max-snippet:-1","max-image-preview":"max-image-preview:large","max-video-preview":"max-video-preview:-1"},"canonical":"https:\/\/jointstories.eu\/es\/about-partners\/","og_locale":"es_ES","og_type":"article","og_title":"Partners - JeS","og_description":"Learn about the JeS Project's collaboration with international partners like the University of Maribor, Laurea, and the European Migrant Platform to promote human rights awareness, tackle human trafficking, and support migrant integration through innovative educational approaches and community engagement.","og_url":"https:\/\/jointstories.eu\/es\/about-partners\/","og_site_name":"JeS","article_publisher":"https:\/\/www.facebook.com\/RestARTcreativity\/","article_modified_time":"2025-12-22T13:22:11+00:00","og_image":[{"url":"https:\/\/jointstories.eu\/wp-content\/uploads\/2023\/04\/MAribor.png","type":"","width":"","height":""}],"twitter_card":"summary_large_image","twitter_site":"@restartproject4","twitter_misc":{"Tiempo de lectura":"10 minutos"},"schema":{"@context":"https:\/\/schema.org","@graph":[{"@type":"WebPage","@id":"https:\/\/jointstories.eu\/about-partners\/","url":"https:\/\/jointstories.eu\/about-partners\/","name":"Socios - JeS","isPartOf":{"@id":"https:\/\/jointstories.eu\/#website"},"primaryImageOfPage":{"@id":"https:\/\/jointstories.eu\/about-partners\/#primaryimage"},"image":{"@id":"https:\/\/jointstories.eu\/about-partners\/#primaryimage"},"thumbnailUrl":"https:\/\/jointstories.eu\/wp-content\/uploads\/2023\/04\/MAribor.png","datePublished":"2017-10-20T12:57:11+00:00","dateModified":"2025-12-22T13:22:11+00:00","description":"Obtenga m\u00e1s informaci\u00f3n sobre la colaboraci\u00f3n del Proyecto JeS con socios internacionales como la Universidad de Maribor, Laurea y la Plataforma Europea de Migrantes para promover la concienciaci\u00f3n sobre los derechos humanos, abordar la trata de personas y apoyar la integraci\u00f3n de los migrantes a trav\u00e9s de enfoques educativos innovadores y participaci\u00f3n comunitaria.","breadcrumb":{"@id":"https:\/\/jointstories.eu\/about-partners\/#breadcrumb"},"inLanguage":"es","potentialAction":[{"@type":"ReadAction","target":["https:\/\/jointstories.eu\/about-partners\/"]}]},{"@type":"ImageObject","inLanguage":"es","@id":"https:\/\/jointstories.eu\/about-partners\/#primaryimage","url":"https:\/\/jointstories.eu\/wp-content\/uploads\/2023\/04\/MAribor.png","contentUrl":"https:\/\/jointstories.eu\/wp-content\/uploads\/2023\/04\/MAribor.png"},{"@type":"BreadcrumbList","@id":"https:\/\/jointstories.eu\/about-partners\/#breadcrumb","itemListElement":[{"@type":"ListItem","position":1,"name":"Portada","item":"https:\/\/jointstories.eu\/"},{"@type":"ListItem","position":2,"name":"Partners"}]},{"@type":"WebSite","@id":"https:\/\/jointstories.eu\/#website","url":"https:\/\/jointstories.eu\/","name":"JeS","description":"Historias conjuntas: viajes del miedo a la feria","publisher":{"@id":"https:\/\/jointstories.eu\/#organization"},"potentialAction":[{"@type":"SearchAction","target":{"@type":"EntryPoint","urlTemplate":"https:\/\/jointstories.eu\/?s={search_term_string}"},"query-input":{"@type":"PropertyValueSpecification","valueRequired":true,"valueName":"search_term_string"}}],"inLanguage":"es"},{"@type":"Organization","@id":"https:\/\/jointstories.eu\/#organization","name":"JeS","url":"https:\/\/jointstories.eu\/","logo":{"@type":"ImageObject","inLanguage":"es","@id":"https:\/\/jointstories.eu\/#\/schema\/logo\/image\/","url":"https:\/\/jointstories.eu\/wp-content\/uploads\/2022\/05\/LogoHomeRestart1920x960.png","contentUrl":"https:\/\/jointstories.eu\/wp-content\/uploads\/2022\/05\/LogoHomeRestart1920x960.png","width":1920,"height":960,"caption":"JeS"},"image":{"@id":"https:\/\/jointstories.eu\/#\/schema\/logo\/image\/"},"sameAs":["https:\/\/www.facebook.com\/RestARTcreativity\/","https:\/\/x.com\/restartproject4","https:\/\/www.instagram.com\/rest.artproject\/","https:\/\/www.youtube.com\/channel\/UCn2A6wwqZxKR5Ss_sj4aBrQ"]}]}},"_links":{"self":[{"href":"https:\/\/jointstories.eu\/es\/wp-json\/wp\/v2\/pages\/2","targetHints":{"allow":["GET"]}}],"collection":[{"href":"https:\/\/jointstories.eu\/es\/wp-json\/wp\/v2\/pages"}],"about":[{"href":"https:\/\/jointstories.eu\/es\/wp-json\/wp\/v2\/types\/page"}],"author":[{"embeddable":true,"href":"https:\/\/jointstories.eu\/es\/wp-json\/wp\/v2\/users\/8"}],"replies":[{"embeddable":true,"href":"https:\/\/jointstories.eu\/es\/wp-json\/wp\/v2\/comments?post=2"}],"version-history":[{"count":120,"href":"https:\/\/jointstories.eu\/es\/wp-json\/wp\/v2\/pages\/2\/revisions"}],"predecessor-version":[{"id":5031,"href":"https:\/\/jointstories.eu\/es\/wp-json\/wp\/v2\/pages\/2\/revisions\/5031"}],"wp:attachment":[{"href":"https:\/\/jointstories.eu\/es\/wp-json\/wp\/v2\/media?parent=2"}],"curies":[{"name":"gracias","href":"https:\/\/api.w.org\/{rel}","templated":true}]}}